{"id":63598,"date":"2022-05-30T15:08:52","date_gmt":"2022-05-30T13:08:52","guid":{"rendered":"\/?post_type=presentes&#038;p=63598"},"modified":"2022-05-30T15:08:53","modified_gmt":"2022-05-30T13:08:53","slug":"edu-comelles-puerto-de-silla-gola-del-pujol","status":"publish","type":"presentes","link":"https:\/\/ivam.es\/es\/presentes\/edu-comelles-puerto-de-silla-gola-del-pujol\/","title":{"rendered":"EDU COMELLES: \u201cPUERTO DE SILLA\u201d, \u201cGOLA DEL PUJOL\u201d"},"content":{"rendered":"\n<h1 class=\"text-left\">EDU COMELLES: \u201cPUERTO DE SILLA\u201d, \u201cGOLA DEL PUJOL\u201d<\/h1>\n\n\n\n<h3 class=\"text-left\">Orange Country, IHab020, 2010.<\/h3>\n\n\n\n<div style=\"height:30px\" aria-hidden=\"true\" class=\"wp-block-spacer\"><\/div>\n\n\n\n<div class=\"wp-block-group alignfull has-background\" style=\"background-color:#f5f5f5\"><div class=\"wp-block-group__inner-container is-layout-flow wp-block-group-is-layout-flow\">\n<div class=\"wp-block-columns are-vertically-aligned-center is-layout-flex wp-container-core-columns-is-layout-9d6595d7 wp-block-columns-is-layout-flex\">\n<div class=\"wp-block-column is-vertically-aligned-center is-layout-flow wp-block-column-is-layout-flow\">\n<figure class=\"wp-block-image size-large\"><a href=\"\/wp-content\/uploads\/050_Presentes-Densos_Foto-Miguel-Lorenzo-scaled.jpg\"><img loading=\"lazy\" decoding=\"async\" width=\"1024\" height=\"683\" src=\"\/wp-content\/uploads\/050_Presentes-Densos_Foto-Miguel-Lorenzo-1024x683.jpg\" alt=\"\" class=\"wp-image-59208\" srcset=\"https:\/\/ivam.es\/wp-content\/uploads\/050_Presentes-Densos_Foto-Miguel-Lorenzo-1024x683.jpg 1024w, https:\/\/ivam.es\/wp-content\/uploads\/050_Presentes-Densos_Foto-Miguel-Lorenzo-300x200.jpg 300w, https:\/\/ivam.es\/wp-content\/uploads\/050_Presentes-Densos_Foto-Miguel-Lorenzo-768x512.jpg 768w, https:\/\/ivam.es\/wp-content\/uploads\/050_Presentes-Densos_Foto-Miguel-Lorenzo-1536x1024.jpg 1536w, https:\/\/ivam.es\/wp-content\/uploads\/050_Presentes-Densos_Foto-Miguel-Lorenzo-2048x1365.jpg 2048w, https:\/\/ivam.es\/wp-content\/uploads\/050_Presentes-Densos_Foto-Miguel-Lorenzo-280x187.jpg 280w, https:\/\/ivam.es\/wp-content\/uploads\/050_Presentes-Densos_Foto-Miguel-Lorenzo-467x311.jpg 467w, https:\/\/ivam.es\/wp-content\/uploads\/050_Presentes-Densos_Foto-Miguel-Lorenzo-231x154.jpg 231w, https:\/\/ivam.es\/wp-content\/uploads\/050_Presentes-Densos_Foto-Miguel-Lorenzo-500x333.jpg 500w\" sizes=\"auto, (max-width: 1024px) 100vw, 1024px\" \/><\/a><\/figure>\n<\/div>\n\n\n\n<div class=\"wp-block-column is-vertically-aligned-center is-layout-flow wp-block-column-is-layout-flow\">\n<p>Edu Comelles vive y trabaja en Val\u00e8ncia; es artista, m\u00fasico y gestor cultural. Su trabajo a\u00fana el arte sonoro, la producci\u00f3n musical y el dise\u00f1o de sonido en distintos \u00e1mbitos de la cultura. Ha coordinado tres sesiones de los talleres de paisaje sonoro y grabaci\u00f3n de campo de la segunda edici\u00f3n de <em>Presentes densos<\/em>.&nbsp;<\/p>\n\n\n\n<p>Compartimos en nuestra web, ahora, dos piezas incluidas en su \u00e1lbum <em>Orange Country <\/em>(2010): \u201cPuerto de Silla\u201d y \u201cGola del Pujol\u201d, que remiten a dos localizaciones que forman parte del territorio de la Albufera.&nbsp;<\/p>\n\n\n\n<p><em>Orange Country<\/em> es el resultado de varias grabaciones realizadas entre octubre de 2009 y agosto de 2010. El \u00e1lbum se presenta como una combinaci\u00f3n de composiciones de paisajes sonoros y grabaciones de campo no editadas capturadas en Val\u00e8ncia y tambi\u00e9n en Tarragona. Todas las composiciones son, de alguna manera, retratos sonoros de diferentes lugares.&nbsp;<\/p>\n\n\n\n<div class=\"wp-block-buttons is-layout-flex wp-block-buttons-is-layout-flex\">\n<div class=\"wp-block-button is-style-is-wide\"><a class=\"wp-block-button__link has-yellow-background-color has-background no-border-radius\" href=\"https:\/\/educomelles.bandcamp.com\/album\/orange-country\"><strong>Orange Country<\/strong><\/a><\/div>\n<\/div>\n<\/div>\n<\/div>\n<\/div><\/div>\n","protected":false},"featured_media":59208,"template":"","tag_presentes":[359],"places":[],"cat_presentes":[343],"class_list":["post-63598","presentes","type-presentes","status-publish","has-post-thumbnail","hentry","tag_presentes-audio-es","cat_presentes-fonoceno-es"],"yoast_head":"<!-- This site is optimized with the Yoast SEO plugin v26.0 - https:\/\/yoast.com\/wordpress\/plugins\/seo\/ -->\n<title>EDU COMELLES: \u201cPUERTO DE SILLA\u201d, \u201cGOLA DEL PUJOL\u201d - IVAM<\/title>\n<meta name=\"robots\" content=\"noindex, follow\" \/>\n<meta property=\"og:locale\" content=\"es_ES\" \/>\n<meta property=\"og:type\" content=\"article\" \/>\n<meta property=\"og:title\" content=\"EDU COMELLES: \u201cPUERTO DE SILLA\u201d, \u201cGOLA DEL PUJOL\u201d - IVAM\" \/>\n<meta property=\"og:description\" content=\"EDU COMELLES: \u201cPUERTO DE SILLA\u201d, \u201cGOLA DEL PUJOL\u201d Orange Country, IHab020, 2010. Edu Comelles vive y trabaja en Val\u00e8ncia; es artista, m\u00fasico y gestor cultural. Su trabajo a\u00fana el arte sonoro, la producci\u00f3n musical y el dise\u00f1o de sonido en distintos \u00e1mbitos de la cultura. Ha coordinado tres sesiones de los talleres de paisaje sonoro [&hellip;]\" \/>\n<meta property=\"og:url\" content=\"https:\/\/ivam.es\/es\/presentes\/edu-comelles-puerto-de-silla-gola-del-pujol\/\" \/>\n<meta property=\"og:site_name\" content=\"IVAM\" \/>\n<meta property=\"article:modified_time\" content=\"2022-05-30T13:08:53+00:00\" \/>\n<meta property=\"og:image\" content=\"https:\/\/ivam.es\/wp-content\/uploads\/050_Presentes-Densos_Foto-Miguel-Lorenzo-scaled.jpg\" \/>\n\t<meta property=\"og:image:width\" content=\"2560\" \/>\n\t<meta property=\"og:image:height\" content=\"1706\" \/>\n\t<meta property=\"og:image:type\" content=\"image\/jpeg\" \/>\n<meta name=\"twitter:card\" content=\"summary_large_image\" \/>\n<meta name=\"twitter:label1\" content=\"Tiempo de lectura\" \/>\n\t<meta name=\"twitter:data1\" content=\"1 minuto\" \/>\n<script type=\"application\/ld+json\" class=\"yoast-schema-graph\">{\"@context\":\"https:\/\/schema.org\",\"@graph\":[{\"@type\":\"WebPage\",\"@id\":\"https:\/\/ivam.es\/es\/presentes\/edu-comelles-puerto-de-silla-gola-del-pujol\/\",\"url\":\"https:\/\/ivam.es\/es\/presentes\/edu-comelles-puerto-de-silla-gola-del-pujol\/\",\"name\":\"EDU COMELLES: \u201cPUERTO DE SILLA\u201d, \u201cGOLA DEL PUJOL\u201d - IVAM\",\"isPartOf\":{\"@id\":\"https:\/\/ivam.es\/es\/#website\"},\"primaryImageOfPage\":{\"@id\":\"https:\/\/ivam.es\/es\/presentes\/edu-comelles-puerto-de-silla-gola-del-pujol\/#primaryimage\"},\"image\":{\"@id\":\"https:\/\/ivam.es\/es\/presentes\/edu-comelles-puerto-de-silla-gola-del-pujol\/#primaryimage\"},\"thumbnailUrl\":\"https:\/\/ivam.es\/wp-content\/uploads\/050_Presentes-Densos_Foto-Miguel-Lorenzo-scaled.jpg\",\"datePublished\":\"2022-05-30T13:08:52+00:00\",\"dateModified\":\"2022-05-30T13:08:53+00:00\",\"breadcrumb\":{\"@id\":\"https:\/\/ivam.es\/es\/presentes\/edu-comelles-puerto-de-silla-gola-del-pujol\/#breadcrumb\"},\"inLanguage\":\"es\",\"potentialAction\":[{\"@type\":\"ReadAction\",\"target\":[\"https:\/\/ivam.es\/es\/presentes\/edu-comelles-puerto-de-silla-gola-del-pujol\/\"]}]},{\"@type\":\"ImageObject\",\"inLanguage\":\"es\",\"@id\":\"https:\/\/ivam.es\/es\/presentes\/edu-comelles-puerto-de-silla-gola-del-pujol\/#primaryimage\",\"url\":\"https:\/\/ivam.es\/wp-content\/uploads\/050_Presentes-Densos_Foto-Miguel-Lorenzo-scaled.jpg\",\"contentUrl\":\"https:\/\/ivam.es\/wp-content\/uploads\/050_Presentes-Densos_Foto-Miguel-Lorenzo-scaled.jpg\",\"width\":2560,\"height\":1706,\"caption\":\"IVAM 22\/1\/2022 - Actividades. Presentes Densos. En torno a las artes de vivir en un planeta herido. Parque Natural de la Albufera Fotograf\u00edas Miguel Lorenzo\"},{\"@type\":\"BreadcrumbList\",\"@id\":\"https:\/\/ivam.es\/es\/presentes\/edu-comelles-puerto-de-silla-gola-del-pujol\/#breadcrumb\",\"itemListElement\":[{\"@type\":\"ListItem\",\"position\":1,\"name\":\"Home\",\"item\":\"https:\/\/ivam.es\/es\/\"},{\"@type\":\"ListItem\",\"position\":2,\"name\":\"EDU COMELLES: \u201cPUERTO DE SILLA\u201d, \u201cGOLA DEL PUJOL\u201d\"}]},{\"@type\":\"WebSite\",\"@id\":\"https:\/\/ivam.es\/es\/#website\",\"url\":\"https:\/\/ivam.es\/es\/\",\"name\":\"IVAM\",\"description\":\"Institut Valenci\u00e0 d&#039;Art Modern\",\"publisher\":{\"@id\":\"https:\/\/ivam.es\/es\/#organization\"},\"potentialAction\":[{\"@type\":\"SearchAction\",\"target\":{\"@type\":\"EntryPoint\",\"urlTemplate\":\"https:\/\/ivam.es\/es\/?s={search_term_string}\"},\"query-input\":{\"@type\":\"PropertyValueSpecification\",\"valueRequired\":true,\"valueName\":\"search_term_string\"}}],\"inLanguage\":\"es\"},{\"@type\":\"Organization\",\"@id\":\"https:\/\/ivam.es\/es\/#organization\",\"name\":\"IVAM\",\"url\":\"https:\/\/ivam.es\/es\/\",\"logo\":{\"@type\":\"ImageObject\",\"inLanguage\":\"es\",\"@id\":\"https:\/\/ivam.es\/es\/#\/schema\/logo\/image\/\",\"url\":\"https:\/\/ivam.es\/wp-content\/uploads\/logo-ok-512.png\",\"contentUrl\":\"https:\/\/ivam.es\/wp-content\/uploads\/logo-ok-512.png\",\"width\":512,\"height\":512,\"caption\":\"IVAM\"},\"image\":{\"@id\":\"https:\/\/ivam.es\/es\/#\/schema\/logo\/image\/\"}}]}<\/script>\n<!-- \/ Yoast SEO plugin. -->","yoast_head_json":{"title":"EDU COMELLES: \u201cPUERTO DE SILLA\u201d, \u201cGOLA DEL PUJOL\u201d - IVAM","robots":{"index":"noindex","follow":"follow"},"og_locale":"es_ES","og_type":"article","og_title":"EDU COMELLES: \u201cPUERTO DE SILLA\u201d, \u201cGOLA DEL PUJOL\u201d - IVAM","og_description":"EDU COMELLES: \u201cPUERTO DE SILLA\u201d, \u201cGOLA DEL PUJOL\u201d Orange Country, IHab020, 2010. Edu Comelles vive y trabaja en Val\u00e8ncia; es artista, m\u00fasico y gestor cultural. Su trabajo a\u00fana el arte sonoro, la producci\u00f3n musical y el dise\u00f1o de sonido en distintos \u00e1mbitos de la cultura. Ha coordinado tres sesiones de los talleres de paisaje sonoro [&hellip;]","og_url":"https:\/\/ivam.es\/es\/presentes\/edu-comelles-puerto-de-silla-gola-del-pujol\/","og_site_name":"IVAM","article_modified_time":"2022-05-30T13:08:53+00:00","og_image":[{"width":2560,"height":1706,"url":"https:\/\/ivam.es\/wp-content\/uploads\/050_Presentes-Densos_Foto-Miguel-Lorenzo-scaled.jpg","type":"image\/jpeg"}],"twitter_card":"summary_large_image","twitter_misc":{"Tiempo de lectura":"1 minuto"},"schema":{"@context":"https:\/\/schema.org","@graph":[{"@type":"WebPage","@id":"https:\/\/ivam.es\/es\/presentes\/edu-comelles-puerto-de-silla-gola-del-pujol\/","url":"https:\/\/ivam.es\/es\/presentes\/edu-comelles-puerto-de-silla-gola-del-pujol\/","name":"EDU COMELLES: \u201cPUERTO DE SILLA\u201d, \u201cGOLA DEL PUJOL\u201d - IVAM","isPartOf":{"@id":"https:\/\/ivam.es\/es\/#website"},"primaryImageOfPage":{"@id":"https:\/\/ivam.es\/es\/presentes\/edu-comelles-puerto-de-silla-gola-del-pujol\/#primaryimage"},"image":{"@id":"https:\/\/ivam.es\/es\/presentes\/edu-comelles-puerto-de-silla-gola-del-pujol\/#primaryimage"},"thumbnailUrl":"https:\/\/ivam.es\/wp-content\/uploads\/050_Presentes-Densos_Foto-Miguel-Lorenzo-scaled.jpg","datePublished":"2022-05-30T13:08:52+00:00","dateModified":"2022-05-30T13:08:53+00:00","breadcrumb":{"@id":"https:\/\/ivam.es\/es\/presentes\/edu-comelles-puerto-de-silla-gola-del-pujol\/#breadcrumb"},"inLanguage":"es","potentialAction":[{"@type":"ReadAction","target":["https:\/\/ivam.es\/es\/presentes\/edu-comelles-puerto-de-silla-gola-del-pujol\/"]}]},{"@type":"ImageObject","inLanguage":"es","@id":"https:\/\/ivam.es\/es\/presentes\/edu-comelles-puerto-de-silla-gola-del-pujol\/#primaryimage","url":"https:\/\/ivam.es\/wp-content\/uploads\/050_Presentes-Densos_Foto-Miguel-Lorenzo-scaled.jpg","contentUrl":"https:\/\/ivam.es\/wp-content\/uploads\/050_Presentes-Densos_Foto-Miguel-Lorenzo-scaled.jpg","width":2560,"height":1706,"caption":"IVAM 22\/1\/2022 - Actividades. Presentes Densos. En torno a las artes de vivir en un planeta herido. Parque Natural de la Albufera Fotograf\u00edas Miguel Lorenzo"},{"@type":"BreadcrumbList","@id":"https:\/\/ivam.es\/es\/presentes\/edu-comelles-puerto-de-silla-gola-del-pujol\/#breadcrumb","itemListElement":[{"@type":"ListItem","position":1,"name":"Home","item":"https:\/\/ivam.es\/es\/"},{"@type":"ListItem","position":2,"name":"EDU COMELLES: \u201cPUERTO DE SILLA\u201d, \u201cGOLA DEL PUJOL\u201d"}]},{"@type":"WebSite","@id":"https:\/\/ivam.es\/es\/#website","url":"https:\/\/ivam.es\/es\/","name":"IVAM","description":"Institut Valenci\u00e0 d&#039;Art Modern","publisher":{"@id":"https:\/\/ivam.es\/es\/#organization"},"potentialAction":[{"@type":"SearchAction","target":{"@type":"EntryPoint","urlTemplate":"https:\/\/ivam.es\/es\/?s={search_term_string}"},"query-input":{"@type":"PropertyValueSpecification","valueRequired":true,"valueName":"search_term_string"}}],"inLanguage":"es"},{"@type":"Organization","@id":"https:\/\/ivam.es\/es\/#organization","name":"IVAM","url":"https:\/\/ivam.es\/es\/","logo":{"@type":"ImageObject","inLanguage":"es","@id":"https:\/\/ivam.es\/es\/#\/schema\/logo\/image\/","url":"https:\/\/ivam.es\/wp-content\/uploads\/logo-ok-512.png","contentUrl":"https:\/\/ivam.es\/wp-content\/uploads\/logo-ok-512.png","width":512,"height":512,"caption":"IVAM"},"image":{"@id":"https:\/\/ivam.es\/es\/#\/schema\/logo\/image\/"}}]}},"_links":{"self":[{"href":"https:\/\/ivam.es\/es\/wp-json\/wp\/v2\/presentes\/63598","targetHints":{"allow":["GET"]}}],"collection":[{"href":"https:\/\/ivam.es\/es\/wp-json\/wp\/v2\/presentes"}],"about":[{"href":"https:\/\/ivam.es\/es\/wp-json\/wp\/v2\/types\/presentes"}],"wp:featuredmedia":[{"embeddable":true,"href":"https:\/\/ivam.es\/es\/wp-json\/wp\/v2\/media\/59208"}],"wp:attachment":[{"href":"https:\/\/ivam.es\/es\/wp-json\/wp\/v2\/media?parent=63598"}],"wp:term":[{"taxonomy":"tag_presentes","embeddable":true,"href":"https:\/\/ivam.es\/es\/wp-json\/wp\/v2\/tag_presentes?post=63598"},{"taxonomy":"places","embeddable":true,"href":"https:\/\/ivam.es\/es\/wp-json\/wp\/v2\/places?post=63598"},{"taxonomy":"cat_presentes","embeddable":true,"href":"https:\/\/ivam.es\/es\/wp-json\/wp\/v2\/cat_presentes?post=63598"}],"curies":[{"name":"wp","href":"https:\/\/api.w.org\/{rel}","templated":true}]}}