{"id":63576,"date":"2022-05-27T17:47:48","date_gmt":"2022-05-27T15:47:48","guid":{"rendered":"\/?post_type=presentes&#038;p=63576"},"modified":"2022-05-27T17:47:49","modified_gmt":"2022-05-27T15:47:49","slug":"xoan-xil-lopez-la-escucha-multiple","status":"publish","type":"presentes","link":"https:\/\/ivam.es\/es\/presentes\/xoan-xil-lopez-la-escucha-multiple\/","title":{"rendered":"XO\u00c1N-XIL L\u00d3PEZ: \u201cLA ESCUCHA M\u00daLTIPLE\u201d"},"content":{"rendered":"\n<h1 class=\"text-left\">XO\u00c1N-XIL L\u00d3PEZ: \u201cLA ESCUCHA M\u00daLTIPLE\u201d<\/h1>\n\n\n\n<h3 class=\"text-left\">Revista Quintana n.\u00ba 8, 2009.<\/h3>\n\n\n\n<div style=\"height:30px\" aria-hidden=\"true\" class=\"wp-block-spacer\"><\/div>\n\n\n\n<div class=\"wp-block-group alignfull has-background\" style=\"background-color:#f5f5f5\"><div class=\"wp-block-group__inner-container is-layout-flow wp-block-group-is-layout-flow\">\n<div class=\"wp-block-columns are-vertically-aligned-center is-layout-flex wp-container-core-columns-is-layout-9d6595d7 wp-block-columns-is-layout-flex\">\n<div class=\"wp-block-column is-vertically-aligned-center is-layout-flow wp-block-column-is-layout-flow\">\n<figure class=\"wp-block-image size-large\"><a href=\"\/wp-content\/uploads\/presentes\/ars-sonora-pauline-oliveros-y-la-deep-listening\/IMG_9352-scaled.jpg\"><img loading=\"lazy\" decoding=\"async\" width=\"1024\" height=\"683\" src=\"\/wp-content\/uploads\/presentes\/ars-sonora-pauline-oliveros-y-la-deep-listening\/IMG_9352-1024x683.jpg\" alt=\"\" class=\"wp-image-63575\" srcset=\"https:\/\/ivam.es\/wp-content\/uploads\/presentes\/ars-sonora-pauline-oliveros-y-la-deep-listening\/IMG_9352-1024x683.jpg 1024w, https:\/\/ivam.es\/wp-content\/uploads\/presentes\/ars-sonora-pauline-oliveros-y-la-deep-listening\/IMG_9352-300x200.jpg 300w, https:\/\/ivam.es\/wp-content\/uploads\/presentes\/ars-sonora-pauline-oliveros-y-la-deep-listening\/IMG_9352-768x512.jpg 768w, https:\/\/ivam.es\/wp-content\/uploads\/presentes\/ars-sonora-pauline-oliveros-y-la-deep-listening\/IMG_9352-1536x1024.jpg 1536w, https:\/\/ivam.es\/wp-content\/uploads\/presentes\/ars-sonora-pauline-oliveros-y-la-deep-listening\/IMG_9352-2048x1365.jpg 2048w, https:\/\/ivam.es\/wp-content\/uploads\/presentes\/ars-sonora-pauline-oliveros-y-la-deep-listening\/IMG_9352-280x187.jpg 280w, https:\/\/ivam.es\/wp-content\/uploads\/presentes\/ars-sonora-pauline-oliveros-y-la-deep-listening\/IMG_9352-467x311.jpg 467w, https:\/\/ivam.es\/wp-content\/uploads\/presentes\/ars-sonora-pauline-oliveros-y-la-deep-listening\/IMG_9352-231x154.jpg 231w, https:\/\/ivam.es\/wp-content\/uploads\/presentes\/ars-sonora-pauline-oliveros-y-la-deep-listening\/IMG_9352-500x333.jpg 500w\" sizes=\"auto, (max-width: 1024px) 100vw, 1024px\" \/><\/a><\/figure>\n<\/div>\n\n\n\n<div class=\"wp-block-column is-vertically-aligned-center is-layout-flow wp-block-column-is-layout-flow\">\n<p>Muchos de los esfuerzos realizados en los \u00faltimos a\u00f1os desde la reflexi\u00f3n y la pr\u00e1ctica sonora han mostrado especial inter\u00e9s por la distancia que existe entre el escuchar y la escucha, cuestionando, de este modo, la idea de una percepci\u00f3n neutra, \u00fanica. Su intenci\u00f3n es estudiar el proceso por el que los sonidos adquieren diferentes significados (ya sea individual, hist\u00f3rica, social o culturalmente) para comprender, en definitiva, c\u00f3mo intervienen en la configuraci\u00f3n de nuestra realidad cotidiana y c\u00f3mo nos relacionamos con ellos.<\/p>\n\n\n\n<p>Esta preocupaci\u00f3n ha dado lugar a la apertura de nuevos espacios de trabajo que, con mayor o menor precisi\u00f3n, parecen confluir bajo el inter\u00e9s multidisciplinar del paisaje sonoro, al tiempo que surge la necesidad de replantearse, desde el \u2018t\u00edmpano\u2019, las bases epistemol\u00f3gicas de disciplinas como la antropolog\u00eda (Steven Feld) o la historia (Alain Corbin), trazando as\u00ed nuevas genealog\u00edas de lo sonoro.<\/p>\n\n\n\n<p>(Foto: Pablo Vera)<\/p>\n\n\n\n<div class=\"wp-block-buttons is-layout-flex wp-block-buttons-is-layout-flex\">\n<div class=\"wp-block-button is-style-is-wide\"><a class=\"wp-block-button__link has-yellow-background-color has-background no-border-radius\" href=\"https:\/\/minerva.usc.es\/xmlui\/bitstream\/handle\/10347\/6485\/pg_310-313_quintana8.pdf?sequence=1&amp;isAllowed=y\"><strong>\u00a0La escucha m\u00faltiple<\/strong><\/a><\/div>\n<\/div>\n<\/div>\n<\/div>\n<\/div><\/div>\n","protected":false},"featured_media":63575,"template":"","tag_presentes":[342],"places":[],"cat_presentes":[343],"class_list":["post-63576","presentes","type-presentes","status-publish","has-post-thumbnail","hentry","tag_presentes-texto-es","cat_presentes-fonoceno-es"],"yoast_head":"<!-- This site is optimized with the Yoast SEO plugin v26.0 - https:\/\/yoast.com\/wordpress\/plugins\/seo\/ -->\n<title>XO\u00c1N-XIL L\u00d3PEZ: \u201cLA ESCUCHA M\u00daLTIPLE\u201d - IVAM<\/title>\n<meta name=\"robots\" content=\"noindex, follow\" \/>\n<meta property=\"og:locale\" content=\"es_ES\" \/>\n<meta property=\"og:type\" content=\"article\" \/>\n<meta property=\"og:title\" content=\"XO\u00c1N-XIL L\u00d3PEZ: \u201cLA ESCUCHA M\u00daLTIPLE\u201d - IVAM\" \/>\n<meta property=\"og:description\" content=\"XO\u00c1N-XIL L\u00d3PEZ: \u201cLA ESCUCHA M\u00daLTIPLE\u201d Revista Quintana n.\u00ba 8, 2009. Muchos de los esfuerzos realizados en los \u00faltimos a\u00f1os desde la reflexi\u00f3n y la pr\u00e1ctica sonora han mostrado especial inter\u00e9s por la distancia que existe entre el escuchar y la escucha, cuestionando, de este modo, la idea de una percepci\u00f3n neutra, \u00fanica. Su intenci\u00f3n es [&hellip;]\" \/>\n<meta property=\"og:url\" content=\"https:\/\/ivam.es\/es\/presentes\/xoan-xil-lopez-la-escucha-multiple\/\" \/>\n<meta property=\"og:site_name\" content=\"IVAM\" \/>\n<meta property=\"article:modified_time\" content=\"2022-05-27T15:47:49+00:00\" \/>\n<meta property=\"og:image\" content=\"https:\/\/ivam.es\/wp-content\/uploads\/presentes\/ars-sonora-pauline-oliveros-y-la-deep-listening\/IMG_9352-scaled.jpg\" \/>\n\t<meta property=\"og:image:width\" content=\"2560\" \/>\n\t<meta property=\"og:image:height\" content=\"1707\" \/>\n\t<meta property=\"og:image:type\" content=\"image\/jpeg\" \/>\n<meta name=\"twitter:card\" content=\"summary_large_image\" \/>\n<meta name=\"twitter:label1\" content=\"Tiempo de lectura\" \/>\n\t<meta name=\"twitter:data1\" content=\"1 minuto\" \/>\n<script type=\"application\/ld+json\" class=\"yoast-schema-graph\">{\"@context\":\"https:\/\/schema.org\",\"@graph\":[{\"@type\":\"WebPage\",\"@id\":\"https:\/\/ivam.es\/es\/presentes\/xoan-xil-lopez-la-escucha-multiple\/\",\"url\":\"https:\/\/ivam.es\/es\/presentes\/xoan-xil-lopez-la-escucha-multiple\/\",\"name\":\"XO\u00c1N-XIL L\u00d3PEZ: \u201cLA ESCUCHA M\u00daLTIPLE\u201d - IVAM\",\"isPartOf\":{\"@id\":\"https:\/\/ivam.es\/es\/#website\"},\"primaryImageOfPage\":{\"@id\":\"https:\/\/ivam.es\/es\/presentes\/xoan-xil-lopez-la-escucha-multiple\/#primaryimage\"},\"image\":{\"@id\":\"https:\/\/ivam.es\/es\/presentes\/xoan-xil-lopez-la-escucha-multiple\/#primaryimage\"},\"thumbnailUrl\":\"https:\/\/ivam.es\/wp-content\/uploads\/presentes\/ars-sonora-pauline-oliveros-y-la-deep-listening\/IMG_9352-scaled.jpg\",\"datePublished\":\"2022-05-27T15:47:48+00:00\",\"dateModified\":\"2022-05-27T15:47:49+00:00\",\"breadcrumb\":{\"@id\":\"https:\/\/ivam.es\/es\/presentes\/xoan-xil-lopez-la-escucha-multiple\/#breadcrumb\"},\"inLanguage\":\"es\",\"potentialAction\":[{\"@type\":\"ReadAction\",\"target\":[\"https:\/\/ivam.es\/es\/presentes\/xoan-xil-lopez-la-escucha-multiple\/\"]}]},{\"@type\":\"ImageObject\",\"inLanguage\":\"es\",\"@id\":\"https:\/\/ivam.es\/es\/presentes\/xoan-xil-lopez-la-escucha-multiple\/#primaryimage\",\"url\":\"https:\/\/ivam.es\/wp-content\/uploads\/presentes\/ars-sonora-pauline-oliveros-y-la-deep-listening\/IMG_9352-scaled.jpg\",\"contentUrl\":\"https:\/\/ivam.es\/wp-content\/uploads\/presentes\/ars-sonora-pauline-oliveros-y-la-deep-listening\/IMG_9352-scaled.jpg\",\"width\":2560,\"height\":1707},{\"@type\":\"BreadcrumbList\",\"@id\":\"https:\/\/ivam.es\/es\/presentes\/xoan-xil-lopez-la-escucha-multiple\/#breadcrumb\",\"itemListElement\":[{\"@type\":\"ListItem\",\"position\":1,\"name\":\"Home\",\"item\":\"https:\/\/ivam.es\/es\/\"},{\"@type\":\"ListItem\",\"position\":2,\"name\":\"XO\u00c1N-XIL L\u00d3PEZ: \u201cLA ESCUCHA M\u00daLTIPLE\u201d\"}]},{\"@type\":\"WebSite\",\"@id\":\"https:\/\/ivam.es\/es\/#website\",\"url\":\"https:\/\/ivam.es\/es\/\",\"name\":\"IVAM\",\"description\":\"Institut Valenci\u00e0 d&#039;Art Modern\",\"publisher\":{\"@id\":\"https:\/\/ivam.es\/es\/#organization\"},\"potentialAction\":[{\"@type\":\"SearchAction\",\"target\":{\"@type\":\"EntryPoint\",\"urlTemplate\":\"https:\/\/ivam.es\/es\/?s={search_term_string}\"},\"query-input\":{\"@type\":\"PropertyValueSpecification\",\"valueRequired\":true,\"valueName\":\"search_term_string\"}}],\"inLanguage\":\"es\"},{\"@type\":\"Organization\",\"@id\":\"https:\/\/ivam.es\/es\/#organization\",\"name\":\"IVAM\",\"url\":\"https:\/\/ivam.es\/es\/\",\"logo\":{\"@type\":\"ImageObject\",\"inLanguage\":\"es\",\"@id\":\"https:\/\/ivam.es\/es\/#\/schema\/logo\/image\/\",\"url\":\"https:\/\/ivam.es\/wp-content\/uploads\/logo-ok-512.png\",\"contentUrl\":\"https:\/\/ivam.es\/wp-content\/uploads\/logo-ok-512.png\",\"width\":512,\"height\":512,\"caption\":\"IVAM\"},\"image\":{\"@id\":\"https:\/\/ivam.es\/es\/#\/schema\/logo\/image\/\"}}]}<\/script>\n<!-- \/ Yoast SEO plugin. -->","yoast_head_json":{"title":"XO\u00c1N-XIL L\u00d3PEZ: \u201cLA ESCUCHA M\u00daLTIPLE\u201d - IVAM","robots":{"index":"noindex","follow":"follow"},"og_locale":"es_ES","og_type":"article","og_title":"XO\u00c1N-XIL L\u00d3PEZ: \u201cLA ESCUCHA M\u00daLTIPLE\u201d - IVAM","og_description":"XO\u00c1N-XIL L\u00d3PEZ: \u201cLA ESCUCHA M\u00daLTIPLE\u201d Revista Quintana n.\u00ba 8, 2009. Muchos de los esfuerzos realizados en los \u00faltimos a\u00f1os desde la reflexi\u00f3n y la pr\u00e1ctica sonora han mostrado especial inter\u00e9s por la distancia que existe entre el escuchar y la escucha, cuestionando, de este modo, la idea de una percepci\u00f3n neutra, \u00fanica. Su intenci\u00f3n es [&hellip;]","og_url":"https:\/\/ivam.es\/es\/presentes\/xoan-xil-lopez-la-escucha-multiple\/","og_site_name":"IVAM","article_modified_time":"2022-05-27T15:47:49+00:00","og_image":[{"width":2560,"height":1707,"url":"https:\/\/ivam.es\/wp-content\/uploads\/presentes\/ars-sonora-pauline-oliveros-y-la-deep-listening\/IMG_9352-scaled.jpg","type":"image\/jpeg"}],"twitter_card":"summary_large_image","twitter_misc":{"Tiempo de lectura":"1 minuto"},"schema":{"@context":"https:\/\/schema.org","@graph":[{"@type":"WebPage","@id":"https:\/\/ivam.es\/es\/presentes\/xoan-xil-lopez-la-escucha-multiple\/","url":"https:\/\/ivam.es\/es\/presentes\/xoan-xil-lopez-la-escucha-multiple\/","name":"XO\u00c1N-XIL L\u00d3PEZ: \u201cLA ESCUCHA M\u00daLTIPLE\u201d - IVAM","isPartOf":{"@id":"https:\/\/ivam.es\/es\/#website"},"primaryImageOfPage":{"@id":"https:\/\/ivam.es\/es\/presentes\/xoan-xil-lopez-la-escucha-multiple\/#primaryimage"},"image":{"@id":"https:\/\/ivam.es\/es\/presentes\/xoan-xil-lopez-la-escucha-multiple\/#primaryimage"},"thumbnailUrl":"https:\/\/ivam.es\/wp-content\/uploads\/presentes\/ars-sonora-pauline-oliveros-y-la-deep-listening\/IMG_9352-scaled.jpg","datePublished":"2022-05-27T15:47:48+00:00","dateModified":"2022-05-27T15:47:49+00:00","breadcrumb":{"@id":"https:\/\/ivam.es\/es\/presentes\/xoan-xil-lopez-la-escucha-multiple\/#breadcrumb"},"inLanguage":"es","potentialAction":[{"@type":"ReadAction","target":["https:\/\/ivam.es\/es\/presentes\/xoan-xil-lopez-la-escucha-multiple\/"]}]},{"@type":"ImageObject","inLanguage":"es","@id":"https:\/\/ivam.es\/es\/presentes\/xoan-xil-lopez-la-escucha-multiple\/#primaryimage","url":"https:\/\/ivam.es\/wp-content\/uploads\/presentes\/ars-sonora-pauline-oliveros-y-la-deep-listening\/IMG_9352-scaled.jpg","contentUrl":"https:\/\/ivam.es\/wp-content\/uploads\/presentes\/ars-sonora-pauline-oliveros-y-la-deep-listening\/IMG_9352-scaled.jpg","width":2560,"height":1707},{"@type":"BreadcrumbList","@id":"https:\/\/ivam.es\/es\/presentes\/xoan-xil-lopez-la-escucha-multiple\/#breadcrumb","itemListElement":[{"@type":"ListItem","position":1,"name":"Home","item":"https:\/\/ivam.es\/es\/"},{"@type":"ListItem","position":2,"name":"XO\u00c1N-XIL L\u00d3PEZ: \u201cLA ESCUCHA M\u00daLTIPLE\u201d"}]},{"@type":"WebSite","@id":"https:\/\/ivam.es\/es\/#website","url":"https:\/\/ivam.es\/es\/","name":"IVAM","description":"Institut Valenci\u00e0 d&#039;Art Modern","publisher":{"@id":"https:\/\/ivam.es\/es\/#organization"},"potentialAction":[{"@type":"SearchAction","target":{"@type":"EntryPoint","urlTemplate":"https:\/\/ivam.es\/es\/?s={search_term_string}"},"query-input":{"@type":"PropertyValueSpecification","valueRequired":true,"valueName":"search_term_string"}}],"inLanguage":"es"},{"@type":"Organization","@id":"https:\/\/ivam.es\/es\/#organization","name":"IVAM","url":"https:\/\/ivam.es\/es\/","logo":{"@type":"ImageObject","inLanguage":"es","@id":"https:\/\/ivam.es\/es\/#\/schema\/logo\/image\/","url":"https:\/\/ivam.es\/wp-content\/uploads\/logo-ok-512.png","contentUrl":"https:\/\/ivam.es\/wp-content\/uploads\/logo-ok-512.png","width":512,"height":512,"caption":"IVAM"},"image":{"@id":"https:\/\/ivam.es\/es\/#\/schema\/logo\/image\/"}}]}},"_links":{"self":[{"href":"https:\/\/ivam.es\/es\/wp-json\/wp\/v2\/presentes\/63576","targetHints":{"allow":["GET"]}}],"collection":[{"href":"https:\/\/ivam.es\/es\/wp-json\/wp\/v2\/presentes"}],"about":[{"href":"https:\/\/ivam.es\/es\/wp-json\/wp\/v2\/types\/presentes"}],"wp:featuredmedia":[{"embeddable":true,"href":"https:\/\/ivam.es\/es\/wp-json\/wp\/v2\/media\/63575"}],"wp:attachment":[{"href":"https:\/\/ivam.es\/es\/wp-json\/wp\/v2\/media?parent=63576"}],"wp:term":[{"taxonomy":"tag_presentes","embeddable":true,"href":"https:\/\/ivam.es\/es\/wp-json\/wp\/v2\/tag_presentes?post=63576"},{"taxonomy":"places","embeddable":true,"href":"https:\/\/ivam.es\/es\/wp-json\/wp\/v2\/places?post=63576"},{"taxonomy":"cat_presentes","embeddable":true,"href":"https:\/\/ivam.es\/es\/wp-json\/wp\/v2\/cat_presentes?post=63576"}],"curies":[{"name":"wp","href":"https:\/\/api.w.org\/{rel}","templated":true}]}}