{"id":63570,"date":"2022-05-27T17:32:23","date_gmt":"2022-05-27T15:32:23","guid":{"rendered":"\/?post_type=presentes&#038;p=63570"},"modified":"2022-05-27T17:32:24","modified_gmt":"2022-05-27T15:32:24","slug":"ars-sonora-pauline-oliveros-y-la-deep-listening","status":"publish","type":"presentes","link":"https:\/\/ivam.es\/es\/presentes\/ars-sonora-pauline-oliveros-y-la-deep-listening\/","title":{"rendered":"ARS SONORA: \u201cPAULINE OLIVEROS Y LA DEEP LISTENING\u201d"},"content":{"rendered":"\n<h1 class=\"text-left\">ARS SONORA: \u201cPAULINE OLIVEROS Y LA DEEP LISTENING\u201d<\/h1>\n\n\n\n<h3 class=\"text-left\">rograma Ars Sonora, Miguel \u00c1lvarez-Fern\u00e1ndez, RTVE, Play Radio (2\/11\/19)<\/h3>\n\n\n\n<div style=\"height:30px\" aria-hidden=\"true\" class=\"wp-block-spacer\"><\/div>\n\n\n\n<div class=\"wp-block-group alignfull has-background\" style=\"background-color:#f5f5f5\"><div class=\"wp-block-group__inner-container is-layout-flow wp-block-group-is-layout-flow\">\n<div class=\"wp-block-columns are-vertically-aligned-center is-layout-flex wp-container-core-columns-is-layout-9d6595d7 wp-block-columns-is-layout-flex\">\n<div class=\"wp-block-column is-vertically-aligned-center is-layout-flow wp-block-column-is-layout-flow\">\n<figure class=\"wp-block-image size-large\"><a href=\"\/wp-content\/uploads\/016_Presentes-Densos_Foto-Miguel-Lorenzo-scaled.jpg\"><img loading=\"lazy\" decoding=\"async\" width=\"1024\" height=\"683\" src=\"\/wp-content\/uploads\/016_Presentes-Densos_Foto-Miguel-Lorenzo-1024x683.jpg\" alt=\"\" class=\"wp-image-59344\" srcset=\"https:\/\/ivam.es\/wp-content\/uploads\/016_Presentes-Densos_Foto-Miguel-Lorenzo-1024x683.jpg 1024w, https:\/\/ivam.es\/wp-content\/uploads\/016_Presentes-Densos_Foto-Miguel-Lorenzo-300x200.jpg 300w, https:\/\/ivam.es\/wp-content\/uploads\/016_Presentes-Densos_Foto-Miguel-Lorenzo-768x512.jpg 768w, https:\/\/ivam.es\/wp-content\/uploads\/016_Presentes-Densos_Foto-Miguel-Lorenzo-1536x1024.jpg 1536w, https:\/\/ivam.es\/wp-content\/uploads\/016_Presentes-Densos_Foto-Miguel-Lorenzo-2048x1365.jpg 2048w, https:\/\/ivam.es\/wp-content\/uploads\/016_Presentes-Densos_Foto-Miguel-Lorenzo-280x187.jpg 280w, https:\/\/ivam.es\/wp-content\/uploads\/016_Presentes-Densos_Foto-Miguel-Lorenzo-467x311.jpg 467w, https:\/\/ivam.es\/wp-content\/uploads\/016_Presentes-Densos_Foto-Miguel-Lorenzo-231x154.jpg 231w, https:\/\/ivam.es\/wp-content\/uploads\/016_Presentes-Densos_Foto-Miguel-Lorenzo-500x333.jpg 500w\" sizes=\"auto, (max-width: 1024px) 100vw, 1024px\" \/><\/a><\/figure>\n<\/div>\n\n\n\n<div class=\"wp-block-column is-vertically-aligned-center is-layout-flow wp-block-column-is-layout-flow\">\n<p>En este programa de <em>Ars Sonora<\/em> se presenta la traducci\u00f3n al espa\u00f1ol del libro <em>Deep Listening. Una pr\u00e1ctica para la composici\u00f3n sonora<\/em>, de Pauline Oliveros (1932-2016). Pionera de la m\u00fasica electr\u00f3nica, compositora, int\u00e9rprete de acorde\u00f3n, investigadora y profesora, Oliveros dedic\u00f3 su vida a desarrollar y ense\u00f1ar la pr\u00e1ctica conocida como <em>Deep Listening<\/em> o \u00abEscucha profunda\u00bb. Tambi\u00e9n fund\u00f3, junto a Ram\u00f3n Sender y Morton Subotnick, el San Francisco Tape Center, y ejerci\u00f3 su magisterio tanto en el Instituto Polit\u00e9cnico Rensselaer, en Troy (Nueva York), como en el Mills College de Oakland (California), adem\u00e1s de organizar numerosos talleres y residencias espec\u00edficamente enfocados a profundizar en las posibilidades de la escucha.<\/p>\n\n\n\n<p><em>Deep Listening. Una pr\u00e1ctica para la composici\u00f3n sonora<\/em> (EdictOr\u00e0lia, 2019) recoge las ideas fundamentales del legado art\u00edstico y pedag\u00f3gico de Oliveros. Se trata de un libro dirigido no solamente a compositores y artistas sonoros. Est\u00e1 pensado tambi\u00e9n para int\u00e9rpretes, estudiantes, docentes y, en definitiva, para cualquier persona interesada en profundizar en el fen\u00f3meno de la escucha creativa, consciente, que desee comprender la m\u00fasica experimental de nuestra \u00e9poca. Desde esta perspectiva, la obra representa un compendio de maneras de escuchar y \u00absonar\u00bb, que proporciona numerosas claves acerca de c\u00f3mo nuestra consciencia puede verse afectada por la profunda atenci\u00f3n al ambiente sonoro que nos rodea.<\/p>\n\n\n\n<div class=\"wp-block-buttons is-layout-flex wp-block-buttons-is-layout-flex\">\n<div class=\"wp-block-button is-style-is-wide\"><a class=\"wp-block-button__link has-yellow-background-color has-background no-border-radius\" href=\"https:\/\/www.rtve.es\/play\/audios\/ars-sonora\/ars-sonora-deep-listening-pauline-oliveros-sergio-sanchez-02-11-19\/5431659\/\"><strong>Deep Listening<\/strong><\/a><\/div>\n<\/div>\n<\/div>\n<\/div>\n<\/div><\/div>\n","protected":false},"featured_media":59344,"template":"","tag_presentes":[359],"places":[],"cat_presentes":[343],"class_list":["post-63570","presentes","type-presentes","status-publish","has-post-thumbnail","hentry","tag_presentes-audio-es","cat_presentes-fonoceno-es"],"yoast_head":"<!-- This site is optimized with the Yoast SEO plugin v26.0 - https:\/\/yoast.com\/wordpress\/plugins\/seo\/ -->\n<title>ARS SONORA: \u201cPAULINE OLIVEROS Y LA DEEP LISTENING\u201d - IVAM<\/title>\n<meta name=\"robots\" content=\"noindex, follow\" \/>\n<meta property=\"og:locale\" content=\"es_ES\" \/>\n<meta property=\"og:type\" content=\"article\" \/>\n<meta property=\"og:title\" content=\"ARS SONORA: \u201cPAULINE OLIVEROS Y LA DEEP LISTENING\u201d - IVAM\" \/>\n<meta property=\"og:description\" content=\"ARS SONORA: \u201cPAULINE OLIVEROS Y LA DEEP LISTENING\u201d rograma Ars Sonora, Miguel \u00c1lvarez-Fern\u00e1ndez, RTVE, Play Radio (2\/11\/19) En este programa de Ars Sonora se presenta la traducci\u00f3n al espa\u00f1ol del libro Deep Listening. Una pr\u00e1ctica para la composici\u00f3n sonora, de Pauline Oliveros (1932-2016). Pionera de la m\u00fasica electr\u00f3nica, compositora, int\u00e9rprete de acorde\u00f3n, investigadora y profesora, [&hellip;]\" \/>\n<meta property=\"og:url\" content=\"https:\/\/ivam.es\/es\/presentes\/ars-sonora-pauline-oliveros-y-la-deep-listening\/\" \/>\n<meta property=\"og:site_name\" content=\"IVAM\" \/>\n<meta property=\"article:modified_time\" content=\"2022-05-27T15:32:24+00:00\" \/>\n<meta property=\"og:image\" content=\"https:\/\/ivam.es\/wp-content\/uploads\/016_Presentes-Densos_Foto-Miguel-Lorenzo-scaled.jpg\" \/>\n\t<meta property=\"og:image:width\" content=\"2560\" \/>\n\t<meta property=\"og:image:height\" content=\"1706\" \/>\n\t<meta property=\"og:image:type\" content=\"image\/jpeg\" \/>\n<meta name=\"twitter:card\" content=\"summary_large_image\" \/>\n<meta name=\"twitter:label1\" content=\"Tiempo de lectura\" \/>\n\t<meta name=\"twitter:data1\" content=\"1 minuto\" \/>\n<script type=\"application\/ld+json\" class=\"yoast-schema-graph\">{\"@context\":\"https:\/\/schema.org\",\"@graph\":[{\"@type\":\"WebPage\",\"@id\":\"https:\/\/ivam.es\/es\/presentes\/ars-sonora-pauline-oliveros-y-la-deep-listening\/\",\"url\":\"https:\/\/ivam.es\/es\/presentes\/ars-sonora-pauline-oliveros-y-la-deep-listening\/\",\"name\":\"ARS SONORA: \u201cPAULINE OLIVEROS Y LA DEEP LISTENING\u201d - IVAM\",\"isPartOf\":{\"@id\":\"https:\/\/ivam.es\/es\/#website\"},\"primaryImageOfPage\":{\"@id\":\"https:\/\/ivam.es\/es\/presentes\/ars-sonora-pauline-oliveros-y-la-deep-listening\/#primaryimage\"},\"image\":{\"@id\":\"https:\/\/ivam.es\/es\/presentes\/ars-sonora-pauline-oliveros-y-la-deep-listening\/#primaryimage\"},\"thumbnailUrl\":\"https:\/\/ivam.es\/wp-content\/uploads\/016_Presentes-Densos_Foto-Miguel-Lorenzo-scaled.jpg\",\"datePublished\":\"2022-05-27T15:32:23+00:00\",\"dateModified\":\"2022-05-27T15:32:24+00:00\",\"breadcrumb\":{\"@id\":\"https:\/\/ivam.es\/es\/presentes\/ars-sonora-pauline-oliveros-y-la-deep-listening\/#breadcrumb\"},\"inLanguage\":\"es\",\"potentialAction\":[{\"@type\":\"ReadAction\",\"target\":[\"https:\/\/ivam.es\/es\/presentes\/ars-sonora-pauline-oliveros-y-la-deep-listening\/\"]}]},{\"@type\":\"ImageObject\",\"inLanguage\":\"es\",\"@id\":\"https:\/\/ivam.es\/es\/presentes\/ars-sonora-pauline-oliveros-y-la-deep-listening\/#primaryimage\",\"url\":\"https:\/\/ivam.es\/wp-content\/uploads\/016_Presentes-Densos_Foto-Miguel-Lorenzo-scaled.jpg\",\"contentUrl\":\"https:\/\/ivam.es\/wp-content\/uploads\/016_Presentes-Densos_Foto-Miguel-Lorenzo-scaled.jpg\",\"width\":2560,\"height\":1706,\"caption\":\"IVAM 22\/1\/2022 - Actividades. Presentes Densos. En torno a las artes de vivir en un planeta herido. Centro de Interpretaci\u00f3n Rac\u00f3 de L'Olla - Parque Natural de l'Albufera Fotograf\u00edas Miguel Lorenzo\"},{\"@type\":\"BreadcrumbList\",\"@id\":\"https:\/\/ivam.es\/es\/presentes\/ars-sonora-pauline-oliveros-y-la-deep-listening\/#breadcrumb\",\"itemListElement\":[{\"@type\":\"ListItem\",\"position\":1,\"name\":\"Home\",\"item\":\"https:\/\/ivam.es\/es\/\"},{\"@type\":\"ListItem\",\"position\":2,\"name\":\"ARS SONORA: \u201cPAULINE OLIVEROS Y LA DEEP LISTENING\u201d\"}]},{\"@type\":\"WebSite\",\"@id\":\"https:\/\/ivam.es\/es\/#website\",\"url\":\"https:\/\/ivam.es\/es\/\",\"name\":\"IVAM\",\"description\":\"Institut Valenci\u00e0 d&#039;Art Modern\",\"publisher\":{\"@id\":\"https:\/\/ivam.es\/es\/#organization\"},\"potentialAction\":[{\"@type\":\"SearchAction\",\"target\":{\"@type\":\"EntryPoint\",\"urlTemplate\":\"https:\/\/ivam.es\/es\/?s={search_term_string}\"},\"query-input\":{\"@type\":\"PropertyValueSpecification\",\"valueRequired\":true,\"valueName\":\"search_term_string\"}}],\"inLanguage\":\"es\"},{\"@type\":\"Organization\",\"@id\":\"https:\/\/ivam.es\/es\/#organization\",\"name\":\"IVAM\",\"url\":\"https:\/\/ivam.es\/es\/\",\"logo\":{\"@type\":\"ImageObject\",\"inLanguage\":\"es\",\"@id\":\"https:\/\/ivam.es\/es\/#\/schema\/logo\/image\/\",\"url\":\"https:\/\/ivam.es\/wp-content\/uploads\/logo-ok-512.png\",\"contentUrl\":\"https:\/\/ivam.es\/wp-content\/uploads\/logo-ok-512.png\",\"width\":512,\"height\":512,\"caption\":\"IVAM\"},\"image\":{\"@id\":\"https:\/\/ivam.es\/es\/#\/schema\/logo\/image\/\"}}]}<\/script>\n<!-- \/ Yoast SEO plugin. -->","yoast_head_json":{"title":"ARS SONORA: \u201cPAULINE OLIVEROS Y LA DEEP LISTENING\u201d - IVAM","robots":{"index":"noindex","follow":"follow"},"og_locale":"es_ES","og_type":"article","og_title":"ARS SONORA: \u201cPAULINE OLIVEROS Y LA DEEP LISTENING\u201d - IVAM","og_description":"ARS SONORA: \u201cPAULINE OLIVEROS Y LA DEEP LISTENING\u201d rograma Ars Sonora, Miguel \u00c1lvarez-Fern\u00e1ndez, RTVE, Play Radio (2\/11\/19) En este programa de Ars Sonora se presenta la traducci\u00f3n al espa\u00f1ol del libro Deep Listening. Una pr\u00e1ctica para la composici\u00f3n sonora, de Pauline Oliveros (1932-2016). Pionera de la m\u00fasica electr\u00f3nica, compositora, int\u00e9rprete de acorde\u00f3n, investigadora y profesora, [&hellip;]","og_url":"https:\/\/ivam.es\/es\/presentes\/ars-sonora-pauline-oliveros-y-la-deep-listening\/","og_site_name":"IVAM","article_modified_time":"2022-05-27T15:32:24+00:00","og_image":[{"width":2560,"height":1706,"url":"https:\/\/ivam.es\/wp-content\/uploads\/016_Presentes-Densos_Foto-Miguel-Lorenzo-scaled.jpg","type":"image\/jpeg"}],"twitter_card":"summary_large_image","twitter_misc":{"Tiempo de lectura":"1 minuto"},"schema":{"@context":"https:\/\/schema.org","@graph":[{"@type":"WebPage","@id":"https:\/\/ivam.es\/es\/presentes\/ars-sonora-pauline-oliveros-y-la-deep-listening\/","url":"https:\/\/ivam.es\/es\/presentes\/ars-sonora-pauline-oliveros-y-la-deep-listening\/","name":"ARS SONORA: \u201cPAULINE OLIVEROS Y LA DEEP LISTENING\u201d - IVAM","isPartOf":{"@id":"https:\/\/ivam.es\/es\/#website"},"primaryImageOfPage":{"@id":"https:\/\/ivam.es\/es\/presentes\/ars-sonora-pauline-oliveros-y-la-deep-listening\/#primaryimage"},"image":{"@id":"https:\/\/ivam.es\/es\/presentes\/ars-sonora-pauline-oliveros-y-la-deep-listening\/#primaryimage"},"thumbnailUrl":"https:\/\/ivam.es\/wp-content\/uploads\/016_Presentes-Densos_Foto-Miguel-Lorenzo-scaled.jpg","datePublished":"2022-05-27T15:32:23+00:00","dateModified":"2022-05-27T15:32:24+00:00","breadcrumb":{"@id":"https:\/\/ivam.es\/es\/presentes\/ars-sonora-pauline-oliveros-y-la-deep-listening\/#breadcrumb"},"inLanguage":"es","potentialAction":[{"@type":"ReadAction","target":["https:\/\/ivam.es\/es\/presentes\/ars-sonora-pauline-oliveros-y-la-deep-listening\/"]}]},{"@type":"ImageObject","inLanguage":"es","@id":"https:\/\/ivam.es\/es\/presentes\/ars-sonora-pauline-oliveros-y-la-deep-listening\/#primaryimage","url":"https:\/\/ivam.es\/wp-content\/uploads\/016_Presentes-Densos_Foto-Miguel-Lorenzo-scaled.jpg","contentUrl":"https:\/\/ivam.es\/wp-content\/uploads\/016_Presentes-Densos_Foto-Miguel-Lorenzo-scaled.jpg","width":2560,"height":1706,"caption":"IVAM 22\/1\/2022 - Actividades. Presentes Densos. En torno a las artes de vivir en un planeta herido. Centro de Interpretaci\u00f3n Rac\u00f3 de L'Olla - Parque Natural de l'Albufera Fotograf\u00edas Miguel Lorenzo"},{"@type":"BreadcrumbList","@id":"https:\/\/ivam.es\/es\/presentes\/ars-sonora-pauline-oliveros-y-la-deep-listening\/#breadcrumb","itemListElement":[{"@type":"ListItem","position":1,"name":"Home","item":"https:\/\/ivam.es\/es\/"},{"@type":"ListItem","position":2,"name":"ARS SONORA: \u201cPAULINE OLIVEROS Y LA DEEP LISTENING\u201d"}]},{"@type":"WebSite","@id":"https:\/\/ivam.es\/es\/#website","url":"https:\/\/ivam.es\/es\/","name":"IVAM","description":"Institut Valenci\u00e0 d&#039;Art Modern","publisher":{"@id":"https:\/\/ivam.es\/es\/#organization"},"potentialAction":[{"@type":"SearchAction","target":{"@type":"EntryPoint","urlTemplate":"https:\/\/ivam.es\/es\/?s={search_term_string}"},"query-input":{"@type":"PropertyValueSpecification","valueRequired":true,"valueName":"search_term_string"}}],"inLanguage":"es"},{"@type":"Organization","@id":"https:\/\/ivam.es\/es\/#organization","name":"IVAM","url":"https:\/\/ivam.es\/es\/","logo":{"@type":"ImageObject","inLanguage":"es","@id":"https:\/\/ivam.es\/es\/#\/schema\/logo\/image\/","url":"https:\/\/ivam.es\/wp-content\/uploads\/logo-ok-512.png","contentUrl":"https:\/\/ivam.es\/wp-content\/uploads\/logo-ok-512.png","width":512,"height":512,"caption":"IVAM"},"image":{"@id":"https:\/\/ivam.es\/es\/#\/schema\/logo\/image\/"}}]}},"_links":{"self":[{"href":"https:\/\/ivam.es\/es\/wp-json\/wp\/v2\/presentes\/63570","targetHints":{"allow":["GET"]}}],"collection":[{"href":"https:\/\/ivam.es\/es\/wp-json\/wp\/v2\/presentes"}],"about":[{"href":"https:\/\/ivam.es\/es\/wp-json\/wp\/v2\/types\/presentes"}],"wp:featuredmedia":[{"embeddable":true,"href":"https:\/\/ivam.es\/es\/wp-json\/wp\/v2\/media\/59344"}],"wp:attachment":[{"href":"https:\/\/ivam.es\/es\/wp-json\/wp\/v2\/media?parent=63570"}],"wp:term":[{"taxonomy":"tag_presentes","embeddable":true,"href":"https:\/\/ivam.es\/es\/wp-json\/wp\/v2\/tag_presentes?post=63570"},{"taxonomy":"places","embeddable":true,"href":"https:\/\/ivam.es\/es\/wp-json\/wp\/v2\/places?post=63570"},{"taxonomy":"cat_presentes","embeddable":true,"href":"https:\/\/ivam.es\/es\/wp-json\/wp\/v2\/cat_presentes?post=63570"}],"curies":[{"name":"wp","href":"https:\/\/api.w.org\/{rel}","templated":true}]}}