{"id":59742,"date":"2022-02-03T14:41:39","date_gmt":"2022-02-03T12:41:39","guid":{"rendered":"\/?post_type=presentes&#038;p=59742"},"modified":"2022-02-09T14:58:20","modified_gmt":"2022-02-09T12:58:20","slug":"programa-de-educacion-ambiental-del-parque-natural-de-la-albufera","status":"publish","type":"presentes","link":"https:\/\/ivam.es\/es\/presentes\/programa-de-educacion-ambiental-del-parque-natural-de-la-albufera\/","title":{"rendered":"Programa de Educaci\u00f3n Ambiental del Parque Natural de la Albufera"},"content":{"rendered":"\n<h1 class=\"text-left\">Programa de Educaci\u00f3n Ambiental del Parque Natural de la Albufera<\/h1>\n\n\n\n<h2 class=\"text-left\">Conselleria de Agricultura, Desarrollo Rural, Emergencia Clim\u00e1tica y Transici\u00f3n Ecol\u00f3gica (GVA)<\/h2>\n\n\n\n<div class=\"wp-block-group alignfull has-background\" style=\"background-color:#f5f5f5\"><div class=\"wp-block-group__inner-container is-layout-flow wp-block-group-is-layout-flow\">\n<div class=\"wp-block-media-text is-stacked-on-mobile\"><figure class=\"wp-block-media-text__media\"><img loading=\"lazy\" decoding=\"async\" width=\"1024\" height=\"683\" src=\"\/wp-content\/uploads\/018_Presentes-Densos_Foto-Miguel-Lorenzo-1024x683.jpg\" alt=\"\" class=\"wp-image-59351 size-full\" srcset=\"https:\/\/ivam.es\/wp-content\/uploads\/018_Presentes-Densos_Foto-Miguel-Lorenzo-1024x683.jpg 1024w, https:\/\/ivam.es\/wp-content\/uploads\/018_Presentes-Densos_Foto-Miguel-Lorenzo-300x200.jpg 300w, https:\/\/ivam.es\/wp-content\/uploads\/018_Presentes-Densos_Foto-Miguel-Lorenzo-768x512.jpg 768w, https:\/\/ivam.es\/wp-content\/uploads\/018_Presentes-Densos_Foto-Miguel-Lorenzo-1536x1024.jpg 1536w, https:\/\/ivam.es\/wp-content\/uploads\/018_Presentes-Densos_Foto-Miguel-Lorenzo-2048x1365.jpg 2048w, https:\/\/ivam.es\/wp-content\/uploads\/018_Presentes-Densos_Foto-Miguel-Lorenzo-280x187.jpg 280w, https:\/\/ivam.es\/wp-content\/uploads\/018_Presentes-Densos_Foto-Miguel-Lorenzo-467x311.jpg 467w, https:\/\/ivam.es\/wp-content\/uploads\/018_Presentes-Densos_Foto-Miguel-Lorenzo-231x154.jpg 231w, https:\/\/ivam.es\/wp-content\/uploads\/018_Presentes-Densos_Foto-Miguel-Lorenzo-500x333.jpg 500w\" sizes=\"auto, (max-width: 1024px) 100vw, 1024px\" \/><\/figure><div class=\"wp-block-media-text__content\">\n<p>La Conselleria de Agricultura, Desarrollo Rural, Emergencia Clim\u00e1tica y Transici\u00f3n Ecol\u00f3gica de la Generalitat Valenciana pone al alcance de la ciudadan\u00eda un conjunto de materiales informativos sobre el Parque Natural de la Albufera de Val\u00e8ncia. Entre estos materiales encontramos el \u00abPrograma de Educaci\u00f3n Ambiental\u00bb, que, junto a la serie de \u00abUnidades did\u00e1cticas\u00bb, puede ser implementado en contextos y centros educativos. El \u00abPrograma de Educaci\u00f3n Ambiental\u00bb&nbsp;puede servir para que los ni\u00f1os y las ni\u00f1as conozcan la Albufera a partir de actividades, juegos o din\u00e1micas grupales, siempre desde una perspectiva de cuidado hacia sus ecosistemas. \u00abLa Educaci\u00f3n Ambiental \u2014como leemos en el Programa\u2014 debe ser un proceso permanente, con acciones planificadas destinadas al conocimiento del medio y a la sensibilizaci\u00f3n con el objetivo de encontrar posibles soluciones a los problemas socioambientales que se presentan en el Parque Natural de la Albufera, dando lugar a un cambio en el comportamiento de las personas\u00bb.<\/p>\n\n\n\n<div class=\"wp-block-buttons is-layout-flex wp-block-buttons-is-layout-flex\">\n<div class=\"wp-block-button is-style-is-wide\"><a class=\"wp-block-button__link has-yellow-background-color has-background no-border-radius\" href=\"https:\/\/parquesnaturales.gva.es\/documents\/80302883\/174102700\/PROGRAMA+DE+EDUCACI%C3%93N+AMBIENTAL.pdf\/92587468-81f4-49b0-a89d-1fee8507ec05\"><strong>Programa Educaci\u00f3n Ambiental<\/strong><\/a><\/div>\n<\/div>\n<\/div><\/div>\n<\/div><\/div>\n","protected":false},"featured_media":59351,"template":"","tag_presentes":[342],"places":[],"cat_presentes":[349],"class_list":["post-59742","presentes","type-presentes","status-publish","has-post-thumbnail","hentry","tag_presentes-texto-es","cat_presentes-albufera-es"],"yoast_head":"<!-- This site is optimized with the Yoast SEO plugin v26.0 - https:\/\/yoast.com\/wordpress\/plugins\/seo\/ -->\n<title>Programa de Educaci\u00f3n Ambiental del Parque Natural de la Albufera - IVAM<\/title>\n<meta name=\"robots\" content=\"noindex, follow\" \/>\n<meta property=\"og:locale\" content=\"es_ES\" \/>\n<meta property=\"og:type\" content=\"article\" \/>\n<meta property=\"og:title\" content=\"Programa de Educaci\u00f3n Ambiental del Parque Natural de la Albufera - IVAM\" \/>\n<meta property=\"og:description\" content=\"Programa de Educaci\u00f3n Ambiental del Parque Natural de la Albufera Conselleria de Agricultura, Desarrollo Rural, Emergencia Clim\u00e1tica y Transici\u00f3n Ecol\u00f3gica (GVA) La Conselleria de Agricultura, Desarrollo Rural, Emergencia Clim\u00e1tica y Transici\u00f3n Ecol\u00f3gica de la Generalitat Valenciana pone al alcance de la ciudadan\u00eda un conjunto de materiales informativos sobre el Parque Natural de la Albufera de [&hellip;]\" \/>\n<meta property=\"og:url\" content=\"https:\/\/ivam.es\/es\/presentes\/programa-de-educacion-ambiental-del-parque-natural-de-la-albufera\/\" \/>\n<meta property=\"og:site_name\" content=\"IVAM\" \/>\n<meta property=\"article:modified_time\" content=\"2022-02-09T12:58:20+00:00\" \/>\n<meta property=\"og:image\" content=\"https:\/\/ivam.es\/wp-content\/uploads\/018_Presentes-Densos_Foto-Miguel-Lorenzo-scaled.jpg\" \/>\n\t<meta property=\"og:image:width\" content=\"2560\" \/>\n\t<meta property=\"og:image:height\" content=\"1706\" \/>\n\t<meta property=\"og:image:type\" content=\"image\/jpeg\" \/>\n<meta name=\"twitter:card\" content=\"summary_large_image\" \/>\n<meta name=\"twitter:label1\" content=\"Tiempo de lectura\" \/>\n\t<meta name=\"twitter:data1\" content=\"1 minuto\" \/>\n<script type=\"application\/ld+json\" class=\"yoast-schema-graph\">{\"@context\":\"https:\/\/schema.org\",\"@graph\":[{\"@type\":\"WebPage\",\"@id\":\"https:\/\/ivam.es\/es\/presentes\/programa-de-educacion-ambiental-del-parque-natural-de-la-albufera\/\",\"url\":\"https:\/\/ivam.es\/es\/presentes\/programa-de-educacion-ambiental-del-parque-natural-de-la-albufera\/\",\"name\":\"Programa de Educaci\u00f3n Ambiental del Parque Natural de la Albufera - IVAM\",\"isPartOf\":{\"@id\":\"https:\/\/ivam.es\/es\/#website\"},\"primaryImageOfPage\":{\"@id\":\"https:\/\/ivam.es\/es\/presentes\/programa-de-educacion-ambiental-del-parque-natural-de-la-albufera\/#primaryimage\"},\"image\":{\"@id\":\"https:\/\/ivam.es\/es\/presentes\/programa-de-educacion-ambiental-del-parque-natural-de-la-albufera\/#primaryimage\"},\"thumbnailUrl\":\"https:\/\/ivam.es\/wp-content\/uploads\/018_Presentes-Densos_Foto-Miguel-Lorenzo-scaled.jpg\",\"datePublished\":\"2022-02-03T12:41:39+00:00\",\"dateModified\":\"2022-02-09T12:58:20+00:00\",\"breadcrumb\":{\"@id\":\"https:\/\/ivam.es\/es\/presentes\/programa-de-educacion-ambiental-del-parque-natural-de-la-albufera\/#breadcrumb\"},\"inLanguage\":\"es\",\"potentialAction\":[{\"@type\":\"ReadAction\",\"target\":[\"https:\/\/ivam.es\/es\/presentes\/programa-de-educacion-ambiental-del-parque-natural-de-la-albufera\/\"]}]},{\"@type\":\"ImageObject\",\"inLanguage\":\"es\",\"@id\":\"https:\/\/ivam.es\/es\/presentes\/programa-de-educacion-ambiental-del-parque-natural-de-la-albufera\/#primaryimage\",\"url\":\"https:\/\/ivam.es\/wp-content\/uploads\/018_Presentes-Densos_Foto-Miguel-Lorenzo-scaled.jpg\",\"contentUrl\":\"https:\/\/ivam.es\/wp-content\/uploads\/018_Presentes-Densos_Foto-Miguel-Lorenzo-scaled.jpg\",\"width\":2560,\"height\":1706,\"caption\":\"IVAM 22\/1\/2022 - Actividades. Presentes Densos. En torno a las artes de vivir en un planeta herido. Centro de Interpretaci\u00f3n Rac\u00f3 de L'Olla - Parque Natural de l'Albufera Fotograf\u00edas Miguel Lorenzo\"},{\"@type\":\"BreadcrumbList\",\"@id\":\"https:\/\/ivam.es\/es\/presentes\/programa-de-educacion-ambiental-del-parque-natural-de-la-albufera\/#breadcrumb\",\"itemListElement\":[{\"@type\":\"ListItem\",\"position\":1,\"name\":\"Home\",\"item\":\"https:\/\/ivam.es\/es\/\"},{\"@type\":\"ListItem\",\"position\":2,\"name\":\"Programa de Educaci\u00f3n Ambiental del Parque Natural de la Albufera\"}]},{\"@type\":\"WebSite\",\"@id\":\"https:\/\/ivam.es\/es\/#website\",\"url\":\"https:\/\/ivam.es\/es\/\",\"name\":\"IVAM\",\"description\":\"Institut Valenci\u00e0 d&#039;Art Modern\",\"publisher\":{\"@id\":\"https:\/\/ivam.es\/es\/#organization\"},\"potentialAction\":[{\"@type\":\"SearchAction\",\"target\":{\"@type\":\"EntryPoint\",\"urlTemplate\":\"https:\/\/ivam.es\/es\/?s={search_term_string}\"},\"query-input\":{\"@type\":\"PropertyValueSpecification\",\"valueRequired\":true,\"valueName\":\"search_term_string\"}}],\"inLanguage\":\"es\"},{\"@type\":\"Organization\",\"@id\":\"https:\/\/ivam.es\/es\/#organization\",\"name\":\"IVAM\",\"url\":\"https:\/\/ivam.es\/es\/\",\"logo\":{\"@type\":\"ImageObject\",\"inLanguage\":\"es\",\"@id\":\"https:\/\/ivam.es\/es\/#\/schema\/logo\/image\/\",\"url\":\"https:\/\/ivam.es\/wp-content\/uploads\/logo-ok-512.png\",\"contentUrl\":\"https:\/\/ivam.es\/wp-content\/uploads\/logo-ok-512.png\",\"width\":512,\"height\":512,\"caption\":\"IVAM\"},\"image\":{\"@id\":\"https:\/\/ivam.es\/es\/#\/schema\/logo\/image\/\"}}]}<\/script>\n<!-- \/ Yoast SEO plugin. -->","yoast_head_json":{"title":"Programa de Educaci\u00f3n Ambiental del Parque Natural de la Albufera - IVAM","robots":{"index":"noindex","follow":"follow"},"og_locale":"es_ES","og_type":"article","og_title":"Programa de Educaci\u00f3n Ambiental del Parque Natural de la Albufera - IVAM","og_description":"Programa de Educaci\u00f3n Ambiental del Parque Natural de la Albufera Conselleria de Agricultura, Desarrollo Rural, Emergencia Clim\u00e1tica y Transici\u00f3n Ecol\u00f3gica (GVA) La Conselleria de Agricultura, Desarrollo Rural, Emergencia Clim\u00e1tica y Transici\u00f3n Ecol\u00f3gica de la Generalitat Valenciana pone al alcance de la ciudadan\u00eda un conjunto de materiales informativos sobre el Parque Natural de la Albufera de [&hellip;]","og_url":"https:\/\/ivam.es\/es\/presentes\/programa-de-educacion-ambiental-del-parque-natural-de-la-albufera\/","og_site_name":"IVAM","article_modified_time":"2022-02-09T12:58:20+00:00","og_image":[{"width":2560,"height":1706,"url":"https:\/\/ivam.es\/wp-content\/uploads\/018_Presentes-Densos_Foto-Miguel-Lorenzo-scaled.jpg","type":"image\/jpeg"}],"twitter_card":"summary_large_image","twitter_misc":{"Tiempo de lectura":"1 minuto"},"schema":{"@context":"https:\/\/schema.org","@graph":[{"@type":"WebPage","@id":"https:\/\/ivam.es\/es\/presentes\/programa-de-educacion-ambiental-del-parque-natural-de-la-albufera\/","url":"https:\/\/ivam.es\/es\/presentes\/programa-de-educacion-ambiental-del-parque-natural-de-la-albufera\/","name":"Programa de Educaci\u00f3n Ambiental del Parque Natural de la Albufera - IVAM","isPartOf":{"@id":"https:\/\/ivam.es\/es\/#website"},"primaryImageOfPage":{"@id":"https:\/\/ivam.es\/es\/presentes\/programa-de-educacion-ambiental-del-parque-natural-de-la-albufera\/#primaryimage"},"image":{"@id":"https:\/\/ivam.es\/es\/presentes\/programa-de-educacion-ambiental-del-parque-natural-de-la-albufera\/#primaryimage"},"thumbnailUrl":"https:\/\/ivam.es\/wp-content\/uploads\/018_Presentes-Densos_Foto-Miguel-Lorenzo-scaled.jpg","datePublished":"2022-02-03T12:41:39+00:00","dateModified":"2022-02-09T12:58:20+00:00","breadcrumb":{"@id":"https:\/\/ivam.es\/es\/presentes\/programa-de-educacion-ambiental-del-parque-natural-de-la-albufera\/#breadcrumb"},"inLanguage":"es","potentialAction":[{"@type":"ReadAction","target":["https:\/\/ivam.es\/es\/presentes\/programa-de-educacion-ambiental-del-parque-natural-de-la-albufera\/"]}]},{"@type":"ImageObject","inLanguage":"es","@id":"https:\/\/ivam.es\/es\/presentes\/programa-de-educacion-ambiental-del-parque-natural-de-la-albufera\/#primaryimage","url":"https:\/\/ivam.es\/wp-content\/uploads\/018_Presentes-Densos_Foto-Miguel-Lorenzo-scaled.jpg","contentUrl":"https:\/\/ivam.es\/wp-content\/uploads\/018_Presentes-Densos_Foto-Miguel-Lorenzo-scaled.jpg","width":2560,"height":1706,"caption":"IVAM 22\/1\/2022 - Actividades. Presentes Densos. En torno a las artes de vivir en un planeta herido. Centro de Interpretaci\u00f3n Rac\u00f3 de L'Olla - Parque Natural de l'Albufera Fotograf\u00edas Miguel Lorenzo"},{"@type":"BreadcrumbList","@id":"https:\/\/ivam.es\/es\/presentes\/programa-de-educacion-ambiental-del-parque-natural-de-la-albufera\/#breadcrumb","itemListElement":[{"@type":"ListItem","position":1,"name":"Home","item":"https:\/\/ivam.es\/es\/"},{"@type":"ListItem","position":2,"name":"Programa de Educaci\u00f3n Ambiental del Parque Natural de la Albufera"}]},{"@type":"WebSite","@id":"https:\/\/ivam.es\/es\/#website","url":"https:\/\/ivam.es\/es\/","name":"IVAM","description":"Institut Valenci\u00e0 d&#039;Art Modern","publisher":{"@id":"https:\/\/ivam.es\/es\/#organization"},"potentialAction":[{"@type":"SearchAction","target":{"@type":"EntryPoint","urlTemplate":"https:\/\/ivam.es\/es\/?s={search_term_string}"},"query-input":{"@type":"PropertyValueSpecification","valueRequired":true,"valueName":"search_term_string"}}],"inLanguage":"es"},{"@type":"Organization","@id":"https:\/\/ivam.es\/es\/#organization","name":"IVAM","url":"https:\/\/ivam.es\/es\/","logo":{"@type":"ImageObject","inLanguage":"es","@id":"https:\/\/ivam.es\/es\/#\/schema\/logo\/image\/","url":"https:\/\/ivam.es\/wp-content\/uploads\/logo-ok-512.png","contentUrl":"https:\/\/ivam.es\/wp-content\/uploads\/logo-ok-512.png","width":512,"height":512,"caption":"IVAM"},"image":{"@id":"https:\/\/ivam.es\/es\/#\/schema\/logo\/image\/"}}]}},"_links":{"self":[{"href":"https:\/\/ivam.es\/es\/wp-json\/wp\/v2\/presentes\/59742","targetHints":{"allow":["GET"]}}],"collection":[{"href":"https:\/\/ivam.es\/es\/wp-json\/wp\/v2\/presentes"}],"about":[{"href":"https:\/\/ivam.es\/es\/wp-json\/wp\/v2\/types\/presentes"}],"wp:featuredmedia":[{"embeddable":true,"href":"https:\/\/ivam.es\/es\/wp-json\/wp\/v2\/media\/59351"}],"wp:attachment":[{"href":"https:\/\/ivam.es\/es\/wp-json\/wp\/v2\/media?parent=59742"}],"wp:term":[{"taxonomy":"tag_presentes","embeddable":true,"href":"https:\/\/ivam.es\/es\/wp-json\/wp\/v2\/tag_presentes?post=59742"},{"taxonomy":"places","embeddable":true,"href":"https:\/\/ivam.es\/es\/wp-json\/wp\/v2\/places?post=59742"},{"taxonomy":"cat_presentes","embeddable":true,"href":"https:\/\/ivam.es\/es\/wp-json\/wp\/v2\/cat_presentes?post=59742"}],"curies":[{"name":"wp","href":"https:\/\/api.w.org\/{rel}","templated":true}]}}