{"id":946,"date":"2015-03-12T18:34:27","date_gmt":"2015-03-12T18:34:27","guid":{"rendered":"http:\/\/ivam.jomanetworks.com\/?page_id=946"},"modified":"2026-09-02T14:07:23","modified_gmt":"2026-09-02T12:07:23","slug":"equipo-del-museo","status":"publish","type":"page","link":"https:\/\/ivam.es\/es\/equipo-del-museo\/","title":{"rendered":"Equipo del museo"},"content":{"rendered":"<p><strong>Directora\u00a0<\/strong><\/p>\n<p>Blanca de la Torre<\/p>\n<p><strong>Directora Adjunta<\/strong><\/p>\n<p>Kristine Guzm\u00e1n<\/p>\n<p><strong>Gerente\u00a0<\/strong><\/p>\n<p>Mar\u00eda Ayuso<\/p>\n<p><strong>Jefa de Exposiciones\u00a0<\/strong><\/p>\n<p>Raquel Guti\u00e9rrez<\/p>\n<p><strong>Conservaci\u00f3n\u00a0<\/strong><\/p>\n<p>Marta Arroyo, J. Ramon Escriv\u00e0, M\u00aa Jes\u00fas Folch,<\/p>\n<p>Yolanda Franco, Teresa Millet, Sandra Moros,<\/p>\n<p>Josep Salvador, M\u00aa Jes\u00fas Sendra<\/p>\n<p><strong>Jefa de Registro<\/strong><\/p>\n<p>Cristina Mulinas<\/p>\n<p><strong>Departamento de Registro\u00a0<\/strong><\/p>\n<p>Pepe Talavera, M\u00aa \u00c1ngeles Valiente, Yolanda Monta\u00f1\u00e9s<\/p>\n<p><strong>Jefe de Montaje\u00a0<\/strong><\/p>\n<p>Jorge Garc\u00eda<\/p>\n<p><strong>Departamento de Montaje\u00a0<\/strong><\/p>\n<p>Pilar Mart\u00ednez, Toni Romero<\/p>\n<p><strong>Jefa de Restauraci\u00f3n<\/strong><\/p>\n<p>Maite Mart\u00ednez<\/p>\n<p><strong>Departamento de Restauraci\u00f3n<\/strong><\/p>\n<p>Isidre Sabater, Cristina V\u00e1zquez<\/p>\n<p><strong>Publicaciones\u00a0<\/strong><\/p>\n<p>Vicky Menor, Patricia Marzal, Josu\u00e9 Domene, Concepci\u00f3n Santacana<\/p>\n<p><strong>Auditora interna<\/strong><\/p>\n<p>Paula Fuster<\/p>\n<p><strong>Jefa de Gesti\u00f3n Administrativa\u00a0<\/strong><\/p>\n<p>Livia P\u00e9rez<\/p>\n<p><strong>Departamento de Gesti\u00f3n Administrativa<\/strong><\/p>\n<p>Roseta Blasco, Lourdes Fari\u00f1as, Lola Chiner, Laura Pallard\u00f3, Mar\u00eda Moreno, Marina Sarri\u00f3n<\/p>\n<p><strong>Jefa de Gesti\u00f3n Econ\u00f3mica<\/strong><\/p>\n<p>Vanesa Abad<\/p>\n<p><strong>Departamento de Gesti\u00f3n Econ\u00f3mica<\/strong><\/p>\n<p>Sara Ruiz, M\u00f2nica Bernad, \u00c1ngel L\u00f3pez<\/p>\n<p><strong>Jefa de Comunicaci\u00f3n y redes sociales<\/strong><\/p>\n<p>Juana Camps<\/p>\n<p><strong>Departamento de Comunicaci\u00f3n y redes sociales\u00a0<\/strong><\/p>\n<p>Carmen Sim\u00f3n<\/p>\n<p><strong>Gesti\u00f3n de p\u00fablicos\u00a0<\/strong><\/p>\n<p>Ana Valls<\/p>\n<p><strong>Jefa de Programas culturales y educaci\u00f3n<\/strong><\/p>\n<p>Irene Ll\u00e0cer<\/p>\n<p><strong>Departamento de Programas culturales y educaci\u00f3n\u00a0<\/strong><\/p>\n<p>Olivia Rico, Encarnaci\u00f3n Mart\u00ednez, Jos\u00e9 Agust\u00edn Mart\u00ednez, Ana Guill\u00e9n<\/p>\n<p><strong>Jefa de Biblioteca y Centro de Documentaci\u00f3n\u00a0<\/strong><\/p>\n<p>Elo\u00edsa Garc\u00eda<\/p>\n<p><strong>Biblioteca y Centro de Documentaci\u00f3n\u00a0<\/strong><\/p>\n<p>Alejandro Ituarte<\/p>\n<p><strong>Jefe de Tecnolog\u00eda de la Inform\u00e1tica y Comunicaci\u00f3n<\/strong><\/p>\n<p>Alberto Mata<\/p>\n<p><strong>Departamento de Tecnolog\u00eda de la Inform\u00e1tica y Comunicaci\u00f3n\u00a0<\/strong><\/p>\n<p>Rafael Estruch, Toni Montiel<\/p>\n<p><strong>Jefe de Mantenimiento\u00a0<\/strong><\/p>\n<p>Daniel C\u00e1mara<\/p>\n<p><strong>Departamento de Mantenimiento<\/strong><\/p>\n<p>Manolo Peris, Dani Ll\u00e1cer, \u00d3scar Esteban, Vicente Barber\u00e1, Vicente Mart\u00ednez<\/p>\n<p><strong>Jefe de Seguridad y Limpieza<\/strong><\/p>\n<p>Jos\u00e9 Ram\u00f3n L\u00f3pez<\/p>\n<p><strong>Secretaria de Direcci\u00f3n\u00a0<\/strong><\/p>\n<p>Carmen Aguilera<\/p>\n<p><strong>Adjunto a Secretar\u00eda<\/strong><\/p>\n<p>Luis Royo<\/p>\n<p><strong>Secretaria de Gerencia<\/strong><\/p>\n<p>Ana Garc\u00eda<\/p>\n","protected":false},"excerpt":{"rendered":"<p>Directora\u00a0 Blanca de la Torre Directora Adjunta Kristine Guzm\u00e1n Gerente\u00a0 Mar\u00eda Ayuso Jefa de Exposiciones\u00a0 Raquel Guti\u00e9rrez Conservaci\u00f3n\u00a0 Marta Arroyo, J. Ramon Escriv\u00e0, M\u00aa Jes\u00fas Folch, Yolanda Franco, Teresa Millet, Sandra Moros, Josep Salvador, M\u00aa Jes\u00fas Sendra Jefa de Registro Cristina Mulinas Departamento de Registro\u00a0 Pepe Talavera, M\u00aa \u00c1ngeles Valiente, Yolanda Monta\u00f1\u00e9s Jefe de Montaje\u00a0 [&hellip;]<\/p>\n","protected":false},"author":3,"featured_media":0,"parent":0,"menu_order":279,"comment_status":"closed","ping_status":"closed","template":"","meta":{"footnotes":""},"class_list":["post-946","page","type-page","status-publish","hentry"],"yoast_head":"<!-- This site is optimized with the Yoast SEO plugin v28.0 - https:\/\/yoast.com\/product\/yoast-seo-wordpress\/ -->\n<title>Equipo del museo - IVAM<\/title>\n<meta name=\"robots\" content=\"index, follow, max-snippet:-1, max-image-preview:large, max-video-preview:-1\" \/>\n<link rel=\"canonical\" href=\"https:\/\/ivam.es\/es\/equipo-del-museo\/\" \/>\n<meta property=\"og:locale\" content=\"es_ES\" \/>\n<meta property=\"og:type\" content=\"article\" \/>\n<meta property=\"og:title\" content=\"Equipo del museo - IVAM\" \/>\n<meta property=\"og:description\" content=\"Directora\u00a0 Blanca de la Torre Directora Adjunta Kristine Guzm\u00e1n Gerente\u00a0 Mar\u00eda Ayuso Jefa de Exposiciones\u00a0 Raquel Guti\u00e9rrez Conservaci\u00f3n\u00a0 Marta Arroyo, J. Ramon Escriv\u00e0, M\u00aa Jes\u00fas Folch, Yolanda Franco, Teresa Millet, Sandra Moros, Josep Salvador, M\u00aa Jes\u00fas Sendra Jefa de Registro Cristina Mulinas Departamento de Registro\u00a0 Pepe Talavera, M\u00aa \u00c1ngeles Valiente, Yolanda Monta\u00f1\u00e9s Jefe de Montaje\u00a0 [&hellip;]\" \/>\n<meta property=\"og:url\" content=\"https:\/\/ivam.es\/es\/equipo-del-museo\/\" \/>\n<meta property=\"og:site_name\" content=\"IVAM\" \/>\n<meta property=\"article:modified_time\" content=\"2026-09-02T12:07:23+00:00\" \/>\n<meta name=\"twitter:card\" content=\"summary_large_image\" \/>\n<meta name=\"twitter:label1\" content=\"Tiempo de lectura\" \/>\n\t<meta name=\"twitter:data1\" content=\"1 minuto\" \/>\n<script type=\"application\/ld+json\" class=\"yoast-schema-graph\">{\"@context\":\"https:\\\/\\\/schema.org\",\"@graph\":[{\"@type\":\"WebPage\",\"@id\":\"https:\\\/\\\/ivam.es\\\/es\\\/equipo-del-museo\\\/\",\"url\":\"https:\\\/\\\/ivam.es\\\/es\\\/equipo-del-museo\\\/\",\"name\":\"Equipo del museo - IVAM\",\"isPartOf\":{\"@id\":\"https:\\\/\\\/ivam.es\\\/es\\\/#website\"},\"datePublished\":\"2015-03-12T18:34:27+00:00\",\"dateModified\":\"2026-09-02T12:07:23+00:00\",\"breadcrumb\":{\"@id\":\"https:\\\/\\\/ivam.es\\\/es\\\/equipo-del-museo\\\/#breadcrumb\"},\"inLanguage\":\"es\",\"potentialAction\":[{\"@type\":\"ReadAction\",\"target\":[\"https:\\\/\\\/ivam.es\\\/es\\\/equipo-del-museo\\\/\"]}]},{\"@type\":\"BreadcrumbList\",\"@id\":\"https:\\\/\\\/ivam.es\\\/es\\\/equipo-del-museo\\\/#breadcrumb\",\"itemListElement\":[{\"@type\":\"ListItem\",\"position\":1,\"name\":\"Home\",\"item\":\"https:\\\/\\\/ivam.es\\\/es\\\/\"},{\"@type\":\"ListItem\",\"position\":2,\"name\":\"Equipo del museo\"}]},{\"@type\":\"WebSite\",\"@id\":\"https:\\\/\\\/ivam.es\\\/es\\\/#website\",\"url\":\"https:\\\/\\\/ivam.es\\\/es\\\/\",\"name\":\"IVAM\",\"description\":\"Institut Valenci\u00e0 d&#039;Art Modern\",\"publisher\":{\"@id\":\"https:\\\/\\\/ivam.es\\\/es\\\/#organization\"},\"potentialAction\":[{\"@type\":\"SearchAction\",\"target\":{\"@type\":\"EntryPoint\",\"urlTemplate\":\"https:\\\/\\\/ivam.es\\\/es\\\/?s={search_term_string}\"},\"query-input\":{\"@type\":\"PropertyValueSpecification\",\"valueRequired\":true,\"valueName\":\"search_term_string\"}}],\"inLanguage\":\"es\"},{\"@type\":\"Organization\",\"@id\":\"https:\\\/\\\/ivam.es\\\/es\\\/#organization\",\"name\":\"IVAM\",\"url\":\"https:\\\/\\\/ivam.es\\\/es\\\/\",\"logo\":{\"@type\":\"ImageObject\",\"inLanguage\":\"es\",\"@id\":\"https:\\\/\\\/ivam.es\\\/es\\\/#\\\/schema\\\/logo\\\/image\\\/\",\"url\":\"https:\\\/\\\/ivam.es\\\/wp-content\\\/uploads\\\/logo-ok-512.png\",\"contentUrl\":\"https:\\\/\\\/ivam.es\\\/wp-content\\\/uploads\\\/logo-ok-512.png\",\"width\":512,\"height\":512,\"caption\":\"IVAM\"},\"image\":{\"@id\":\"https:\\\/\\\/ivam.es\\\/es\\\/#\\\/schema\\\/logo\\\/image\\\/\"}}]}<\/script>\n<!-- \/ Yoast SEO plugin. -->","yoast_head_json":{"title":"Equipo del museo - IVAM","robots":{"index":"index","follow":"follow","max-snippet":"max-snippet:-1","max-image-preview":"max-image-preview:large","max-video-preview":"max-video-preview:-1"},"canonical":"https:\/\/ivam.es\/es\/equipo-del-museo\/","og_locale":"es_ES","og_type":"article","og_title":"Equipo del museo - IVAM","og_description":"Directora\u00a0 Blanca de la Torre Directora Adjunta Kristine Guzm\u00e1n Gerente\u00a0 Mar\u00eda Ayuso Jefa de Exposiciones\u00a0 Raquel Guti\u00e9rrez Conservaci\u00f3n\u00a0 Marta Arroyo, J. Ramon Escriv\u00e0, M\u00aa Jes\u00fas Folch, Yolanda Franco, Teresa Millet, Sandra Moros, Josep Salvador, M\u00aa Jes\u00fas Sendra Jefa de Registro Cristina Mulinas Departamento de Registro\u00a0 Pepe Talavera, M\u00aa \u00c1ngeles Valiente, Yolanda Monta\u00f1\u00e9s Jefe de Montaje\u00a0 [&hellip;]","og_url":"https:\/\/ivam.es\/es\/equipo-del-museo\/","og_site_name":"IVAM","article_modified_time":"2026-09-02T12:07:23+00:00","twitter_card":"summary_large_image","twitter_misc":{"Tiempo de lectura":"1 minuto"},"schema":{"@context":"https:\/\/schema.org","@graph":[{"@type":"WebPage","@id":"https:\/\/ivam.es\/es\/equipo-del-museo\/","url":"https:\/\/ivam.es\/es\/equipo-del-museo\/","name":"Equipo del museo - IVAM","isPartOf":{"@id":"https:\/\/ivam.es\/es\/#website"},"datePublished":"2015-03-12T18:34:27+00:00","dateModified":"2026-09-02T12:07:23+00:00","breadcrumb":{"@id":"https:\/\/ivam.es\/es\/equipo-del-museo\/#breadcrumb"},"inLanguage":"es","potentialAction":[{"@type":"ReadAction","target":["https:\/\/ivam.es\/es\/equipo-del-museo\/"]}]},{"@type":"BreadcrumbList","@id":"https:\/\/ivam.es\/es\/equipo-del-museo\/#breadcrumb","itemListElement":[{"@type":"ListItem","position":1,"name":"Home","item":"https:\/\/ivam.es\/es\/"},{"@type":"ListItem","position":2,"name":"Equipo del museo"}]},{"@type":"WebSite","@id":"https:\/\/ivam.es\/es\/#website","url":"https:\/\/ivam.es\/es\/","name":"IVAM","description":"Institut Valenci\u00e0 d&#039;Art Modern","publisher":{"@id":"https:\/\/ivam.es\/es\/#organization"},"potentialAction":[{"@type":"SearchAction","target":{"@type":"EntryPoint","urlTemplate":"https:\/\/ivam.es\/es\/?s={search_term_string}"},"query-input":{"@type":"PropertyValueSpecification","valueRequired":true,"valueName":"search_term_string"}}],"inLanguage":"es"},{"@type":"Organization","@id":"https:\/\/ivam.es\/es\/#organization","name":"IVAM","url":"https:\/\/ivam.es\/es\/","logo":{"@type":"ImageObject","inLanguage":"es","@id":"https:\/\/ivam.es\/es\/#\/schema\/logo\/image\/","url":"https:\/\/ivam.es\/wp-content\/uploads\/logo-ok-512.png","contentUrl":"https:\/\/ivam.es\/wp-content\/uploads\/logo-ok-512.png","width":512,"height":512,"caption":"IVAM"},"image":{"@id":"https:\/\/ivam.es\/es\/#\/schema\/logo\/image\/"}}]}},"_links":{"self":[{"href":"https:\/\/ivam.es\/es\/wp-json\/wp\/v2\/pages\/946","targetHints":{"allow":["GET"]}}],"collection":[{"href":"https:\/\/ivam.es\/es\/wp-json\/wp\/v2\/pages"}],"about":[{"href":"https:\/\/ivam.es\/es\/wp-json\/wp\/v2\/types\/page"}],"author":[{"embeddable":true,"href":"https:\/\/ivam.es\/es\/wp-json\/wp\/v2\/users\/3"}],"replies":[{"embeddable":true,"href":"https:\/\/ivam.es\/es\/wp-json\/wp\/v2\/comments?post=946"}],"version-history":[{"count":129,"href":"https:\/\/ivam.es\/es\/wp-json\/wp\/v2\/pages\/946\/revisions"}],"predecessor-version":[{"id":117769,"href":"https:\/\/ivam.es\/es\/wp-json\/wp\/v2\/pages\/946\/revisions\/117769"}],"wp:attachment":[{"href":"https:\/\/ivam.es\/es\/wp-json\/wp\/v2\/media?parent=946"}],"curies":[{"name":"wp","href":"https:\/\/api.w.org\/{rel}","templated":true}]}}