{"id":87059,"date":"2024-04-26T12:02:23","date_gmt":"2024-04-26T10:02:23","guid":{"rendered":"https:\/\/ivam.es\/?page_id=87059"},"modified":"2026-04-22T12:55:18","modified_gmt":"2026-04-22T10:55:18","slug":"sala-ignacio-pinazo","status":"publish","type":"page","link":"https:\/\/ivam.es\/es\/sala-ignacio-pinazo\/","title":{"rendered":"SALA IGNACIO PINAZO"},"content":{"rendered":"\n<p>Esta sala del IVAM alberga un tramo de 68 metros lineales de la antigua muralla medieval de Valencia. Las murallas de la ciudad constitu\u00edan su elemento definitorio en la Edad Media, hasta el punto de que uno de los primeros escudos de Val\u00e8ncia representaba una ciudad fortificada, rodeada por las aguas del Turia. Esta representaci\u00f3n simb\u00f3lica ha llegado hasta la actualidad, incluso despu\u00e9s del derribo f\u00edsico de los muros, a trav\u00e9s de numerosos grabados religiosos populares.<\/p>\n\n\n\n<p>La muralla definitiva de Valencia fue construida a partir de 1356, a\u00f1o en el cual el rey Pedro IV de Arag\u00f3n, el Ceremonioso, pidi\u00f3 a los Jurados que aceleraran la construcci\u00f3n de un nuevo recinto ante el peligro que supon\u00edan los ataques del rey Pedro I de Castilla, el Cruel. Los muros nuevos deb\u00edan rodear los arrabales y la muralla isl\u00e1mica, entonces en uso. Los trabajos fueron dirigidos por el cantero Guillem Nebot.<\/p>\n\n\n\n<p>Las dos excavaciones arqueol\u00f3gicas realizadas en el solar del lnstitut Valenci\u00e0 d\u2019Art Modern, la primera en 1987 y la segunda en 2023, han permitido documentar una parte significativa del muro bajomedieval, as\u00ed como conocer los aspectos f\u00edsicos de su construcci\u00f3n. Se trata de una tapia formada por capas de tierra batida, con un grosor de 13 a 15,5 cm alternadas con capas delgadas de cal, en una t\u00e9cnica conocida como <em>tapia valenciana<\/em>. Este conjunto est\u00e1 reforzado con ladrillos dispersos y encofrado exterior con mortero, a modo de costra resistente en la que se emplearon \u00a0ladrillos.<\/p>\n\n\n\n<p>Los cimientos de la muralla conservan una altura de dos tapias, asentadas sobre una zapata con un grosor de 2,50 metros. En su estado actual, permanec\u00edan enterrados hasta 2,20 metros de muralla. El interior de la cimentaci\u00f3n estaba formado por un mortero de piedras y cal. Otras partes, tambi\u00e9n estudiadas mediante m\u00e9todos arqueol\u00f3gicos, estaban realizadas con la t\u00e9cnica de encofrado de mortero, con cajas de 1,14 metros de altura media y una distancia entre mechinales de 2,30 metros.<\/p>\n\n\n\n<p>Las murallas crearon un nuevo \u00e1mbito urbano, duplicando al menos la superficie de la ciudad. Este proceso de urbanizaci\u00f3n fue tan intenso que, cuando la muralla fue derribada cinco siglos m\u00e1s tarde, a partir de 1865, el espacio intramuros a\u00fan no estaba completamente ocupado.<\/p>\n\n\n\n<p>Las murallas han sido consideradas uno de los s\u00edmbolos m\u00e1s caracter\u00edsticos de la ciudad y formaban parte de un sistema m\u00e1s amplio que inclu\u00eda muros, torres y puertas. En la periferia, marcando los l\u00edmites, se situaban las \u201cCruces de T\u00e9rmino\u201d, siempre orientadas hacia el exterior. M\u00e1s cerca se encontraban las murallas, completadas por el conjunto de puentes sobre el r\u00edo Guadalaviar. En el centro, rodeado de torres cada vez m\u00e1s altas, se levantaba el \u201cCampanar Nou de la Seu\u201d, iniciado al mismo tiempo que las murallas. El Miguelete, con la campana de las horas, marcaba el tiempo, mientras que los toques lit\u00fargicos serv\u00edan de referencia para abrir y cerrar \u201clos portales peque\u00f1os y grandes de la muralla\u201d.<\/p>\n\n\n\n<p>En la actualidad, la muralla articula la sala dedicada a Ignacio Pinazo, una figura clave en la colecci\u00f3n del IVAM. Estos restos medievales conviven con las exposiciones del museo, proponiendo nuevas lecturas de la obra del artista.<\/p>\n\n\n\n<div class=\"wp-block-columns is-layout-flex wp-container-core-columns-is-layout-9d6595d7 wp-block-columns-is-layout-flex\">\n<div class=\"wp-block-column is-layout-flow wp-block-column-is-layout-flow\"><\/div>\n<\/div>\n\n\n<div class=\"wp-block-image\">\n<figure class=\"aligncenter\"><img loading=\"lazy\" decoding=\"async\" width=\"1024\" height=\"534\" src=\"https:\/\/ivam.es\/wp-content\/uploads\/page\/sala-ignacio-pinazo\/Captura-de-pantalla-2024-04-26-a-las-11.53.41-2-1024x534.png\" alt=\"\" class=\"wp-image-87076\" srcset=\"https:\/\/ivam.es\/wp-content\/uploads\/page\/sala-ignacio-pinazo\/Captura-de-pantalla-2024-04-26-a-las-11.53.41-2-1024x534.png 1024w, https:\/\/ivam.es\/wp-content\/uploads\/page\/sala-ignacio-pinazo\/Captura-de-pantalla-2024-04-26-a-las-11.53.41-2-300x156.png 300w, https:\/\/ivam.es\/wp-content\/uploads\/page\/sala-ignacio-pinazo\/Captura-de-pantalla-2024-04-26-a-las-11.53.41-2-768x401.png 768w, https:\/\/ivam.es\/wp-content\/uploads\/page\/sala-ignacio-pinazo\/Captura-de-pantalla-2024-04-26-a-las-11.53.41-2-280x146.png 280w, https:\/\/ivam.es\/wp-content\/uploads\/page\/sala-ignacio-pinazo\/Captura-de-pantalla-2024-04-26-a-las-11.53.41-2-467x244.png 467w, https:\/\/ivam.es\/wp-content\/uploads\/page\/sala-ignacio-pinazo\/Captura-de-pantalla-2024-04-26-a-las-11.53.41-2-231x120.png 231w, https:\/\/ivam.es\/wp-content\/uploads\/page\/sala-ignacio-pinazo\/Captura-de-pantalla-2024-04-26-a-las-11.53.41-2-500x261.png 500w, https:\/\/ivam.es\/wp-content\/uploads\/page\/sala-ignacio-pinazo\/Captura-de-pantalla-2024-04-26-a-las-11.53.41-2.png 1068w\" sizes=\"auto, (max-width: 1024px) 100vw, 1024px\" \/><\/figure>\n<\/div>\n\n\n<div class=\"wp-block-columns is-layout-flex wp-container-core-columns-is-layout-9d6595d7 wp-block-columns-is-layout-flex\">\n<div class=\"wp-block-column is-layout-flow wp-block-column-is-layout-flow\"><\/div>\n\n\n\n<div class=\"wp-block-column is-layout-flow wp-block-column-is-layout-flow\"><\/div>\n<\/div>\n\n\n<div class=\"wp-block-image\">\n<figure class=\"aligncenter\"><img loading=\"lazy\" decoding=\"async\" width=\"1024\" height=\"714\" src=\"https:\/\/ivam.es\/wp-content\/uploads\/page\/sala-ignacio-pinazo\/Captura-de-pantalla-2024-04-26-a-las-11.58.12-1-1024x714.png\" alt=\"\" class=\"wp-image-87079\" srcset=\"https:\/\/ivam.es\/wp-content\/uploads\/page\/sala-ignacio-pinazo\/Captura-de-pantalla-2024-04-26-a-las-11.58.12-1-1024x714.png 1024w, https:\/\/ivam.es\/wp-content\/uploads\/page\/sala-ignacio-pinazo\/Captura-de-pantalla-2024-04-26-a-las-11.58.12-1-300x209.png 300w, https:\/\/ivam.es\/wp-content\/uploads\/page\/sala-ignacio-pinazo\/Captura-de-pantalla-2024-04-26-a-las-11.58.12-1-768x535.png 768w, https:\/\/ivam.es\/wp-content\/uploads\/page\/sala-ignacio-pinazo\/Captura-de-pantalla-2024-04-26-a-las-11.58.12-1-280x195.png 280w, https:\/\/ivam.es\/wp-content\/uploads\/page\/sala-ignacio-pinazo\/Captura-de-pantalla-2024-04-26-a-las-11.58.12-1-467x325.png 467w, https:\/\/ivam.es\/wp-content\/uploads\/page\/sala-ignacio-pinazo\/Captura-de-pantalla-2024-04-26-a-las-11.58.12-1-231x161.png 231w, https:\/\/ivam.es\/wp-content\/uploads\/page\/sala-ignacio-pinazo\/Captura-de-pantalla-2024-04-26-a-las-11.58.12-1-500x348.png 500w, https:\/\/ivam.es\/wp-content\/uploads\/page\/sala-ignacio-pinazo\/Captura-de-pantalla-2024-04-26-a-las-11.58.12-1.png 1062w\" sizes=\"auto, (max-width: 1024px) 100vw, 1024px\" \/><\/figure>\n<\/div>\n\n\n<p><\/p>\n\n\n<div class=\"wp-block-image\">\n<figure class=\"aligncenter\"><img loading=\"lazy\" decoding=\"async\" width=\"1024\" height=\"602\" src=\"https:\/\/ivam.es\/wp-content\/uploads\/page\/sala-ignacio-pinazo\/Captura-de-pantalla-2024-04-26-a-las-12.01.34-1-1024x602.png\" alt=\"\" class=\"wp-image-87082\" srcset=\"https:\/\/ivam.es\/wp-content\/uploads\/page\/sala-ignacio-pinazo\/Captura-de-pantalla-2024-04-26-a-las-12.01.34-1-1024x602.png 1024w, https:\/\/ivam.es\/wp-content\/uploads\/page\/sala-ignacio-pinazo\/Captura-de-pantalla-2024-04-26-a-las-12.01.34-1-300x176.png 300w, https:\/\/ivam.es\/wp-content\/uploads\/page\/sala-ignacio-pinazo\/Captura-de-pantalla-2024-04-26-a-las-12.01.34-1-768x452.png 768w, https:\/\/ivam.es\/wp-content\/uploads\/page\/sala-ignacio-pinazo\/Captura-de-pantalla-2024-04-26-a-las-12.01.34-1-280x165.png 280w, https:\/\/ivam.es\/wp-content\/uploads\/page\/sala-ignacio-pinazo\/Captura-de-pantalla-2024-04-26-a-las-12.01.34-1-467x275.png 467w, https:\/\/ivam.es\/wp-content\/uploads\/page\/sala-ignacio-pinazo\/Captura-de-pantalla-2024-04-26-a-las-12.01.34-1-231x136.png 231w, https:\/\/ivam.es\/wp-content\/uploads\/page\/sala-ignacio-pinazo\/Captura-de-pantalla-2024-04-26-a-las-12.01.34-1-500x294.png 500w, https:\/\/ivam.es\/wp-content\/uploads\/page\/sala-ignacio-pinazo\/Captura-de-pantalla-2024-04-26-a-las-12.01.34-1-970x570.png 970w, https:\/\/ivam.es\/wp-content\/uploads\/page\/sala-ignacio-pinazo\/Captura-de-pantalla-2024-04-26-a-las-12.01.34-1.png 1058w\" sizes=\"auto, (max-width: 1024px) 100vw, 1024px\" \/><\/figure>\n<\/div>\n\n\n<div class=\"wp-block-columns is-layout-flex wp-container-core-columns-is-layout-9d6595d7 wp-block-columns-is-layout-flex\">\n<div class=\"wp-block-column is-layout-flow wp-block-column-is-layout-flow\"><\/div>\n<\/div>\n\n\n\n<div class=\"wp-block-columns is-layout-flex wp-container-core-columns-is-layout-9d6595d7 wp-block-columns-is-layout-flex\">\n<div class=\"wp-block-column is-layout-flow wp-block-column-is-layout-flow\"><\/div>\n<\/div>\n\n\n\n<figure class=\"wp-block-gallery has-nested-images columns-4 is-cropped wp-block-gallery-1 is-layout-flex wp-block-gallery-is-layout-flex\">\n<figure class=\"wp-block-image size-large\"><a href=\"https:\/\/ivam.es\/wp-content\/uploads\/page\/sala-ignacio-pinazo\/240328_Sala-Muralla_02-scaled.jpg\"><img loading=\"lazy\" decoding=\"async\" width=\"1024\" height=\"569\" data-id=\"87097\" src=\"https:\/\/ivam.es\/wp-content\/uploads\/page\/sala-ignacio-pinazo\/240328_Sala-Muralla_02-1024x569.jpg\" alt=\"\" class=\"wp-image-87097\" srcset=\"https:\/\/ivam.es\/wp-content\/uploads\/page\/sala-ignacio-pinazo\/240328_Sala-Muralla_02-1024x569.jpg 1024w, https:\/\/ivam.es\/wp-content\/uploads\/page\/sala-ignacio-pinazo\/240328_Sala-Muralla_02-300x167.jpg 300w, https:\/\/ivam.es\/wp-content\/uploads\/page\/sala-ignacio-pinazo\/240328_Sala-Muralla_02-768x427.jpg 768w, https:\/\/ivam.es\/wp-content\/uploads\/page\/sala-ignacio-pinazo\/240328_Sala-Muralla_02-1536x853.jpg 1536w, https:\/\/ivam.es\/wp-content\/uploads\/page\/sala-ignacio-pinazo\/240328_Sala-Muralla_02-2048x1138.jpg 2048w, https:\/\/ivam.es\/wp-content\/uploads\/page\/sala-ignacio-pinazo\/240328_Sala-Muralla_02-280x156.jpg 280w, https:\/\/ivam.es\/wp-content\/uploads\/page\/sala-ignacio-pinazo\/240328_Sala-Muralla_02-467x259.jpg 467w, https:\/\/ivam.es\/wp-content\/uploads\/page\/sala-ignacio-pinazo\/240328_Sala-Muralla_02-231x128.jpg 231w, https:\/\/ivam.es\/wp-content\/uploads\/page\/sala-ignacio-pinazo\/240328_Sala-Muralla_02-500x278.jpg 500w\" sizes=\"auto, (max-width: 1024px) 100vw, 1024px\" \/><\/a><\/figure>\n\n\n\n<figure class=\"wp-block-image size-large\"><a href=\"https:\/\/ivam.es\/wp-content\/uploads\/page\/sala-ignacio-pinazo\/240328_Sala-Muralla_04-scaled.jpg\"><img loading=\"lazy\" decoding=\"async\" width=\"1024\" height=\"606\" data-id=\"87103\" src=\"https:\/\/ivam.es\/wp-content\/uploads\/page\/sala-ignacio-pinazo\/240328_Sala-Muralla_04-1024x606.jpg\" alt=\"\" class=\"wp-image-87103\" srcset=\"https:\/\/ivam.es\/wp-content\/uploads\/page\/sala-ignacio-pinazo\/240328_Sala-Muralla_04-1024x606.jpg 1024w, https:\/\/ivam.es\/wp-content\/uploads\/page\/sala-ignacio-pinazo\/240328_Sala-Muralla_04-300x178.jpg 300w, https:\/\/ivam.es\/wp-content\/uploads\/page\/sala-ignacio-pinazo\/240328_Sala-Muralla_04-768x455.jpg 768w, https:\/\/ivam.es\/wp-content\/uploads\/page\/sala-ignacio-pinazo\/240328_Sala-Muralla_04-1536x909.jpg 1536w, https:\/\/ivam.es\/wp-content\/uploads\/page\/sala-ignacio-pinazo\/240328_Sala-Muralla_04-2048x1212.jpg 2048w, https:\/\/ivam.es\/wp-content\/uploads\/page\/sala-ignacio-pinazo\/240328_Sala-Muralla_04-280x166.jpg 280w, https:\/\/ivam.es\/wp-content\/uploads\/page\/sala-ignacio-pinazo\/240328_Sala-Muralla_04-467x276.jpg 467w, https:\/\/ivam.es\/wp-content\/uploads\/page\/sala-ignacio-pinazo\/240328_Sala-Muralla_04-231x137.jpg 231w, https:\/\/ivam.es\/wp-content\/uploads\/page\/sala-ignacio-pinazo\/240328_Sala-Muralla_04-500x296.jpg 500w\" sizes=\"auto, (max-width: 1024px) 100vw, 1024px\" \/><\/a><\/figure>\n\n\n\n<figure class=\"wp-block-image size-large\"><a href=\"https:\/\/ivam.es\/wp-content\/uploads\/page\/sala-ignacio-pinazo\/230523_Intervencion-Arqueologica-Muralla_03-scaled.jpg\"><img loading=\"lazy\" decoding=\"async\" width=\"1024\" height=\"683\" data-id=\"87180\" src=\"https:\/\/ivam.es\/wp-content\/uploads\/page\/sala-ignacio-pinazo\/230523_Intervencion-Arqueologica-Muralla_03-1024x683.jpg\" alt=\"\" class=\"wp-image-87180\" srcset=\"https:\/\/ivam.es\/wp-content\/uploads\/page\/sala-ignacio-pinazo\/230523_Intervencion-Arqueologica-Muralla_03-1024x683.jpg 1024w, https:\/\/ivam.es\/wp-content\/uploads\/page\/sala-ignacio-pinazo\/230523_Intervencion-Arqueologica-Muralla_03-300x200.jpg 300w, https:\/\/ivam.es\/wp-content\/uploads\/page\/sala-ignacio-pinazo\/230523_Intervencion-Arqueologica-Muralla_03-768x512.jpg 768w, https:\/\/ivam.es\/wp-content\/uploads\/page\/sala-ignacio-pinazo\/230523_Intervencion-Arqueologica-Muralla_03-1536x1024.jpg 1536w, https:\/\/ivam.es\/wp-content\/uploads\/page\/sala-ignacio-pinazo\/230523_Intervencion-Arqueologica-Muralla_03-2048x1365.jpg 2048w, https:\/\/ivam.es\/wp-content\/uploads\/page\/sala-ignacio-pinazo\/230523_Intervencion-Arqueologica-Muralla_03-280x187.jpg 280w, https:\/\/ivam.es\/wp-content\/uploads\/page\/sala-ignacio-pinazo\/230523_Intervencion-Arqueologica-Muralla_03-467x311.jpg 467w, https:\/\/ivam.es\/wp-content\/uploads\/page\/sala-ignacio-pinazo\/230523_Intervencion-Arqueologica-Muralla_03-231x154.jpg 231w, https:\/\/ivam.es\/wp-content\/uploads\/page\/sala-ignacio-pinazo\/230523_Intervencion-Arqueologica-Muralla_03-500x333.jpg 500w\" sizes=\"auto, (max-width: 1024px) 100vw, 1024px\" \/><\/a><\/figure>\n\n\n\n<figure class=\"wp-block-image size-large\"><a href=\"https:\/\/ivam.es\/wp-content\/uploads\/page\/sala-ignacio-pinazo\/240328_Sala-Muralla_06-scaled.jpg\"><img loading=\"lazy\" decoding=\"async\" width=\"1024\" height=\"716\" data-id=\"87108\" src=\"https:\/\/ivam.es\/wp-content\/uploads\/page\/sala-ignacio-pinazo\/240328_Sala-Muralla_06-1024x716.jpg\" alt=\"\" class=\"wp-image-87108\" srcset=\"https:\/\/ivam.es\/wp-content\/uploads\/page\/sala-ignacio-pinazo\/240328_Sala-Muralla_06-1024x716.jpg 1024w, https:\/\/ivam.es\/wp-content\/uploads\/page\/sala-ignacio-pinazo\/240328_Sala-Muralla_06-300x210.jpg 300w, https:\/\/ivam.es\/wp-content\/uploads\/page\/sala-ignacio-pinazo\/240328_Sala-Muralla_06-768x537.jpg 768w, https:\/\/ivam.es\/wp-content\/uploads\/page\/sala-ignacio-pinazo\/240328_Sala-Muralla_06-1536x1074.jpg 1536w, https:\/\/ivam.es\/wp-content\/uploads\/page\/sala-ignacio-pinazo\/240328_Sala-Muralla_06-2048x1432.jpg 2048w, https:\/\/ivam.es\/wp-content\/uploads\/page\/sala-ignacio-pinazo\/240328_Sala-Muralla_06-280x196.jpg 280w, https:\/\/ivam.es\/wp-content\/uploads\/page\/sala-ignacio-pinazo\/240328_Sala-Muralla_06-467x326.jpg 467w, https:\/\/ivam.es\/wp-content\/uploads\/page\/sala-ignacio-pinazo\/240328_Sala-Muralla_06-231x161.jpg 231w, https:\/\/ivam.es\/wp-content\/uploads\/page\/sala-ignacio-pinazo\/240328_Sala-Muralla_06-500x350.jpg 500w\" sizes=\"auto, (max-width: 1024px) 100vw, 1024px\" \/><\/a><\/figure>\n\n\n\n<figure class=\"wp-block-image size-large\"><a href=\"https:\/\/ivam.es\/wp-content\/uploads\/page\/sala-ignacio-pinazo\/240328_Sala-Muralla_09-scaled.jpg\"><img loading=\"lazy\" decoding=\"async\" width=\"1024\" height=\"604\" data-id=\"87119\" src=\"https:\/\/ivam.es\/wp-content\/uploads\/page\/sala-ignacio-pinazo\/240328_Sala-Muralla_09-1024x604.jpg\" alt=\"\" class=\"wp-image-87119\" srcset=\"https:\/\/ivam.es\/wp-content\/uploads\/page\/sala-ignacio-pinazo\/240328_Sala-Muralla_09-1024x604.jpg 1024w, https:\/\/ivam.es\/wp-content\/uploads\/page\/sala-ignacio-pinazo\/240328_Sala-Muralla_09-300x177.jpg 300w, https:\/\/ivam.es\/wp-content\/uploads\/page\/sala-ignacio-pinazo\/240328_Sala-Muralla_09-768x453.jpg 768w, https:\/\/ivam.es\/wp-content\/uploads\/page\/sala-ignacio-pinazo\/240328_Sala-Muralla_09-1536x907.jpg 1536w, https:\/\/ivam.es\/wp-content\/uploads\/page\/sala-ignacio-pinazo\/240328_Sala-Muralla_09-2048x1209.jpg 2048w, https:\/\/ivam.es\/wp-content\/uploads\/page\/sala-ignacio-pinazo\/240328_Sala-Muralla_09-280x165.jpg 280w, https:\/\/ivam.es\/wp-content\/uploads\/page\/sala-ignacio-pinazo\/240328_Sala-Muralla_09-467x276.jpg 467w, https:\/\/ivam.es\/wp-content\/uploads\/page\/sala-ignacio-pinazo\/240328_Sala-Muralla_09-231x136.jpg 231w, https:\/\/ivam.es\/wp-content\/uploads\/page\/sala-ignacio-pinazo\/240328_Sala-Muralla_09-500x295.jpg 500w\" sizes=\"auto, (max-width: 1024px) 100vw, 1024px\" \/><\/a><\/figure>\n\n\n\n<figure class=\"wp-block-image size-large\"><a href=\"https:\/\/ivam.es\/wp-content\/uploads\/page\/sala-ignacio-pinazo\/230523_Intervencion-Arqueologica-Muralla_11-scaled.jpg\"><img loading=\"lazy\" decoding=\"async\" width=\"1024\" height=\"683\" data-id=\"87183\" src=\"https:\/\/ivam.es\/wp-content\/uploads\/page\/sala-ignacio-pinazo\/230523_Intervencion-Arqueologica-Muralla_11-1024x683.jpg\" alt=\"\" class=\"wp-image-87183\" srcset=\"https:\/\/ivam.es\/wp-content\/uploads\/page\/sala-ignacio-pinazo\/230523_Intervencion-Arqueologica-Muralla_11-1024x683.jpg 1024w, https:\/\/ivam.es\/wp-content\/uploads\/page\/sala-ignacio-pinazo\/230523_Intervencion-Arqueologica-Muralla_11-300x200.jpg 300w, https:\/\/ivam.es\/wp-content\/uploads\/page\/sala-ignacio-pinazo\/230523_Intervencion-Arqueologica-Muralla_11-768x512.jpg 768w, https:\/\/ivam.es\/wp-content\/uploads\/page\/sala-ignacio-pinazo\/230523_Intervencion-Arqueologica-Muralla_11-1536x1024.jpg 1536w, https:\/\/ivam.es\/wp-content\/uploads\/page\/sala-ignacio-pinazo\/230523_Intervencion-Arqueologica-Muralla_11-2048x1365.jpg 2048w, https:\/\/ivam.es\/wp-content\/uploads\/page\/sala-ignacio-pinazo\/230523_Intervencion-Arqueologica-Muralla_11-280x187.jpg 280w, https:\/\/ivam.es\/wp-content\/uploads\/page\/sala-ignacio-pinazo\/230523_Intervencion-Arqueologica-Muralla_11-467x311.jpg 467w, https:\/\/ivam.es\/wp-content\/uploads\/page\/sala-ignacio-pinazo\/230523_Intervencion-Arqueologica-Muralla_11-231x154.jpg 231w, https:\/\/ivam.es\/wp-content\/uploads\/page\/sala-ignacio-pinazo\/230523_Intervencion-Arqueologica-Muralla_11-500x333.jpg 500w\" sizes=\"auto, (max-width: 1024px) 100vw, 1024px\" \/><\/a><\/figure>\n\n\n\n<figure class=\"wp-block-image size-large\"><a href=\"https:\/\/ivam.es\/wp-content\/uploads\/page\/sala-ignacio-pinazo\/240328_Sala-Muralla_11-scaled.jpg\"><img loading=\"lazy\" decoding=\"async\" width=\"1024\" height=\"570\" data-id=\"87125\" src=\"https:\/\/ivam.es\/wp-content\/uploads\/page\/sala-ignacio-pinazo\/240328_Sala-Muralla_11-1024x570.jpg\" alt=\"\" class=\"wp-image-87125\" srcset=\"https:\/\/ivam.es\/wp-content\/uploads\/page\/sala-ignacio-pinazo\/240328_Sala-Muralla_11-1024x570.jpg 1024w, https:\/\/ivam.es\/wp-content\/uploads\/page\/sala-ignacio-pinazo\/240328_Sala-Muralla_11-300x167.jpg 300w, https:\/\/ivam.es\/wp-content\/uploads\/page\/sala-ignacio-pinazo\/240328_Sala-Muralla_11-768x427.jpg 768w, https:\/\/ivam.es\/wp-content\/uploads\/page\/sala-ignacio-pinazo\/240328_Sala-Muralla_11-1536x855.jpg 1536w, https:\/\/ivam.es\/wp-content\/uploads\/page\/sala-ignacio-pinazo\/240328_Sala-Muralla_11-2048x1140.jpg 2048w, https:\/\/ivam.es\/wp-content\/uploads\/page\/sala-ignacio-pinazo\/240328_Sala-Muralla_11-280x156.jpg 280w, https:\/\/ivam.es\/wp-content\/uploads\/page\/sala-ignacio-pinazo\/240328_Sala-Muralla_11-467x260.jpg 467w, https:\/\/ivam.es\/wp-content\/uploads\/page\/sala-ignacio-pinazo\/240328_Sala-Muralla_11-231x129.jpg 231w, https:\/\/ivam.es\/wp-content\/uploads\/page\/sala-ignacio-pinazo\/240328_Sala-Muralla_11-500x278.jpg 500w\" sizes=\"auto, (max-width: 1024px) 100vw, 1024px\" \/><\/a><\/figure>\n\n\n\n<figure class=\"wp-block-image size-large\"><a href=\"https:\/\/ivam.es\/wp-content\/uploads\/page\/sala-ignacio-pinazo\/230523_Intervencion-Arqueologica-Muralla_04-scaled.jpg\"><img loading=\"lazy\" decoding=\"async\" width=\"1024\" height=\"683\" data-id=\"87186\" src=\"https:\/\/ivam.es\/wp-content\/uploads\/page\/sala-ignacio-pinazo\/230523_Intervencion-Arqueologica-Muralla_04-1024x683.jpg\" alt=\"\" class=\"wp-image-87186\" srcset=\"https:\/\/ivam.es\/wp-content\/uploads\/page\/sala-ignacio-pinazo\/230523_Intervencion-Arqueologica-Muralla_04-1024x683.jpg 1024w, https:\/\/ivam.es\/wp-content\/uploads\/page\/sala-ignacio-pinazo\/230523_Intervencion-Arqueologica-Muralla_04-300x200.jpg 300w, https:\/\/ivam.es\/wp-content\/uploads\/page\/sala-ignacio-pinazo\/230523_Intervencion-Arqueologica-Muralla_04-768x512.jpg 768w, https:\/\/ivam.es\/wp-content\/uploads\/page\/sala-ignacio-pinazo\/230523_Intervencion-Arqueologica-Muralla_04-1536x1024.jpg 1536w, https:\/\/ivam.es\/wp-content\/uploads\/page\/sala-ignacio-pinazo\/230523_Intervencion-Arqueologica-Muralla_04-2048x1365.jpg 2048w, https:\/\/ivam.es\/wp-content\/uploads\/page\/sala-ignacio-pinazo\/230523_Intervencion-Arqueologica-Muralla_04-280x187.jpg 280w, https:\/\/ivam.es\/wp-content\/uploads\/page\/sala-ignacio-pinazo\/230523_Intervencion-Arqueologica-Muralla_04-467x311.jpg 467w, https:\/\/ivam.es\/wp-content\/uploads\/page\/sala-ignacio-pinazo\/230523_Intervencion-Arqueologica-Muralla_04-231x154.jpg 231w, https:\/\/ivam.es\/wp-content\/uploads\/page\/sala-ignacio-pinazo\/230523_Intervencion-Arqueologica-Muralla_04-500x333.jpg 500w\" sizes=\"auto, (max-width: 1024px) 100vw, 1024px\" \/><\/a><\/figure>\n<\/figure>\n\n\n\n<p><\/p>\n\n\n\n<p><\/p>\n","protected":false},"excerpt":{"rendered":"<p>Esta sala del IVAM alberga un tramo de 68 metros lineales de la antigua muralla medieval de Valencia. Las murallas de la ciudad constitu\u00edan su elemento definitorio en la Edad Media, hasta el punto de que uno de los primeros escudos de Val\u00e8ncia representaba una ciudad fortificada, rodeada por las aguas del Turia. Esta representaci\u00f3n [&hellip;]<\/p>\n","protected":false},"author":291,"featured_media":87083,"parent":0,"menu_order":0,"comment_status":"closed","ping_status":"closed","template":"","meta":{"footnotes":""},"class_list":["post-87059","page","type-page","status-publish","has-post-thumbnail","hentry"],"yoast_head":"<!-- This site is optimized with the Yoast SEO plugin v26.0 - https:\/\/yoast.com\/wordpress\/plugins\/seo\/ -->\n<title>SALA IGNACIO PINAZO - IVAM<\/title>\n<meta name=\"robots\" content=\"index, follow, max-snippet:-1, max-image-preview:large, max-video-preview:-1\" \/>\n<link rel=\"canonical\" href=\"https:\/\/ivam.es\/es\/sala-ignacio-pinazo\/\" \/>\n<meta property=\"og:locale\" content=\"es_ES\" \/>\n<meta property=\"og:type\" content=\"article\" \/>\n<meta property=\"og:title\" content=\"SALA IGNACIO PINAZO - IVAM\" \/>\n<meta property=\"og:description\" content=\"Esta sala del IVAM alberga un tramo de 68 metros lineales de la antigua muralla medieval de Valencia. Las murallas de la ciudad constitu\u00edan su elemento definitorio en la Edad Media, hasta el punto de que uno de los primeros escudos de Val\u00e8ncia representaba una ciudad fortificada, rodeada por las aguas del Turia. Esta representaci\u00f3n [&hellip;]\" \/>\n<meta property=\"og:url\" content=\"https:\/\/ivam.es\/es\/sala-ignacio-pinazo\/\" \/>\n<meta property=\"og:site_name\" content=\"IVAM\" \/>\n<meta property=\"article:modified_time\" content=\"2026-04-22T10:55:18+00:00\" \/>\n<meta property=\"og:image\" content=\"https:\/\/ivam.es\/wp-content\/uploads\/page\/sala-ignacio-pinazo\/Captura-de-pantalla-2024-04-26-a-las-12.01.34-1.png\" \/>\n\t<meta property=\"og:image:width\" content=\"1058\" \/>\n\t<meta property=\"og:image:height\" content=\"622\" \/>\n\t<meta property=\"og:image:type\" content=\"image\/png\" \/>\n<meta name=\"twitter:card\" content=\"summary_large_image\" \/>\n<meta name=\"twitter:label1\" content=\"Tiempo de lectura\" \/>\n\t<meta name=\"twitter:data1\" content=\"5 minutos\" \/>\n<script type=\"application\/ld+json\" class=\"yoast-schema-graph\">{\"@context\":\"https:\/\/schema.org\",\"@graph\":[{\"@type\":\"WebPage\",\"@id\":\"https:\/\/ivam.es\/es\/sala-ignacio-pinazo\/\",\"url\":\"https:\/\/ivam.es\/es\/sala-ignacio-pinazo\/\",\"name\":\"SALA IGNACIO PINAZO - IVAM\",\"isPartOf\":{\"@id\":\"https:\/\/ivam.es\/es\/#website\"},\"primaryImageOfPage\":{\"@id\":\"https:\/\/ivam.es\/es\/sala-ignacio-pinazo\/#primaryimage\"},\"image\":{\"@id\":\"https:\/\/ivam.es\/es\/sala-ignacio-pinazo\/#primaryimage\"},\"thumbnailUrl\":\"https:\/\/ivam.es\/wp-content\/uploads\/page\/sala-ignacio-pinazo\/Captura-de-pantalla-2024-04-26-a-las-12.01.34-1.png\",\"datePublished\":\"2024-04-26T10:02:23+00:00\",\"dateModified\":\"2026-04-22T10:55:18+00:00\",\"breadcrumb\":{\"@id\":\"https:\/\/ivam.es\/es\/sala-ignacio-pinazo\/#breadcrumb\"},\"inLanguage\":\"es\",\"potentialAction\":[{\"@type\":\"ReadAction\",\"target\":[\"https:\/\/ivam.es\/es\/sala-ignacio-pinazo\/\"]}]},{\"@type\":\"ImageObject\",\"inLanguage\":\"es\",\"@id\":\"https:\/\/ivam.es\/es\/sala-ignacio-pinazo\/#primaryimage\",\"url\":\"https:\/\/ivam.es\/wp-content\/uploads\/page\/sala-ignacio-pinazo\/Captura-de-pantalla-2024-04-26-a-las-12.01.34-1.png\",\"contentUrl\":\"https:\/\/ivam.es\/wp-content\/uploads\/page\/sala-ignacio-pinazo\/Captura-de-pantalla-2024-04-26-a-las-12.01.34-1.png\",\"width\":1058,\"height\":622},{\"@type\":\"BreadcrumbList\",\"@id\":\"https:\/\/ivam.es\/es\/sala-ignacio-pinazo\/#breadcrumb\",\"itemListElement\":[{\"@type\":\"ListItem\",\"position\":1,\"name\":\"Home\",\"item\":\"https:\/\/ivam.es\/es\/\"},{\"@type\":\"ListItem\",\"position\":2,\"name\":\"SALA IGNACIO PINAZO\"}]},{\"@type\":\"WebSite\",\"@id\":\"https:\/\/ivam.es\/es\/#website\",\"url\":\"https:\/\/ivam.es\/es\/\",\"name\":\"IVAM\",\"description\":\"Institut Valenci\u00e0 d&#039;Art Modern\",\"publisher\":{\"@id\":\"https:\/\/ivam.es\/es\/#organization\"},\"potentialAction\":[{\"@type\":\"SearchAction\",\"target\":{\"@type\":\"EntryPoint\",\"urlTemplate\":\"https:\/\/ivam.es\/es\/?s={search_term_string}\"},\"query-input\":{\"@type\":\"PropertyValueSpecification\",\"valueRequired\":true,\"valueName\":\"search_term_string\"}}],\"inLanguage\":\"es\"},{\"@type\":\"Organization\",\"@id\":\"https:\/\/ivam.es\/es\/#organization\",\"name\":\"IVAM\",\"url\":\"https:\/\/ivam.es\/es\/\",\"logo\":{\"@type\":\"ImageObject\",\"inLanguage\":\"es\",\"@id\":\"https:\/\/ivam.es\/es\/#\/schema\/logo\/image\/\",\"url\":\"https:\/\/ivam.es\/wp-content\/uploads\/logo-ok-512.png\",\"contentUrl\":\"https:\/\/ivam.es\/wp-content\/uploads\/logo-ok-512.png\",\"width\":512,\"height\":512,\"caption\":\"IVAM\"},\"image\":{\"@id\":\"https:\/\/ivam.es\/es\/#\/schema\/logo\/image\/\"}}]}<\/script>\n<!-- \/ Yoast SEO plugin. -->","yoast_head_json":{"title":"SALA IGNACIO PINAZO - IVAM","robots":{"index":"index","follow":"follow","max-snippet":"max-snippet:-1","max-image-preview":"max-image-preview:large","max-video-preview":"max-video-preview:-1"},"canonical":"https:\/\/ivam.es\/es\/sala-ignacio-pinazo\/","og_locale":"es_ES","og_type":"article","og_title":"SALA IGNACIO PINAZO - IVAM","og_description":"Esta sala del IVAM alberga un tramo de 68 metros lineales de la antigua muralla medieval de Valencia. Las murallas de la ciudad constitu\u00edan su elemento definitorio en la Edad Media, hasta el punto de que uno de los primeros escudos de Val\u00e8ncia representaba una ciudad fortificada, rodeada por las aguas del Turia. Esta representaci\u00f3n [&hellip;]","og_url":"https:\/\/ivam.es\/es\/sala-ignacio-pinazo\/","og_site_name":"IVAM","article_modified_time":"2026-04-22T10:55:18+00:00","og_image":[{"width":1058,"height":622,"url":"https:\/\/ivam.es\/wp-content\/uploads\/page\/sala-ignacio-pinazo\/Captura-de-pantalla-2024-04-26-a-las-12.01.34-1.png","type":"image\/png"}],"twitter_card":"summary_large_image","twitter_misc":{"Tiempo de lectura":"5 minutos"},"schema":{"@context":"https:\/\/schema.org","@graph":[{"@type":"WebPage","@id":"https:\/\/ivam.es\/es\/sala-ignacio-pinazo\/","url":"https:\/\/ivam.es\/es\/sala-ignacio-pinazo\/","name":"SALA IGNACIO PINAZO - IVAM","isPartOf":{"@id":"https:\/\/ivam.es\/es\/#website"},"primaryImageOfPage":{"@id":"https:\/\/ivam.es\/es\/sala-ignacio-pinazo\/#primaryimage"},"image":{"@id":"https:\/\/ivam.es\/es\/sala-ignacio-pinazo\/#primaryimage"},"thumbnailUrl":"https:\/\/ivam.es\/wp-content\/uploads\/page\/sala-ignacio-pinazo\/Captura-de-pantalla-2024-04-26-a-las-12.01.34-1.png","datePublished":"2024-04-26T10:02:23+00:00","dateModified":"2026-04-22T10:55:18+00:00","breadcrumb":{"@id":"https:\/\/ivam.es\/es\/sala-ignacio-pinazo\/#breadcrumb"},"inLanguage":"es","potentialAction":[{"@type":"ReadAction","target":["https:\/\/ivam.es\/es\/sala-ignacio-pinazo\/"]}]},{"@type":"ImageObject","inLanguage":"es","@id":"https:\/\/ivam.es\/es\/sala-ignacio-pinazo\/#primaryimage","url":"https:\/\/ivam.es\/wp-content\/uploads\/page\/sala-ignacio-pinazo\/Captura-de-pantalla-2024-04-26-a-las-12.01.34-1.png","contentUrl":"https:\/\/ivam.es\/wp-content\/uploads\/page\/sala-ignacio-pinazo\/Captura-de-pantalla-2024-04-26-a-las-12.01.34-1.png","width":1058,"height":622},{"@type":"BreadcrumbList","@id":"https:\/\/ivam.es\/es\/sala-ignacio-pinazo\/#breadcrumb","itemListElement":[{"@type":"ListItem","position":1,"name":"Home","item":"https:\/\/ivam.es\/es\/"},{"@type":"ListItem","position":2,"name":"SALA IGNACIO PINAZO"}]},{"@type":"WebSite","@id":"https:\/\/ivam.es\/es\/#website","url":"https:\/\/ivam.es\/es\/","name":"IVAM","description":"Institut Valenci\u00e0 d&#039;Art Modern","publisher":{"@id":"https:\/\/ivam.es\/es\/#organization"},"potentialAction":[{"@type":"SearchAction","target":{"@type":"EntryPoint","urlTemplate":"https:\/\/ivam.es\/es\/?s={search_term_string}"},"query-input":{"@type":"PropertyValueSpecification","valueRequired":true,"valueName":"search_term_string"}}],"inLanguage":"es"},{"@type":"Organization","@id":"https:\/\/ivam.es\/es\/#organization","name":"IVAM","url":"https:\/\/ivam.es\/es\/","logo":{"@type":"ImageObject","inLanguage":"es","@id":"https:\/\/ivam.es\/es\/#\/schema\/logo\/image\/","url":"https:\/\/ivam.es\/wp-content\/uploads\/logo-ok-512.png","contentUrl":"https:\/\/ivam.es\/wp-content\/uploads\/logo-ok-512.png","width":512,"height":512,"caption":"IVAM"},"image":{"@id":"https:\/\/ivam.es\/es\/#\/schema\/logo\/image\/"}}]}},"_links":{"self":[{"href":"https:\/\/ivam.es\/es\/wp-json\/wp\/v2\/pages\/87059","targetHints":{"allow":["GET"]}}],"collection":[{"href":"https:\/\/ivam.es\/es\/wp-json\/wp\/v2\/pages"}],"about":[{"href":"https:\/\/ivam.es\/es\/wp-json\/wp\/v2\/types\/page"}],"author":[{"embeddable":true,"href":"https:\/\/ivam.es\/es\/wp-json\/wp\/v2\/users\/291"}],"replies":[{"embeddable":true,"href":"https:\/\/ivam.es\/es\/wp-json\/wp\/v2\/comments?post=87059"}],"version-history":[{"count":20,"href":"https:\/\/ivam.es\/es\/wp-json\/wp\/v2\/pages\/87059\/revisions"}],"predecessor-version":[{"id":115572,"href":"https:\/\/ivam.es\/es\/wp-json\/wp\/v2\/pages\/87059\/revisions\/115572"}],"wp:featuredmedia":[{"embeddable":true,"href":"https:\/\/ivam.es\/es\/wp-json\/wp\/v2\/media\/87083"}],"wp:attachment":[{"href":"https:\/\/ivam.es\/es\/wp-json\/wp\/v2\/media?parent=87059"}],"curies":[{"name":"wp","href":"https:\/\/api.w.org\/{rel}","templated":true}]}}