{"id":63092,"date":"2022-06-08T10:16:52","date_gmt":"2022-06-08T08:16:52","guid":{"rendered":"\/?page_id=63092"},"modified":"2023-06-08T14:17:05","modified_gmt":"2023-06-08T12:17:05","slug":"articulacions-programa-destudis-ivam-uv-upv-22-23","status":"publish","type":"page","link":"https:\/\/ivam.es\/es\/articulacions-programa-destudis-ivam-uv-upv-22-23\/","title":{"rendered":"Articulacions &#8211; programa d&#8217;estudis IVAM \u00b7 UV \u00b7 UPV 22\/23"},"content":{"rendered":"\n<p><strong>1\u00aa EDICI\u00d3N del 6 de octubre 2022 al 30 junio 2023<\/strong><\/p>\n\n\n\n<p><span data-contrast=\"none\">El arte contempor\u00e1neo est\u00e1 en constante fricci\u00f3n con otras disciplinas del saber y pr\u00e1cticas culturales, cuestiones de inter\u00e9s social y espacio p\u00fablico. Cada uno de estos v\u00e9rtices convergen de forma particular en un \u2018museo metab\u00f3lico\u2019 como el que aspira a propiciar el IVAM: una instituci\u00f3n atravesada por la crisis \u2014econ\u00f3mica, cultural y \u00e9tica\u2014 y la transformaci\u00f3n. Un museo formado por una serie de \u00f3rganos que conforman un cuerpo que se nutre de la fricci\u00f3n con otros cuerpos en circulaci\u00f3n. Este es el esp\u00edritu que inspira ARTICULACIONS, un programa creado a partir de dos certificaciones acad\u00e9micas: la primera, llevada a cabo durante el primer cuatrimestre en colaboraci\u00f3n con la Universitat de Val\u00e8ncia y, la otra, en el segundo cuatrimestre, en colaboraci\u00f3n con la Universitat Polit\u00e8cnica de Val\u00e8ncia.&nbsp;&nbsp;<\/span><span data-contrast=\"auto\">&nbsp;<\/span><span data-ccp-props=\"{&quot;335551550&quot;:6,&quot;335551620&quot;:6}\">&nbsp;<\/span><\/p>\n\n\n\n<p><span data-contrast=\"auto\">Como programa internacional, aunque anclado a un territorio, pretende generar un contexto de aprendizaje desde el que afrontar las urgencias e incertidumbres de un presente global herido, que requiere de nuevos m\u00e9todos de trabajo y formas de estar en el mundo. El programa da importancia al trabajo colaborativo precisamente con este fin: con la voluntad de aprender de las personas que nos rodean, desarrollar ideas y dar forma a nuevos conocimientos. Los feminismos posidentitarios, las pr\u00e1cticas populares y decoloniales, los procesos de mundializaci\u00f3n y virtualidad, las narrativas especulativas y colectivas o los cuidados del planeta son los marcos que definen la organizaci\u00f3n de los cuatro m\u00f3dulos del programa: <\/span><i><span data-contrast=\"auto\">Pr\u00e1cticas metab\u00f3licas contempor\u00e1neas<\/span><\/i><span data-contrast=\"auto\">, <\/span><i><span data-contrast=\"auto\">Quiebres y remediaciones del discurso,<\/span><\/i> <i><span data-contrast=\"auto\">Caminando con la cabeza, pensando con los pies <\/span><\/i><span data-contrast=\"auto\">y, en \u00faltima instancia, <\/span><i><span data-contrast=\"auto\">Proyecto final.<\/span><\/i><span data-ccp-props=\"{&quot;335551550&quot;:6,&quot;335551620&quot;:6,&quot;335559731&quot;:720}\">&nbsp;<\/span><\/p>\n\n\n\n<p><span data-contrast=\"auto\">El alumnado que se una al programa formar\u00e1 parte de un proyecto institucional heterodoxo, centrado en atender con cuidado a los procesos de creaci\u00f3n y pensamiento m\u00e1s all\u00e1 de los resultados. En definitiva, te unes para \u2018hacer-con\u2019 una comunidad de estudiantes, docentes con perfiles acad\u00e9micos distintos y profesionales del sector, procedentes de diversas geograf\u00edas cuyas pr\u00e1cticas moldean, de forma incisiva y cr\u00edtica, c\u00f3mo se entiende, ensaya y piensa el arte contempor\u00e1neo en sus diferentes expresiones.&nbsp;<\/span><span data-ccp-props=\"{&quot;335551550&quot;:6,&quot;335551620&quot;:6,&quot;335559731&quot;:720}\">&nbsp;<\/span><\/p>\n\n\n\n<p><span data-contrast=\"auto\">De esta manera adquirir\u00e1s unas habilidades cr\u00edticas transdisciplinares que te permitir\u00e1n analizar, dise\u00f1ar y crear proyectos culturales de diversa naturaleza, tanto de forma individual como colectiva. Los proyectos finales del programa se materializar\u00e1n en el IVAM y organizaciones asociadas, ofreciendo la posibilidad de llevar a cabo una pr\u00e1ctica program\u00e1tica real.&nbsp;<\/span><\/p>\n\n\n\n<p>Puedes explorar el archivo generado a partir de los diversos encuentros y registros de la primera edici\u00f3n <a href=\"https:\/\/ivam.es\/es\/actividades\/articulacions-programa-publico-22-23\/\">aqu\u00ed<\/a>.<\/p>\n\n\n\n<p><a href=\"\/wp-content\/uploads\/Dosier-articulacions-22-julio-ESP.pdf\">DESCARGA EL PROGRAMA<\/a><\/p>\n\n\n\n<p><a href=\"\/wp-content\/uploads\/Dosier-articulacions-29-junio-VAL.pdf\">PREGUNTAS FRECUENTES<\/a><\/p>\n\n\n\n<p><strong>M\u00d3DULOS<\/strong><span data-ccp-props=\"{&quot;335551550&quot;:6,&quot;335551620&quot;:6}\">&nbsp;<\/span><\/p>\n\n\n\n<p><span data-contrast=\"none\">Los m\u00f3dulos responder\u00e1n a las urgencias de nuestro presente a trav\u00e9s de <\/span><strong>pr\u00e1cticas, discursos, metodolog\u00edas y proyectos art\u00edsticos<\/strong> <span data-contrast=\"none\">en di\u00e1logo con los siguientes n\u00facleos program\u00e1ticos:&nbsp;<\/span><span data-ccp-props=\"{&quot;335551550&quot;:6,&quot;335551620&quot;:6}\">&nbsp;<\/span><\/p>\n\n\n\n<ul class=\"wp-block-list\"><li data-leveltext=\"\uf0b7\" data-font=\"Symbol\" data-listid=\"1\" data-list-defn-props=\"{&quot;335552541&quot;:1,&quot;335559684&quot;:-2,&quot;335559685&quot;:720,&quot;335559991&quot;:360,&quot;469769226&quot;:&quot;Symbol&quot;,&quot;469769242&quot;:[8226],&quot;469777803&quot;:&quot;left&quot;,&quot;469777804&quot;:&quot;\uf0b7&quot;,&quot;469777815&quot;:&quot;hybridMultilevel&quot;}\" aria-setsize=\"-1\" data-aria-posinset=\"1\" data-aria-level=\"1\"><span data-contrast=\"none\">feminismos posidentitarios <\/span><span data-ccp-props=\"{&quot;335551550&quot;:6,&quot;335551620&quot;:6}\">&nbsp;<\/span><\/li><li data-leveltext=\"\uf0b7\" data-font=\"Symbol\" data-listid=\"1\" data-list-defn-props=\"{&quot;335552541&quot;:1,&quot;335559684&quot;:-2,&quot;335559685&quot;:720,&quot;335559991&quot;:360,&quot;469769226&quot;:&quot;Symbol&quot;,&quot;469769242&quot;:[8226],&quot;469777803&quot;:&quot;left&quot;,&quot;469777804&quot;:&quot;\uf0b7&quot;,&quot;469777815&quot;:&quot;hybridMultilevel&quot;}\" aria-setsize=\"-1\" data-aria-posinset=\"2\" data-aria-level=\"1\"><span data-contrast=\"none\">pr\u00e1cticas populares y decoloniales&nbsp;<\/span><\/li><li data-leveltext=\"\uf0b7\" data-font=\"Symbol\" data-listid=\"1\" data-list-defn-props=\"{&quot;335552541&quot;:1,&quot;335559684&quot;:-2,&quot;335559685&quot;:720,&quot;335559991&quot;:360,&quot;469769226&quot;:&quot;Symbol&quot;,&quot;469769242&quot;:[8226],&quot;469777803&quot;:&quot;left&quot;,&quot;469777804&quot;:&quot;\uf0b7&quot;,&quot;469777815&quot;:&quot;hybridMultilevel&quot;}\" aria-setsize=\"-1\" data-aria-posinset=\"2\" data-aria-level=\"1\"><span data-contrast=\"none\">procesos de mundializaci\u00f3n y virtualidad&nbsp;<\/span><span data-ccp-props=\"{&quot;335551550&quot;:6,&quot;335551620&quot;:6}\">&nbsp;<\/span><\/li><li data-leveltext=\"\uf0b7\" data-font=\"Symbol\" data-listid=\"1\" data-list-defn-props=\"{&quot;335552541&quot;:1,&quot;335559684&quot;:-2,&quot;335559685&quot;:720,&quot;335559991&quot;:360,&quot;469769226&quot;:&quot;Symbol&quot;,&quot;469769242&quot;:[8226],&quot;469777803&quot;:&quot;left&quot;,&quot;469777804&quot;:&quot;\uf0b7&quot;,&quot;469777815&quot;:&quot;hybridMultilevel&quot;}\" aria-setsize=\"-1\" data-aria-posinset=\"2\" data-aria-level=\"1\"><span data-contrast=\"none\">narrativas especulativas y colectivas&nbsp;&nbsp;<\/span><span data-ccp-props=\"{&quot;335551550&quot;:6,&quot;335551620&quot;:6}\">&nbsp;<\/span><\/li><li data-leveltext=\"\uf0b7\" data-font=\"Symbol\" data-listid=\"1\" data-list-defn-props=\"{&quot;335552541&quot;:1,&quot;335559684&quot;:-2,&quot;335559685&quot;:720,&quot;335559991&quot;:360,&quot;469769226&quot;:&quot;Symbol&quot;,&quot;469769242&quot;:[8226],&quot;469777803&quot;:&quot;left&quot;,&quot;469777804&quot;:&quot;\uf0b7&quot;,&quot;469777815&quot;:&quot;hybridMultilevel&quot;}\" aria-setsize=\"-1\" data-aria-posinset=\"2\" data-aria-level=\"1\"><span data-contrast=\"none\">cuidados del planeta&nbsp;&nbsp;<\/span><span data-ccp-props=\"{&quot;335551550&quot;:6,&quot;335551620&quot;:6}\">&nbsp;<\/span><\/li><\/ul>\n\n\n\n<p><strong>M\u00f3dulo 1 \u00b7 Pr\u00e1cticas<\/strong><br><strong><i>Pr\u00e1cticas metab\u00f3licas contempor\u00e1neas&nbsp;<\/i><\/strong><span data-ccp-props=\"{&quot;335551550&quot;:6,&quot;335551620&quot;:6}\"><br><\/span><span data-contrast=\"none\">Las pr\u00e1cticas art\u00edsticas y de mediaci\u00f3n definen la primera unidad que nos permitir\u00e1 adentrarnos en los procesos civiles que dan forma a nuestros archivos y colecciones. A trav\u00e9s de la inmersi\u00f3n en el museo y en otras organizaciones sociales, y de las miradas pr\u00e1cticas de sus profesionales en forma de conferencias, laboratorios y talleres, podremos desarrollar una visi\u00f3n compleja y cr\u00edtica de la ecolog\u00eda art\u00edstica. Dichas pr\u00e1cticas metab\u00f3licas servir\u00e1n de puente entre el museo y la academia, pero tambi\u00e9n entre las instituciones y lo real.<\/span><\/p>\n\n\n\n<p><strong>M\u00f3dulo 2 \u00b7 Discursos<\/strong><br><i><strong>Quiebres y remediaciones del discurso<\/strong>&nbsp;<\/i><span data-ccp-props=\"{&quot;335551550&quot;:6,&quot;335551620&quot;:6}\"><br><\/span><span data-contrast=\"none\">El pensamiento en acci\u00f3n y los discursos que han dado forma a aquello que llamamos modernidad, as\u00ed como las fracturas que han permitido desestabilizar el statu quo, definen el segundo m\u00f3dulo. A trav\u00e9s de charlas, conferencias, seminarios y talleres, las personas que participen en el programa se involucrar\u00e1n en un proceso de aprendizaje que abrir\u00e1 nuevos caminos para entender c\u00f3mo abordar las diversas quiebras civilizatorias mediante el desarrollo de nuevos procesos de remediaci\u00f3n democr\u00e1ticos, feministas, ecologistas, decoloniales, tecnol\u00f3gicos, urbanos y ciudadanos.<\/span><b><span data-contrast=\"none\">&nbsp;<\/span><\/b><span data-ccp-props=\"{&quot;335551550&quot;:6,&quot;335551620&quot;:6}\">&nbsp;<\/span><\/p>\n\n\n\n<p><strong>M\u00f3dulo 3 \u00b7 Metodolog\u00edas<\/strong><br><strong><i>Caminando con la cabeza, pensando con los pies&nbsp;<\/i><\/strong><span data-ccp-props=\"{&quot;335551550&quot;:6,&quot;335551620&quot;:6}\"><br><\/span><span data-contrast=\"none\">El tercer m\u00f3dulo nos permitir\u00e1 \u201cdigerir\u2019 los planteamientos te\u00f3ricos y pr\u00e1cticas culturales desarrollados en el marco del programa (saberes cr\u00edticos, de gesti\u00f3n, mediaci\u00f3n, producci\u00f3n art\u00edstica, investigaci\u00f3n, etc.) con el fin de articular las propuestas metodol\u00f3gicas que definir\u00e1n los proyectos finales. Esta experiencia heterodoxa y metodolog\u00edas experimentales contribuir\u00e1n a ampliar los roles, herramientas y espacios que definen aquello que denominamos lo contempor\u00e1neo. <\/span><span data-ccp-props=\"{&quot;335551550&quot;:6,&quot;335551620&quot;:6}\">&nbsp;<\/span><\/p>\n\n\n\n<p><strong>M\u00f3dulo 4 \u00b7 Proyecto Final<\/strong><span data-ccp-props=\"{&quot;335551550&quot;:6,&quot;335551620&quot;:6}\"><br><\/span><span data-contrast=\"none\">Un proyecto de escritura expandida (individual) y un proyecto de programaci\u00f3n, mediaci\u00f3n, creaci\u00f3n o performativo (colectivo) dar\u00e1n forma a los proyectos finales del primer y segundo cuatrimestre, respectivamente. En junio de 2023 se realizar\u00e1n jornadas de presentaciones abiertas al p\u00fablico como parte de la programaci\u00f3n del IVAM y sus organizaciones asociadas.<\/span><span data-ccp-props=\"{&quot;335551550&quot;:6,&quot;335551620&quot;:6}\">&nbsp;<\/span><\/p>\n\n\n\n<p><strong>EQUIPO DOCENTE<\/strong><\/p>\n\n\n\n<p><strong>Responsables acad\u00e9micos:<\/strong><span data-contrast=\"none\"> Laura Vall\u00e9s V\u00edlchez (IVAM), Hasan G. L\u00f3pez (UV), Eva \u00c1lvarez y Carlos G\u00f3mez (UPV)<\/span><span data-ccp-props=\"{&quot;335551550&quot;:1,&quot;335551620&quot;:1}\">&nbsp;<\/span><\/p>\n\n\n\n<p><strong>Responsables de tutor\u00edas y proyectos: <\/strong><span data-contrast=\"none\">Societat Doctor Alonso (Sof\u00eda Asencio y Tom\u00e1s Aragay), Taller Placer (Paula Miralles y Vicente Arlandis) y Migue Mart\u00ednez&nbsp;<\/span><span data-ccp-props=\"{&quot;335551550&quot;:6,&quot;335551620&quot;:6}\">&nbsp;<\/span><\/p>\n\n\n\n<p><strong><i>Pr\u00e1cticas metab\u00f3licas contempor\u00e1neas<\/i>:<\/strong>\u202f<span data-ccp-props=\"{&quot;335551550&quot;:6,&quot;335551620&quot;:6}\"><br><strong>IVAM:<\/strong> Tania Adam (periodista y productora cultural); Laura Ben\u00edtez (investigadora); Silvia Bottiroli (curadora especialista en <\/span><i><span data-contrast=\"none\">performance<\/span><\/i><span data-contrast=\"none\">); Cooking Sections (artistas); Joven de la Perla (artista); Isabel de Naver\u00e1n (artista y escritora); Yinka Esi Graves (bailaora de flamenco); Elvira Espejo Ayca (tejedora, oradora y directora del MUSEF); Radicantes (Mireia Ferrer,\u202fRoc\u00edo P\u00e9rez y Tatiana Clavel, cuidadoras de danza y otras especies); Diana Guijarro (curadora), Alba Herrero (investigadora social); Yuk Hui (fil\u00f3sofo); Paco Incl\u00e1n (escritor); Juan Jos\u00e9 Lahuerta (arquitecto y director de la C\u00e1tedra Gaud\u00ed en Universitat Polit\u00e8cnica de Catalunya); Teresa Lanceta (artista); Programa d&#8217;Art i Context (Ali A. Maderuelo y Julia Castell\u00f3, curadores); Andr\u00e9 Lepecki (escritor y curador de <\/span><i><span data-contrast=\"none\">performance<\/span><\/i><span data-contrast=\"none\">) Irene Ll\u00e0cer (t\u00e9cnica de educaci\u00f3n y programas culturales del IVAM); Nicolas Malev\u00e9 (artista y activista <\/span><i><span data-contrast=\"none\">software<\/span><\/i><span data-contrast=\"none\">); Raquel Manchado (artista y coleccionista de artefactos mis\u00f3ginos); Anna Manubens (comisaria y directora de Hangar); Ana Penyas (ilustradora); Suely Rolnik (psicoanalista); Pedro G. Romero (artista); Carles \u00c0. Saur\u00ed (curador y director del Espai d\u2019Art Contemporani de Castell\u00f3); Clara Solbes (historiadora del arte especialista en estudios de g\u00e9nero); Andrea Soto Calder\u00f3n (investigadora y fil\u00f3sofa de la imagen); Isidoro Valc\u00e1rcel Medina (artista); Dani Zelko (poeta)<\/span>; Mar\u00eda Puig de la Bellacasa (investigadora), Cl\u00e9mentine Deliss (curadora) y Conflu\u00e8ncies (Eva Bravo, arque\u00f3loga).<\/p>\n\n\n\n<p><strong><i>Quiebres y remediaciones del discurso<\/i>:&nbsp;<\/strong><span data-ccp-props=\"{&quot;335551550&quot;:6,&quot;335551620&quot;:6}\"><br><\/span><span data-contrast=\"none\"><strong>Universitat de Val\u00e8ncia<\/strong>:\u202fSalom\u00e9 Carvajal (investigadora en Formaci\u00f3n Instituto Universitario de Estudios de la Mujer), Mireia Ferrer \u00c1lvarez (profesora del \u00e1rea de Historia del arte de la Facultad de Geograf\u00eda e Historia); Anacleto Ferrer Mas (catedr\u00e1tico del \u00e1rea de Est\u00e9tica y Teor\u00eda de las Artes de la Facultad de Filosof\u00eda); Hasan G. L\u00f3pez (profesor del \u00e1rea de Est\u00e9tica y Teor\u00eda del Arte de la Facultad de Filosof\u00eda); Carme Melo (profesora del \u00e1rea de Geograf\u00eda Humana de la Facultad de Geograf\u00eda); Eva Momp\u00f3 L\u00f3pez (profesora del \u00e1rea de Did\u00e1ctica y Organizaci\u00f3n Escolar de la Facultad de Ciencias de la Educaci\u00f3n); Jaume Peris (profesor del \u00e1rea de Literatura espa\u00f1ola de la Facultad de Filolog\u00eda y Ciencias de la Comunicaci\u00f3n); Nicol\u00e1s S\u00e1nchez Dur\u00e1 (catedr\u00e1tico del \u00e1rea de Metaf\u00edsica de la Facultad de Filosof\u00eda); Beatriz Santamarina&nbsp; Campos (profesora del \u00e1rea de Antropolog\u00eda Social y Cultural de la Facultad de Ciencias Sociales); Teresa Vicente Rabanaque (profesora del \u00e1rea de Antropolog\u00eda Social y Cultural de la Facultad de Ciencias Sociales); Vanessa Vidal (profesora del \u00e1rea de Est\u00e9tica y Teor\u00eda del Arte de la Facultad de Filosof\u00eda<\/span>).<span data-ccp-props=\"{&quot;335551550&quot;:6,&quot;335551620&quot;:6}\">&nbsp;<\/span><\/p>\n\n\n\n<p><span data-contrast=\"none\"><strong>Universitat Polit\u00e8cnica de Val\u00e8ncia<\/strong>: Juan Vicente Aliaga (profesor de g\u00e9nero, sexualidad, pol\u00edticas en las pr\u00e1cticas art\u00edsticas contempor\u00e1neas en la Facultad de Bellas Artes); Eva \u00c1lvarez (profesora del departamento de Proyectos Arquitect\u00f3nicos de la UPV); David Barber\u00e0 (profesor de Gesti\u00f3n de la innovaci\u00f3n y la tecnolog\u00eda en la Escuela T\u00e9cnica Superior de Ingenier\u00eda Industrial); Carlos G\u00f3mez (profesor del departamento de Proyectos Arquitect\u00f3nicos de la UPV); Mijo Miquel (profesora de Teor\u00eda y Pr\u00e1cticas Visuales en la Ciudad Contempor\u00e1nea en la Facultad de Bellas Artes); Guille Palau (<\/span><span data-contrast=\"none\">director del Departamento de Ingenier\u00eda Rural y Agroalimentaria, <\/span><span data-contrast=\"none\">e<\/span><span data-contrast=\"none\">xperto en creatividad aplicada, innovaci\u00f3n y gesti\u00f3n de equipos),<\/span><span data-contrast=\"none\"> Marina Pastor (directora del Departamento de Escultura en la Facultad de Bellas Artes), y Guillermo Ros (profesor de escultura en la Facultad de Bellas Artes).<\/span><span data-ccp-props=\"{&quot;335551550&quot;:6,&quot;335551620&quot;:6}\">&nbsp;<\/span><\/p>\n\n\n\n<p><strong><i>Caminando con la cabeza, pensando con los pies<\/i>:\u202f\u202f<\/strong><span data-ccp-props=\"{&quot;335551550&quot;:6,&quot;335551620&quot;:6}\"><br><\/span><span data-contrast=\"none\">Migue Mart\u00ednez Garc\u00eda (investigador); Societat Doctor Alonso (Sof\u00eda Asencio y Tom\u00e1s Aragay, dramaturgos y <\/span><i><span data-contrast=\"none\">performers<\/span><\/i><span data-contrast=\"none\">), Taller Placer (Paula Miralles, Vicente Arlandis, artistas) y Laura Vall\u00e9s V\u00edlchez (curadora, docente del Royal College of Arts y directora de Concreta).<\/span><span data-ccp-props=\"{&quot;335551550&quot;:6,&quot;335551620&quot;:6}\">&nbsp;<\/span><\/p>\n\n\n\n<p><strong>Proyecto final<\/strong><span data-ccp-props=\"{&quot;335551550&quot;:6,&quot;335551620&quot;:6}\"><br><\/span><span data-contrast=\"none\">Nuria Enguita (directora del IVAM), Sonia Mart\u00ednez (directora adjunta del IVAM), Hasan G. L\u00f3pez (UV), Eva \u00c1lvarez y Carlos Jos\u00e9 G\u00f3mez Alfonso (UPV), Sof\u00eda Asencio, Tom\u00e1s Aragay, Paula Miralles, Vicente Arlandis, Migue Mart\u00ednez Garc\u00eda y Laura Vall\u00e9s V\u00edlchez (docentes del m\u00f3dulo <\/span><i><span data-contrast=\"none\">Caminando con la cabeza, pensando con los pies<\/span><\/i><span data-contrast=\"none\">).<\/span><span data-ccp-props=\"{&quot;335551550&quot;:6,&quot;335551620&quot;:6}\">&nbsp;<\/span><\/p>\n\n\n\n<p><span data-contrast=\"none\"><strong>TITULACI\u00d3N:<\/strong>&nbsp; <\/span><span data-contrast=\"none\">UV: Certificaci\u00f3n en <em>Articulaciones. <i>Pensamiento y pr\u00e1cticas cr\u00edticas&nbsp;<\/i><i>IVAM<\/i><\/em>&nbsp;(30 ECTS) + UPV: Diploma de Extensi\u00f3n Universitaria en <em>Articulaciones. Pr\u00e1cticas art\u00edsticas contempor\u00e1neas IVAM<\/em> (30 ECTS).<br>El programa de estudios est\u00e1 dise\u00f1ado para cursarse de forma conjunta y consecutiva en el IVAM. Cada universidad certificar\u00e1 un cuatrimestre del mismo. En el proceso de admisi\u00f3n se valorar\u00e1 favorablemente a aquellas personas que comuniquen su voluntad de matricularse en ambas certificaciones.&nbsp;<\/span><\/p>\n\n\n\n<p><span data-contrast=\"none\"><strong>FECHAS:<\/strong> 06.10.22 &#8211; 30.06.2023<\/span><\/p>\n\n\n\n<p><span data-contrast=\"none\"><strong>REQUISITOS<\/strong>: Inter\u00e9s en las pr\u00e1cticas art\u00edsticas contempor\u00e1neas, el pensamiento cr\u00edtico, la est\u00e9tica y las historias del arte. No se necesita titulaci\u00f3n previa.&nbsp;<\/span><span data-ccp-props=\"{&quot;335551550&quot;:2,&quot;335551620&quot;:2}\"><br><\/span><span data-contrast=\"none\">No se necesita titulaci\u00f3n previa.<\/span><span data-ccp-props=\"{&quot;335551550&quot;:2,&quot;335551620&quot;:2}\">&nbsp;<\/span><\/p>\n\n\n\n<p><span data-contrast=\"none\"><strong>MODALIDAD:<\/strong>&nbsp; <\/span><span data-contrast=\"none\">Presencial.<\/span><span data-ccp-props=\"{&quot;335551550&quot;:2,&quot;335551620&quot;:2}\">&nbsp;<\/span><\/p>\n\n\n\n<p><span data-contrast=\"none\"><strong>HORARIO:<\/strong>&nbsp; Ma\u00f1anas de mi\u00e9rcoles a viernes. (Algunas semanas las sesiones pueden extenderse al lunes y martes). *<\/span><span data-ccp-props=\"{&quot;335551550&quot;:2,&quot;335551620&quot;:2}\"><br><\/span><span data-contrast=\"none\">*Posibilidad de complementar con programaci\u00f3n optativa del museo y entidades afines fuera de horario.<\/span><span data-ccp-props=\"{&quot;335551550&quot;:2,&quot;335551620&quot;:2}\">&nbsp;<\/span><\/p>\n\n\n\n<p><span data-contrast=\"none\"><strong>LUGAR:<\/strong> IVAM. Centre Julio Gonz\u00e1lez<br>Algunas sesiones podr\u00e1n realizarse en las universidades y en otros espacios colaboradores.&nbsp;<\/span><\/p>\n\n\n\n<p><strong>CONTACTO: <\/strong><a href=\"mailto:Coord_ext_articulacions@ivam.es\"><span data-contrast=\"none\">coord_ext_articulacions@ivam.es<\/span><\/a><span data-ccp-props=\"{&quot;335551550&quot;:2,&quot;335551620&quot;:2}\">&nbsp;<\/span><\/p>\n\n\n\n<p><span data-contrast=\"none\"><strong>+ INFO:<\/strong> www.ivam.es\/articulacions<\/span><\/p>\n\n\n\n<p><span data-ccp-props=\"{&quot;335551550&quot;:6,&quot;335551620&quot;:6}\">&nbsp;<\/span><\/p>\n","protected":false},"excerpt":{"rendered":"<p>1\u00aa EDICI\u00d3N del 6 de octubre 2022 al 30 junio 2023 El arte contempor\u00e1neo est\u00e1 en constante fricci\u00f3n con otras disciplinas del saber y pr\u00e1cticas culturales, cuestiones de inter\u00e9s social y espacio p\u00fablico. Cada uno de estos v\u00e9rtices convergen de forma particular en un \u2018museo metab\u00f3lico\u2019 como el que aspira a propiciar el IVAM: una [&hellip;]<\/p>\n","protected":false},"author":3,"featured_media":0,"parent":0,"menu_order":127,"comment_status":"closed","ping_status":"closed","template":"","meta":{"footnotes":""},"class_list":["post-63092","page","type-page","status-publish","hentry"],"yoast_head":"<!-- This site is optimized with the Yoast SEO plugin v26.0 - https:\/\/yoast.com\/wordpress\/plugins\/seo\/ -->\n<title>Articulacions - programa d&#039;estudis IVAM \u00b7 UV \u00b7 UPV 22\/23 - IVAM<\/title>\n<meta name=\"robots\" content=\"index, follow, max-snippet:-1, max-image-preview:large, max-video-preview:-1\" \/>\n<link rel=\"canonical\" href=\"https:\/\/ivam.es\/es\/articulacions-programa-destudis-ivam-uv-upv-22-23\/\" \/>\n<meta property=\"og:locale\" content=\"es_ES\" \/>\n<meta property=\"og:type\" content=\"article\" \/>\n<meta property=\"og:title\" content=\"Articulacions - programa d&#039;estudis IVAM \u00b7 UV \u00b7 UPV 22\/23 - IVAM\" \/>\n<meta property=\"og:description\" content=\"1\u00aa EDICI\u00d3N del 6 de octubre 2022 al 30 junio 2023 El arte contempor\u00e1neo est\u00e1 en constante fricci\u00f3n con otras disciplinas del saber y pr\u00e1cticas culturales, cuestiones de inter\u00e9s social y espacio p\u00fablico. Cada uno de estos v\u00e9rtices convergen de forma particular en un \u2018museo metab\u00f3lico\u2019 como el que aspira a propiciar el IVAM: una [&hellip;]\" \/>\n<meta property=\"og:url\" content=\"https:\/\/ivam.es\/es\/articulacions-programa-destudis-ivam-uv-upv-22-23\/\" \/>\n<meta property=\"og:site_name\" content=\"IVAM\" \/>\n<meta property=\"article:modified_time\" content=\"2023-06-08T12:17:05+00:00\" \/>\n<meta name=\"twitter:card\" content=\"summary_large_image\" \/>\n<meta name=\"twitter:label1\" content=\"Tiempo de lectura\" \/>\n\t<meta name=\"twitter:data1\" content=\"9 minutos\" \/>\n<script type=\"application\/ld+json\" class=\"yoast-schema-graph\">{\"@context\":\"https:\/\/schema.org\",\"@graph\":[{\"@type\":\"WebPage\",\"@id\":\"https:\/\/ivam.es\/es\/articulacions-programa-destudis-ivam-uv-upv-22-23\/\",\"url\":\"https:\/\/ivam.es\/es\/articulacions-programa-destudis-ivam-uv-upv-22-23\/\",\"name\":\"Articulacions - programa d'estudis IVAM \u00b7 UV \u00b7 UPV 22\/23 - IVAM\",\"isPartOf\":{\"@id\":\"https:\/\/ivam.es\/es\/#website\"},\"datePublished\":\"2022-06-08T08:16:52+00:00\",\"dateModified\":\"2023-06-08T12:17:05+00:00\",\"breadcrumb\":{\"@id\":\"https:\/\/ivam.es\/es\/articulacions-programa-destudis-ivam-uv-upv-22-23\/#breadcrumb\"},\"inLanguage\":\"es\",\"potentialAction\":[{\"@type\":\"ReadAction\",\"target\":[\"https:\/\/ivam.es\/es\/articulacions-programa-destudis-ivam-uv-upv-22-23\/\"]}]},{\"@type\":\"BreadcrumbList\",\"@id\":\"https:\/\/ivam.es\/es\/articulacions-programa-destudis-ivam-uv-upv-22-23\/#breadcrumb\",\"itemListElement\":[{\"@type\":\"ListItem\",\"position\":1,\"name\":\"Home\",\"item\":\"https:\/\/ivam.es\/es\/\"},{\"@type\":\"ListItem\",\"position\":2,\"name\":\"Articulacions &#8211; programa d&#8217;estudis IVAM \u00b7 UV \u00b7 UPV 22\/23\"}]},{\"@type\":\"WebSite\",\"@id\":\"https:\/\/ivam.es\/es\/#website\",\"url\":\"https:\/\/ivam.es\/es\/\",\"name\":\"IVAM\",\"description\":\"Institut Valenci\u00e0 d&#039;Art Modern\",\"publisher\":{\"@id\":\"https:\/\/ivam.es\/es\/#organization\"},\"potentialAction\":[{\"@type\":\"SearchAction\",\"target\":{\"@type\":\"EntryPoint\",\"urlTemplate\":\"https:\/\/ivam.es\/es\/?s={search_term_string}\"},\"query-input\":{\"@type\":\"PropertyValueSpecification\",\"valueRequired\":true,\"valueName\":\"search_term_string\"}}],\"inLanguage\":\"es\"},{\"@type\":\"Organization\",\"@id\":\"https:\/\/ivam.es\/es\/#organization\",\"name\":\"IVAM\",\"url\":\"https:\/\/ivam.es\/es\/\",\"logo\":{\"@type\":\"ImageObject\",\"inLanguage\":\"es\",\"@id\":\"https:\/\/ivam.es\/es\/#\/schema\/logo\/image\/\",\"url\":\"https:\/\/ivam.es\/wp-content\/uploads\/logo-ok-512.png\",\"contentUrl\":\"https:\/\/ivam.es\/wp-content\/uploads\/logo-ok-512.png\",\"width\":512,\"height\":512,\"caption\":\"IVAM\"},\"image\":{\"@id\":\"https:\/\/ivam.es\/es\/#\/schema\/logo\/image\/\"}}]}<\/script>\n<!-- \/ Yoast SEO plugin. -->","yoast_head_json":{"title":"Articulacions - programa d'estudis IVAM \u00b7 UV \u00b7 UPV 22\/23 - IVAM","robots":{"index":"index","follow":"follow","max-snippet":"max-snippet:-1","max-image-preview":"max-image-preview:large","max-video-preview":"max-video-preview:-1"},"canonical":"https:\/\/ivam.es\/es\/articulacions-programa-destudis-ivam-uv-upv-22-23\/","og_locale":"es_ES","og_type":"article","og_title":"Articulacions - programa d'estudis IVAM \u00b7 UV \u00b7 UPV 22\/23 - IVAM","og_description":"1\u00aa EDICI\u00d3N del 6 de octubre 2022 al 30 junio 2023 El arte contempor\u00e1neo est\u00e1 en constante fricci\u00f3n con otras disciplinas del saber y pr\u00e1cticas culturales, cuestiones de inter\u00e9s social y espacio p\u00fablico. Cada uno de estos v\u00e9rtices convergen de forma particular en un \u2018museo metab\u00f3lico\u2019 como el que aspira a propiciar el IVAM: una [&hellip;]","og_url":"https:\/\/ivam.es\/es\/articulacions-programa-destudis-ivam-uv-upv-22-23\/","og_site_name":"IVAM","article_modified_time":"2023-06-08T12:17:05+00:00","twitter_card":"summary_large_image","twitter_misc":{"Tiempo de lectura":"9 minutos"},"schema":{"@context":"https:\/\/schema.org","@graph":[{"@type":"WebPage","@id":"https:\/\/ivam.es\/es\/articulacions-programa-destudis-ivam-uv-upv-22-23\/","url":"https:\/\/ivam.es\/es\/articulacions-programa-destudis-ivam-uv-upv-22-23\/","name":"Articulacions - programa d'estudis IVAM \u00b7 UV \u00b7 UPV 22\/23 - IVAM","isPartOf":{"@id":"https:\/\/ivam.es\/es\/#website"},"datePublished":"2022-06-08T08:16:52+00:00","dateModified":"2023-06-08T12:17:05+00:00","breadcrumb":{"@id":"https:\/\/ivam.es\/es\/articulacions-programa-destudis-ivam-uv-upv-22-23\/#breadcrumb"},"inLanguage":"es","potentialAction":[{"@type":"ReadAction","target":["https:\/\/ivam.es\/es\/articulacions-programa-destudis-ivam-uv-upv-22-23\/"]}]},{"@type":"BreadcrumbList","@id":"https:\/\/ivam.es\/es\/articulacions-programa-destudis-ivam-uv-upv-22-23\/#breadcrumb","itemListElement":[{"@type":"ListItem","position":1,"name":"Home","item":"https:\/\/ivam.es\/es\/"},{"@type":"ListItem","position":2,"name":"Articulacions &#8211; programa d&#8217;estudis IVAM \u00b7 UV \u00b7 UPV 22\/23"}]},{"@type":"WebSite","@id":"https:\/\/ivam.es\/es\/#website","url":"https:\/\/ivam.es\/es\/","name":"IVAM","description":"Institut Valenci\u00e0 d&#039;Art Modern","publisher":{"@id":"https:\/\/ivam.es\/es\/#organization"},"potentialAction":[{"@type":"SearchAction","target":{"@type":"EntryPoint","urlTemplate":"https:\/\/ivam.es\/es\/?s={search_term_string}"},"query-input":{"@type":"PropertyValueSpecification","valueRequired":true,"valueName":"search_term_string"}}],"inLanguage":"es"},{"@type":"Organization","@id":"https:\/\/ivam.es\/es\/#organization","name":"IVAM","url":"https:\/\/ivam.es\/es\/","logo":{"@type":"ImageObject","inLanguage":"es","@id":"https:\/\/ivam.es\/es\/#\/schema\/logo\/image\/","url":"https:\/\/ivam.es\/wp-content\/uploads\/logo-ok-512.png","contentUrl":"https:\/\/ivam.es\/wp-content\/uploads\/logo-ok-512.png","width":512,"height":512,"caption":"IVAM"},"image":{"@id":"https:\/\/ivam.es\/es\/#\/schema\/logo\/image\/"}}]}},"_links":{"self":[{"href":"https:\/\/ivam.es\/es\/wp-json\/wp\/v2\/pages\/63092","targetHints":{"allow":["GET"]}}],"collection":[{"href":"https:\/\/ivam.es\/es\/wp-json\/wp\/v2\/pages"}],"about":[{"href":"https:\/\/ivam.es\/es\/wp-json\/wp\/v2\/types\/page"}],"author":[{"embeddable":true,"href":"https:\/\/ivam.es\/es\/wp-json\/wp\/v2\/users\/3"}],"replies":[{"embeddable":true,"href":"https:\/\/ivam.es\/es\/wp-json\/wp\/v2\/comments?post=63092"}],"version-history":[{"count":57,"href":"https:\/\/ivam.es\/es\/wp-json\/wp\/v2\/pages\/63092\/revisions"}],"predecessor-version":[{"id":79735,"href":"https:\/\/ivam.es\/es\/wp-json\/wp\/v2\/pages\/63092\/revisions\/79735"}],"wp:attachment":[{"href":"https:\/\/ivam.es\/es\/wp-json\/wp\/v2\/media?parent=63092"}],"curies":[{"name":"wp","href":"https:\/\/api.w.org\/{rel}","templated":true}]}}