{"id":49121,"date":"2020-10-14T12:55:27","date_gmt":"2020-10-14T10:55:27","guid":{"rendered":"\/territorio-archivo\/el-rum-rum-sera-memorable\/"},"modified":"2023-01-23T14:34:20","modified_gmt":"2023-01-23T12:34:20","slug":"el-rum-rum-sera-memorable","status":"publish","type":"page","link":"https:\/\/ivam.es\/es\/territorio-archivo\/el-rum-rum-sera-memorable\/","title":{"rendered":"El Rum-Rum Ser\u00e0 Memorable"},"content":{"rendered":"\n<div style=\"height:57px\" aria-hidden=\"true\" class=\"wp-block-spacer\"><\/div>\n\n\n\n<h1 class=\"text-left\">L&#8217;IVAM AL TERRITORI<\/h1>\n\n\n\n<figure class=\"wp-block-image alignwide size-large\"><a href=\"\/wp-content\/uploads\/page\/el-rum-rum-sera-memorable\/El-Rum-rum.jpg\"><img loading=\"lazy\" decoding=\"async\" width=\"1024\" height=\"341\" src=\"https:\/\/ivam.es\/wp-content\/uploads\/page\/el-rum-rum-sera-memorable\/El-Rum-rum-1024x341.jpg\" alt=\"\" class=\"wp-image-57798\" srcset=\"https:\/\/ivam.es\/wp-content\/uploads\/page\/el-rum-rum-sera-memorable\/El-Rum-rum-1024x341.jpg 1024w, https:\/\/ivam.es\/wp-content\/uploads\/page\/el-rum-rum-sera-memorable\/El-Rum-rum-300x100.jpg 300w, https:\/\/ivam.es\/wp-content\/uploads\/page\/el-rum-rum-sera-memorable\/El-Rum-rum-768x256.jpg 768w, https:\/\/ivam.es\/wp-content\/uploads\/page\/el-rum-rum-sera-memorable\/El-Rum-rum-280x93.jpg 280w, https:\/\/ivam.es\/wp-content\/uploads\/page\/el-rum-rum-sera-memorable\/El-Rum-rum-467x156.jpg 467w, https:\/\/ivam.es\/wp-content\/uploads\/page\/el-rum-rum-sera-memorable\/El-Rum-rum-231x77.jpg 231w, https:\/\/ivam.es\/wp-content\/uploads\/page\/el-rum-rum-sera-memorable\/El-Rum-rum-500x167.jpg 500w, https:\/\/ivam.es\/wp-content\/uploads\/page\/el-rum-rum-sera-memorable\/El-Rum-rum.jpg 1170w\" sizes=\"auto, (max-width: 1024px) 100vw, 1024px\" \/><\/a><\/figure>\n\n\n\n<div class=\"wp-block-columns alignwide are-vertically-aligned-center edu-archive-links is-layout-flex wp-container-core-columns-is-layout-9d6595d7 wp-block-columns-is-layout-flex\">\n<div class=\"wp-block-column is-vertically-aligned-center is-layout-flow wp-block-column-is-layout-flow\">\n<p class=\"has-text-align-center edu-archive-link\" style=\"font-size:17px\"><a href=\"\/ivam-al-territori\/\" data-type=\"page\" data-id=\"49220\">L&#8217;IVAM al territorio<\/a><\/p>\n<\/div>\n\n\n\n<div class=\"wp-block-column is-vertically-aligned-center is-layout-flow wp-block-column-is-layout-flow\">\n<p class=\"has-text-align-center\" style=\"font-size:17px\"><a href=\"\/es\/territorio-archivo\/el-rum-rum-sera-memorable\/\" data-type=\"URL\" data-id=\"\/es\/territorio-archivo\/el-rum-rum-sera-memorable\/\">El Run-run<\/a><\/p>\n<\/div>\n\n\n\n<div class=\"wp-block-column is-vertically-aligned-center is-layout-flow wp-block-column-is-layout-flow\">\n<p class=\"has-text-align-center\" style=\"font-size:17px\"><a href=\"\/es\/territorio-archivo\/el-rum-rum-sera-memorable\/centres-participants\/\" data-type=\"URL\" data-id=\"\/es\/territorio-archivo\/el-rum-rum-sera-memorable\/centres-participants\/\">Centros participantes<\/a><\/p>\n<\/div>\n\n\n\n<div class=\"wp-block-column is-vertically-aligned-center is-layout-flow wp-block-column-is-layout-flow\">\n<p class=\"has-text-align-center\" style=\"font-size:17px\"><a href=\"\/territori-arxiu\/\">Archivo<\/a><\/p>\n<\/div>\n<\/div>\n\n\n\n<h1 class=\"text-left\">EL RUN-RUN SER\u00c1 MEMORABLE<\/h1>\n\n\n\n<h3 class=\"text-left\">El rum-rum ser\u00e1 memorable es un proyecto de: Massa Salvatge.<\/h3>\n\n\n\n<p><br><br><strong>Massa Salvatge<\/strong> es un colectivo situado en Valencia conformado por Teresa Mata, Lluc Mayol i Alba Oller con el objetivo de generar espacios, acciones, herramientas y proyectos pedag\u00f3gicos desde una dimensi\u00f3n cultural y pol\u00edtica comprometida.<br><br>El colectivo naci\u00f3 en 2019 como asociaci\u00f3n y ahora se conforma como una cooperativa sin \u00e1nimo de lucro. Desde entonces ha bebido de la trayectoria de sus componentes empleando como base el juego, el arte contempor\u00e1neo, la investigaci\u00f3n y la participaci\u00f3n social a trav\u00e9s de diferentes proyectos pedag\u00f3gicos realizados tanto desde el \u00e1mbito de la mediaci\u00f3n art\u00edstica como de la acci\u00f3n social a museos e instituciones p\u00fablicas pero tambi\u00e9n a asociaciones y colectivos de base.<br><br>Desde el origen el colectivo combina la acci\u00f3n comunitaria (vinculada estrechamente al impulso del espacio comunitario de <a href=\"https:\/\/www.lafiguerabenimaclet.org\">La Figuera Benimaclet<\/a>) con la elaboraci\u00f3n de acciones y proyectos por encargo de instituciones y entidades art\u00edsticas y educativas de diversa \u00edndole.<\/p>\n\n\n\n<h2 class=\"text-left\"><\/h2>\n\n\n\n<ul class=\"wp-block-list\"><li><strong>Coordinaci\u00f3n: <\/strong>Irene Ll\u00e0cer, Dpto. Educaci\u00f3n, IVAM.<\/li><li><strong>Informaci\u00f3n:<\/strong> en el correo electr\u00f3nico&nbsp;<a href=\"mailto:educacio@ivam.es\"><u>educacio@ivam.es<\/u><\/a><\/li><\/ul>\n\n\n\n<p><\/p>\n","protected":false},"excerpt":{"rendered":"<p>L&#8217;IVAM AL TERRITORI L&#8217;IVAM al territorio El Run-run Centros participantes Archivo EL RUN-RUN SER\u00c1 MEMORABLE El rum-rum ser\u00e1 memorable es un proyecto de: Massa Salvatge. Massa Salvatge es un colectivo situado en Valencia conformado por Teresa Mata, Lluc Mayol i Alba Oller con el objetivo de generar espacios, acciones, herramientas y proyectos pedag\u00f3gicos desde una [&hellip;]<\/p>\n","protected":false},"author":3,"featured_media":0,"parent":48434,"menu_order":141,"comment_status":"closed","ping_status":"closed","template":"custom-educacion.php","meta":{"footnotes":""},"class_list":["post-49121","page","type-page","status-publish","hentry"],"yoast_head":"<!-- This site is optimized with the Yoast SEO plugin v26.0 - https:\/\/yoast.com\/wordpress\/plugins\/seo\/ -->\n<title>El Rum-Rum Ser\u00e0 Memorable - IVAM<\/title>\n<meta name=\"robots\" content=\"index, follow, max-snippet:-1, max-image-preview:large, max-video-preview:-1\" \/>\n<link rel=\"canonical\" href=\"https:\/\/ivam.es\/es\/territorio-archivo\/el-rum-rum-sera-memorable\/\" \/>\n<meta property=\"og:locale\" content=\"es_ES\" \/>\n<meta property=\"og:type\" content=\"article\" \/>\n<meta property=\"og:title\" content=\"El Rum-Rum Ser\u00e0 Memorable - IVAM\" \/>\n<meta property=\"og:description\" content=\"L&#8217;IVAM AL TERRITORI L&#8217;IVAM al territorio El Run-run Centros participantes Archivo EL RUN-RUN SER\u00c1 MEMORABLE El rum-rum ser\u00e1 memorable es un proyecto de: Massa Salvatge. Massa Salvatge es un colectivo situado en Valencia conformado por Teresa Mata, Lluc Mayol i Alba Oller con el objetivo de generar espacios, acciones, herramientas y proyectos pedag\u00f3gicos desde una [&hellip;]\" \/>\n<meta property=\"og:url\" content=\"https:\/\/ivam.es\/es\/territorio-archivo\/el-rum-rum-sera-memorable\/\" \/>\n<meta property=\"og:site_name\" content=\"IVAM\" \/>\n<meta property=\"article:modified_time\" content=\"2023-01-23T12:34:20+00:00\" \/>\n<meta property=\"og:image\" content=\"https:\/\/ivam.es\/wp-content\/uploads\/page\/el-rum-rum-sera-memorable\/El-Rum-rum.jpg\" \/>\n\t<meta property=\"og:image:width\" content=\"1170\" \/>\n\t<meta property=\"og:image:height\" content=\"390\" \/>\n\t<meta property=\"og:image:type\" content=\"image\/jpeg\" \/>\n<meta name=\"twitter:card\" content=\"summary_large_image\" \/>\n<meta name=\"twitter:label1\" content=\"Tiempo de lectura\" \/>\n\t<meta name=\"twitter:data1\" content=\"1 minuto\" \/>\n<script type=\"application\/ld+json\" class=\"yoast-schema-graph\">{\"@context\":\"https:\/\/schema.org\",\"@graph\":[{\"@type\":\"WebPage\",\"@id\":\"https:\/\/ivam.es\/es\/territorio-archivo\/el-rum-rum-sera-memorable\/\",\"url\":\"https:\/\/ivam.es\/es\/territorio-archivo\/el-rum-rum-sera-memorable\/\",\"name\":\"El Rum-Rum Ser\u00e0 Memorable - IVAM\",\"isPartOf\":{\"@id\":\"https:\/\/ivam.es\/es\/#website\"},\"primaryImageOfPage\":{\"@id\":\"https:\/\/ivam.es\/es\/territorio-archivo\/el-rum-rum-sera-memorable\/#primaryimage\"},\"image\":{\"@id\":\"https:\/\/ivam.es\/es\/territorio-archivo\/el-rum-rum-sera-memorable\/#primaryimage\"},\"thumbnailUrl\":\"https:\/\/ivam.es\/wp-content\/uploads\/page\/el-rum-rum-sera-memorable\/El-Rum-rum-1024x341.jpg\",\"datePublished\":\"2020-10-14T10:55:27+00:00\",\"dateModified\":\"2023-01-23T12:34:20+00:00\",\"breadcrumb\":{\"@id\":\"https:\/\/ivam.es\/es\/territorio-archivo\/el-rum-rum-sera-memorable\/#breadcrumb\"},\"inLanguage\":\"es\",\"potentialAction\":[{\"@type\":\"ReadAction\",\"target\":[\"https:\/\/ivam.es\/es\/territorio-archivo\/el-rum-rum-sera-memorable\/\"]}]},{\"@type\":\"ImageObject\",\"inLanguage\":\"es\",\"@id\":\"https:\/\/ivam.es\/es\/territorio-archivo\/el-rum-rum-sera-memorable\/#primaryimage\",\"url\":\"https:\/\/ivam.es\/wp-content\/uploads\/page\/el-rum-rum-sera-memorable\/El-Rum-rum-1024x341.jpg\",\"contentUrl\":\"https:\/\/ivam.es\/wp-content\/uploads\/page\/el-rum-rum-sera-memorable\/El-Rum-rum-1024x341.jpg\"},{\"@type\":\"BreadcrumbList\",\"@id\":\"https:\/\/ivam.es\/es\/territorio-archivo\/el-rum-rum-sera-memorable\/#breadcrumb\",\"itemListElement\":[{\"@type\":\"ListItem\",\"position\":1,\"name\":\"Home\",\"item\":\"https:\/\/ivam.es\/es\/\"},{\"@type\":\"ListItem\",\"position\":2,\"name\":\"Territorio archivo\",\"item\":\"https:\/\/ivam.es\/es\/territorio-archivo\/\"},{\"@type\":\"ListItem\",\"position\":3,\"name\":\"El Rum-Rum Ser\u00e0 Memorable\"}]},{\"@type\":\"WebSite\",\"@id\":\"https:\/\/ivam.es\/es\/#website\",\"url\":\"https:\/\/ivam.es\/es\/\",\"name\":\"IVAM\",\"description\":\"Institut Valenci\u00e0 d&#039;Art Modern\",\"publisher\":{\"@id\":\"https:\/\/ivam.es\/es\/#organization\"},\"potentialAction\":[{\"@type\":\"SearchAction\",\"target\":{\"@type\":\"EntryPoint\",\"urlTemplate\":\"https:\/\/ivam.es\/es\/?s={search_term_string}\"},\"query-input\":{\"@type\":\"PropertyValueSpecification\",\"valueRequired\":true,\"valueName\":\"search_term_string\"}}],\"inLanguage\":\"es\"},{\"@type\":\"Organization\",\"@id\":\"https:\/\/ivam.es\/es\/#organization\",\"name\":\"IVAM\",\"url\":\"https:\/\/ivam.es\/es\/\",\"logo\":{\"@type\":\"ImageObject\",\"inLanguage\":\"es\",\"@id\":\"https:\/\/ivam.es\/es\/#\/schema\/logo\/image\/\",\"url\":\"https:\/\/ivam.es\/wp-content\/uploads\/logo-ok-512.png\",\"contentUrl\":\"https:\/\/ivam.es\/wp-content\/uploads\/logo-ok-512.png\",\"width\":512,\"height\":512,\"caption\":\"IVAM\"},\"image\":{\"@id\":\"https:\/\/ivam.es\/es\/#\/schema\/logo\/image\/\"}}]}<\/script>\n<!-- \/ Yoast SEO plugin. -->","yoast_head_json":{"title":"El Rum-Rum Ser\u00e0 Memorable - IVAM","robots":{"index":"index","follow":"follow","max-snippet":"max-snippet:-1","max-image-preview":"max-image-preview:large","max-video-preview":"max-video-preview:-1"},"canonical":"https:\/\/ivam.es\/es\/territorio-archivo\/el-rum-rum-sera-memorable\/","og_locale":"es_ES","og_type":"article","og_title":"El Rum-Rum Ser\u00e0 Memorable - IVAM","og_description":"L&#8217;IVAM AL TERRITORI L&#8217;IVAM al territorio El Run-run Centros participantes Archivo EL RUN-RUN SER\u00c1 MEMORABLE El rum-rum ser\u00e1 memorable es un proyecto de: Massa Salvatge. Massa Salvatge es un colectivo situado en Valencia conformado por Teresa Mata, Lluc Mayol i Alba Oller con el objetivo de generar espacios, acciones, herramientas y proyectos pedag\u00f3gicos desde una [&hellip;]","og_url":"https:\/\/ivam.es\/es\/territorio-archivo\/el-rum-rum-sera-memorable\/","og_site_name":"IVAM","article_modified_time":"2023-01-23T12:34:20+00:00","og_image":[{"width":1170,"height":390,"url":"https:\/\/ivam.es\/wp-content\/uploads\/page\/el-rum-rum-sera-memorable\/El-Rum-rum.jpg","type":"image\/jpeg"}],"twitter_card":"summary_large_image","twitter_misc":{"Tiempo de lectura":"1 minuto"},"schema":{"@context":"https:\/\/schema.org","@graph":[{"@type":"WebPage","@id":"https:\/\/ivam.es\/es\/territorio-archivo\/el-rum-rum-sera-memorable\/","url":"https:\/\/ivam.es\/es\/territorio-archivo\/el-rum-rum-sera-memorable\/","name":"El Rum-Rum Ser\u00e0 Memorable - IVAM","isPartOf":{"@id":"https:\/\/ivam.es\/es\/#website"},"primaryImageOfPage":{"@id":"https:\/\/ivam.es\/es\/territorio-archivo\/el-rum-rum-sera-memorable\/#primaryimage"},"image":{"@id":"https:\/\/ivam.es\/es\/territorio-archivo\/el-rum-rum-sera-memorable\/#primaryimage"},"thumbnailUrl":"https:\/\/ivam.es\/wp-content\/uploads\/page\/el-rum-rum-sera-memorable\/El-Rum-rum-1024x341.jpg","datePublished":"2020-10-14T10:55:27+00:00","dateModified":"2023-01-23T12:34:20+00:00","breadcrumb":{"@id":"https:\/\/ivam.es\/es\/territorio-archivo\/el-rum-rum-sera-memorable\/#breadcrumb"},"inLanguage":"es","potentialAction":[{"@type":"ReadAction","target":["https:\/\/ivam.es\/es\/territorio-archivo\/el-rum-rum-sera-memorable\/"]}]},{"@type":"ImageObject","inLanguage":"es","@id":"https:\/\/ivam.es\/es\/territorio-archivo\/el-rum-rum-sera-memorable\/#primaryimage","url":"https:\/\/ivam.es\/wp-content\/uploads\/page\/el-rum-rum-sera-memorable\/El-Rum-rum-1024x341.jpg","contentUrl":"https:\/\/ivam.es\/wp-content\/uploads\/page\/el-rum-rum-sera-memorable\/El-Rum-rum-1024x341.jpg"},{"@type":"BreadcrumbList","@id":"https:\/\/ivam.es\/es\/territorio-archivo\/el-rum-rum-sera-memorable\/#breadcrumb","itemListElement":[{"@type":"ListItem","position":1,"name":"Home","item":"https:\/\/ivam.es\/es\/"},{"@type":"ListItem","position":2,"name":"Territorio archivo","item":"https:\/\/ivam.es\/es\/territorio-archivo\/"},{"@type":"ListItem","position":3,"name":"El Rum-Rum Ser\u00e0 Memorable"}]},{"@type":"WebSite","@id":"https:\/\/ivam.es\/es\/#website","url":"https:\/\/ivam.es\/es\/","name":"IVAM","description":"Institut Valenci\u00e0 d&#039;Art Modern","publisher":{"@id":"https:\/\/ivam.es\/es\/#organization"},"potentialAction":[{"@type":"SearchAction","target":{"@type":"EntryPoint","urlTemplate":"https:\/\/ivam.es\/es\/?s={search_term_string}"},"query-input":{"@type":"PropertyValueSpecification","valueRequired":true,"valueName":"search_term_string"}}],"inLanguage":"es"},{"@type":"Organization","@id":"https:\/\/ivam.es\/es\/#organization","name":"IVAM","url":"https:\/\/ivam.es\/es\/","logo":{"@type":"ImageObject","inLanguage":"es","@id":"https:\/\/ivam.es\/es\/#\/schema\/logo\/image\/","url":"https:\/\/ivam.es\/wp-content\/uploads\/logo-ok-512.png","contentUrl":"https:\/\/ivam.es\/wp-content\/uploads\/logo-ok-512.png","width":512,"height":512,"caption":"IVAM"},"image":{"@id":"https:\/\/ivam.es\/es\/#\/schema\/logo\/image\/"}}]}},"_links":{"self":[{"href":"https:\/\/ivam.es\/es\/wp-json\/wp\/v2\/pages\/49121","targetHints":{"allow":["GET"]}}],"collection":[{"href":"https:\/\/ivam.es\/es\/wp-json\/wp\/v2\/pages"}],"about":[{"href":"https:\/\/ivam.es\/es\/wp-json\/wp\/v2\/types\/page"}],"author":[{"embeddable":true,"href":"https:\/\/ivam.es\/es\/wp-json\/wp\/v2\/users\/3"}],"replies":[{"embeddable":true,"href":"https:\/\/ivam.es\/es\/wp-json\/wp\/v2\/comments?post=49121"}],"version-history":[{"count":26,"href":"https:\/\/ivam.es\/es\/wp-json\/wp\/v2\/pages\/49121\/revisions"}],"predecessor-version":[{"id":75995,"href":"https:\/\/ivam.es\/es\/wp-json\/wp\/v2\/pages\/49121\/revisions\/75995"}],"up":[{"embeddable":true,"href":"https:\/\/ivam.es\/es\/wp-json\/wp\/v2\/pages\/48434"}],"wp:attachment":[{"href":"https:\/\/ivam.es\/es\/wp-json\/wp\/v2\/media?parent=49121"}],"curies":[{"name":"wp","href":"https:\/\/api.w.org\/{rel}","templated":true}]}}