{"id":45371,"date":"2020-04-27T12:15:42","date_gmt":"2020-04-27T10:15:42","guid":{"rendered":"\/?page_id=45371"},"modified":"2020-04-28T07:22:52","modified_gmt":"2020-04-28T05:22:52","slug":"valentina-kulagina","status":"publish","type":"page","link":"https:\/\/ivam.es\/es\/valentina-kulagina\/","title":{"rendered":"VALENTINA KULAGINA"},"content":{"rendered":"<p><a href=\"\/wp-content\/uploads\/page\/valentina-kulagina\/4_VALENTINA-KULAGINA_SIN-TI\u0301TULO_1931.png\"><img loading=\"lazy\" decoding=\"async\" class=\"alignnone wp-image-45450 size-full\" src=\"\/wp-content\/uploads\/page\/valentina-kulagina\/4_VALENTINA-KULAGINA_SIN-TI\u0301TULO_1931.png\" alt=\"VALENTINA KULAGINA\" width=\"1094\" height=\"1508\" srcset=\"https:\/\/ivam.es\/wp-content\/uploads\/page\/valentina-kulagina\/4_VALENTINA-KULAGINA_SIN-TI\u0301TULO_1931.png 1094w, https:\/\/ivam.es\/wp-content\/uploads\/page\/valentina-kulagina\/4_VALENTINA-KULAGINA_SIN-TI\u0301TULO_1931-218x300.png 218w, https:\/\/ivam.es\/wp-content\/uploads\/page\/valentina-kulagina\/4_VALENTINA-KULAGINA_SIN-TI\u0301TULO_1931-743x1024.png 743w, https:\/\/ivam.es\/wp-content\/uploads\/page\/valentina-kulagina\/4_VALENTINA-KULAGINA_SIN-TI\u0301TULO_1931-768x1059.png 768w, https:\/\/ivam.es\/wp-content\/uploads\/page\/valentina-kulagina\/4_VALENTINA-KULAGINA_SIN-TI\u0301TULO_1931-280x386.png 280w, https:\/\/ivam.es\/wp-content\/uploads\/page\/valentina-kulagina\/4_VALENTINA-KULAGINA_SIN-TI\u0301TULO_1931-467x644.png 467w, https:\/\/ivam.es\/wp-content\/uploads\/page\/valentina-kulagina\/4_VALENTINA-KULAGINA_SIN-TI\u0301TULO_1931-231x318.png 231w, https:\/\/ivam.es\/wp-content\/uploads\/page\/valentina-kulagina\/4_VALENTINA-KULAGINA_SIN-TI\u0301TULO_1931-500x689.png 500w\" sizes=\"auto, (max-width: 1094px) 100vw, 1094px\" \/><\/a><\/p>\n<h4>Mujeres trabajadoras-Fortaleced la Brigada de Choque, 1931<br \/>\nHuecograbado<br \/>\n98 x 71 cm<\/h4>\n<p>&nbsp;<\/p>\n<p><strong>Valentina Kulagina (Mosc\u00fa, 1902-1987) <\/strong><\/p>\n<p>En las dos d\u00e9cadas que siguieron a los hechos hist\u00f3ricos de la Revoluci\u00f3n sovi\u00e9tica, entre la experimentaci\u00f3n formal de la primera abstracci\u00f3n y la tutelada producci\u00f3n art\u00edstica del realismo socialista, la fotograf\u00eda y el fotomontaje ocuparon el n\u00facleo central en el desarrollo de los movimientos de vanguardia que alumbr\u00f3 un lenguaje visual in\u00e9dito. Valentina Kulagina particip\u00f3 activamente en los debates y aplicaci\u00f3n de estas nuevas t\u00e9cnicas de comunicaci\u00f3n, cultivando las posibilidades expresivas de la combinaci\u00f3n de fotograf\u00edas y otros recursos de la imprenta y el dise\u00f1o gr\u00e1fico en la realizaci\u00f3n de carteles de gran formato exhibidos en espacios p\u00fablicos como aut\u00e9nticos precursores de las posibilidades innovadoras de los medios de comunicaci\u00f3n de masas.<\/p>\n<p>Tuvo una amplia trayectoria como dise\u00f1adora de carteles y publicaciones y exhibi\u00f3 su trabajo en diversas exposiciones en Rusia y Europa. En 1919 se uni\u00f3 a los estudios de Antoine Pevsner y Vladimir Favorsky en los SVOMAS (escuelas p\u00fablicas de arte) de Mosc\u00fa, donde conoci\u00f3 a su futuro marido, el artista Gustav Klucis. Durante 1920-1921 estudiaron juntos en los VkhUTEMAS o talleres estatales de arte y tecnolog\u00eda. Sus primeros fotomontajes y tipograf\u00eda constructivista fueron expuestos en 1925, destacando por la fuerza y potencia de las im\u00e1genes. En 1928 colabor\u00f3 en la organizaci\u00f3n de la secci\u00f3n sovi\u00e9tica de la exposici\u00f3n <em>Pressa<\/em> en Colonia dedicada a la actualidad del periodismo, y aquel mismo a\u00f1o se convirti\u00f3 en miembro del grupo art\u00edstico Octubre, exhibiendo su trabajo en la exposici\u00f3n colectiva de 1930 en Mosc\u00fa. A finales de los a\u00f1os veinte dise\u00f1\u00f3 y produjo carteles para Izogiz (la editorial estatal para el arte). Mostr\u00f3 su obra en las exposiciones <em>Fotomontaje<\/em> de Berl\u00edn en 1931 y <em>Carteles al servicio del Plan Quinquenal<\/em> de 1932. Sigui\u00f3 mostrando su trabajo en exposiciones en Rusia y a trav\u00e9s de Europa hasta el arresto de su marido en las purgas estalinistas.<\/p>\n<p>El compromiso de esta artista en este per\u00edodo de cambios profundos sociales y culturales la ha convertido en una figura ineludible cuando nos detenemos en la evoluci\u00f3n del fotomontaje y el dise\u00f1o gr\u00e1fico y su capacidad de an\u00e1lisis de la realidad y su trascendencia para la cultura visual implicada en la transformaci\u00f3n de las estructuras pol\u00edticas y sociales. Esta est\u00e9tica del dise\u00f1o productivista se apoy\u00f3 en la consolidaci\u00f3n y diversificaci\u00f3n de la oferta de recursos expresivos en la era de la reproducci\u00f3n mec\u00e1nica que impuls\u00f3 el intercambio de ideas en un clara defensa del poder revelador de las t\u00e9cnicas compositivas del montaje.<\/p>\n<p>En el conjunto de las portadas y carteles de Kulagina, pero tambi\u00e9n en sus dise\u00f1os para exposiciones y ferias, estos m\u00e9todos de movilizaci\u00f3n y concienciaci\u00f3n de masas canalizaron la energ\u00eda en favor de la defensa de tem\u00e1ticas contempor\u00e1neas como la igualdad entre g\u00e9neros y la reivindicaci\u00f3n activa del acceso de la mujer a los nuevos medios de producci\u00f3n, como ilustra este cartel de la colecci\u00f3n del IVAM, que atesora una selecci\u00f3n representativa de obras de esta artista adquiridas en 1995.<\/p>\n<h4>Josep Salvador<br \/>\nConservador<\/h4>\n","protected":false},"excerpt":{"rendered":"<p>Mujeres trabajadoras-Fortaleced la Brigada de Choque, 1931 Huecograbado 98 x 71 cm &nbsp; Valentina Kulagina (Mosc\u00fa, 1902-1987) En las dos d\u00e9cadas que siguieron a los hechos hist\u00f3ricos de la Revoluci\u00f3n sovi\u00e9tica, entre la experimentaci\u00f3n formal de la primera abstracci\u00f3n y la tutelada producci\u00f3n art\u00edstica del realismo socialista, la fotograf\u00eda y el fotomontaje ocuparon el n\u00facleo [&hellip;]<\/p>\n","protected":false},"author":3,"featured_media":0,"parent":0,"menu_order":332,"comment_status":"closed","ping_status":"closed","template":"","meta":{"footnotes":""},"class_list":["post-45371","page","type-page","status-publish","hentry"],"yoast_head":"<!-- This site is optimized with the Yoast SEO plugin v26.0 - https:\/\/yoast.com\/wordpress\/plugins\/seo\/ -->\n<title>VALENTINA KULAGINA - IVAM<\/title>\n<meta name=\"robots\" content=\"index, follow, max-snippet:-1, max-image-preview:large, max-video-preview:-1\" \/>\n<link rel=\"canonical\" href=\"https:\/\/ivam.es\/es\/valentina-kulagina\/\" \/>\n<meta property=\"og:locale\" content=\"es_ES\" \/>\n<meta property=\"og:type\" content=\"article\" \/>\n<meta property=\"og:title\" content=\"VALENTINA KULAGINA - IVAM\" \/>\n<meta property=\"og:description\" content=\"Mujeres trabajadoras-Fortaleced la Brigada de Choque, 1931 Huecograbado 98 x 71 cm &nbsp; Valentina Kulagina (Mosc\u00fa, 1902-1987) En las dos d\u00e9cadas que siguieron a los hechos hist\u00f3ricos de la Revoluci\u00f3n sovi\u00e9tica, entre la experimentaci\u00f3n formal de la primera abstracci\u00f3n y la tutelada producci\u00f3n art\u00edstica del realismo socialista, la fotograf\u00eda y el fotomontaje ocuparon el n\u00facleo [&hellip;]\" \/>\n<meta property=\"og:url\" content=\"https:\/\/ivam.es\/es\/valentina-kulagina\/\" \/>\n<meta property=\"og:site_name\" content=\"IVAM\" \/>\n<meta property=\"article:modified_time\" content=\"2020-04-28T05:22:52+00:00\" \/>\n<meta name=\"twitter:card\" content=\"summary_large_image\" \/>\n<meta name=\"twitter:label1\" content=\"Tiempo de lectura\" \/>\n\t<meta name=\"twitter:data1\" content=\"3 minutos\" \/>\n<script type=\"application\/ld+json\" class=\"yoast-schema-graph\">{\"@context\":\"https:\/\/schema.org\",\"@graph\":[{\"@type\":\"WebPage\",\"@id\":\"https:\/\/ivam.es\/es\/valentina-kulagina\/\",\"url\":\"https:\/\/ivam.es\/es\/valentina-kulagina\/\",\"name\":\"VALENTINA KULAGINA - IVAM\",\"isPartOf\":{\"@id\":\"https:\/\/ivam.es\/es\/#website\"},\"datePublished\":\"2020-04-27T10:15:42+00:00\",\"dateModified\":\"2020-04-28T05:22:52+00:00\",\"breadcrumb\":{\"@id\":\"https:\/\/ivam.es\/es\/valentina-kulagina\/#breadcrumb\"},\"inLanguage\":\"es\",\"potentialAction\":[{\"@type\":\"ReadAction\",\"target\":[\"https:\/\/ivam.es\/es\/valentina-kulagina\/\"]}]},{\"@type\":\"BreadcrumbList\",\"@id\":\"https:\/\/ivam.es\/es\/valentina-kulagina\/#breadcrumb\",\"itemListElement\":[{\"@type\":\"ListItem\",\"position\":1,\"name\":\"Home\",\"item\":\"https:\/\/ivam.es\/es\/\"},{\"@type\":\"ListItem\",\"position\":2,\"name\":\"VALENTINA KULAGINA\"}]},{\"@type\":\"WebSite\",\"@id\":\"https:\/\/ivam.es\/es\/#website\",\"url\":\"https:\/\/ivam.es\/es\/\",\"name\":\"IVAM\",\"description\":\"Institut Valenci\u00e0 d&#039;Art Modern\",\"publisher\":{\"@id\":\"https:\/\/ivam.es\/es\/#organization\"},\"potentialAction\":[{\"@type\":\"SearchAction\",\"target\":{\"@type\":\"EntryPoint\",\"urlTemplate\":\"https:\/\/ivam.es\/es\/?s={search_term_string}\"},\"query-input\":{\"@type\":\"PropertyValueSpecification\",\"valueRequired\":true,\"valueName\":\"search_term_string\"}}],\"inLanguage\":\"es\"},{\"@type\":\"Organization\",\"@id\":\"https:\/\/ivam.es\/es\/#organization\",\"name\":\"IVAM\",\"url\":\"https:\/\/ivam.es\/es\/\",\"logo\":{\"@type\":\"ImageObject\",\"inLanguage\":\"es\",\"@id\":\"https:\/\/ivam.es\/es\/#\/schema\/logo\/image\/\",\"url\":\"https:\/\/ivam.es\/wp-content\/uploads\/logo-ok-512.png\",\"contentUrl\":\"https:\/\/ivam.es\/wp-content\/uploads\/logo-ok-512.png\",\"width\":512,\"height\":512,\"caption\":\"IVAM\"},\"image\":{\"@id\":\"https:\/\/ivam.es\/es\/#\/schema\/logo\/image\/\"}}]}<\/script>\n<!-- \/ Yoast SEO plugin. -->","yoast_head_json":{"title":"VALENTINA KULAGINA - IVAM","robots":{"index":"index","follow":"follow","max-snippet":"max-snippet:-1","max-image-preview":"max-image-preview:large","max-video-preview":"max-video-preview:-1"},"canonical":"https:\/\/ivam.es\/es\/valentina-kulagina\/","og_locale":"es_ES","og_type":"article","og_title":"VALENTINA KULAGINA - IVAM","og_description":"Mujeres trabajadoras-Fortaleced la Brigada de Choque, 1931 Huecograbado 98 x 71 cm &nbsp; Valentina Kulagina (Mosc\u00fa, 1902-1987) En las dos d\u00e9cadas que siguieron a los hechos hist\u00f3ricos de la Revoluci\u00f3n sovi\u00e9tica, entre la experimentaci\u00f3n formal de la primera abstracci\u00f3n y la tutelada producci\u00f3n art\u00edstica del realismo socialista, la fotograf\u00eda y el fotomontaje ocuparon el n\u00facleo [&hellip;]","og_url":"https:\/\/ivam.es\/es\/valentina-kulagina\/","og_site_name":"IVAM","article_modified_time":"2020-04-28T05:22:52+00:00","twitter_card":"summary_large_image","twitter_misc":{"Tiempo de lectura":"3 minutos"},"schema":{"@context":"https:\/\/schema.org","@graph":[{"@type":"WebPage","@id":"https:\/\/ivam.es\/es\/valentina-kulagina\/","url":"https:\/\/ivam.es\/es\/valentina-kulagina\/","name":"VALENTINA KULAGINA - IVAM","isPartOf":{"@id":"https:\/\/ivam.es\/es\/#website"},"datePublished":"2020-04-27T10:15:42+00:00","dateModified":"2020-04-28T05:22:52+00:00","breadcrumb":{"@id":"https:\/\/ivam.es\/es\/valentina-kulagina\/#breadcrumb"},"inLanguage":"es","potentialAction":[{"@type":"ReadAction","target":["https:\/\/ivam.es\/es\/valentina-kulagina\/"]}]},{"@type":"BreadcrumbList","@id":"https:\/\/ivam.es\/es\/valentina-kulagina\/#breadcrumb","itemListElement":[{"@type":"ListItem","position":1,"name":"Home","item":"https:\/\/ivam.es\/es\/"},{"@type":"ListItem","position":2,"name":"VALENTINA KULAGINA"}]},{"@type":"WebSite","@id":"https:\/\/ivam.es\/es\/#website","url":"https:\/\/ivam.es\/es\/","name":"IVAM","description":"Institut Valenci\u00e0 d&#039;Art Modern","publisher":{"@id":"https:\/\/ivam.es\/es\/#organization"},"potentialAction":[{"@type":"SearchAction","target":{"@type":"EntryPoint","urlTemplate":"https:\/\/ivam.es\/es\/?s={search_term_string}"},"query-input":{"@type":"PropertyValueSpecification","valueRequired":true,"valueName":"search_term_string"}}],"inLanguage":"es"},{"@type":"Organization","@id":"https:\/\/ivam.es\/es\/#organization","name":"IVAM","url":"https:\/\/ivam.es\/es\/","logo":{"@type":"ImageObject","inLanguage":"es","@id":"https:\/\/ivam.es\/es\/#\/schema\/logo\/image\/","url":"https:\/\/ivam.es\/wp-content\/uploads\/logo-ok-512.png","contentUrl":"https:\/\/ivam.es\/wp-content\/uploads\/logo-ok-512.png","width":512,"height":512,"caption":"IVAM"},"image":{"@id":"https:\/\/ivam.es\/es\/#\/schema\/logo\/image\/"}}]}},"_links":{"self":[{"href":"https:\/\/ivam.es\/es\/wp-json\/wp\/v2\/pages\/45371","targetHints":{"allow":["GET"]}}],"collection":[{"href":"https:\/\/ivam.es\/es\/wp-json\/wp\/v2\/pages"}],"about":[{"href":"https:\/\/ivam.es\/es\/wp-json\/wp\/v2\/types\/page"}],"author":[{"embeddable":true,"href":"https:\/\/ivam.es\/es\/wp-json\/wp\/v2\/users\/3"}],"replies":[{"embeddable":true,"href":"https:\/\/ivam.es\/es\/wp-json\/wp\/v2\/comments?post=45371"}],"version-history":[{"count":2,"href":"https:\/\/ivam.es\/es\/wp-json\/wp\/v2\/pages\/45371\/revisions"}],"predecessor-version":[{"id":45453,"href":"https:\/\/ivam.es\/es\/wp-json\/wp\/v2\/pages\/45371\/revisions\/45453"}],"wp:attachment":[{"href":"https:\/\/ivam.es\/es\/wp-json\/wp\/v2\/media?parent=45371"}],"curies":[{"name":"wp","href":"https:\/\/api.w.org\/{rel}","templated":true}]}}