{"id":44471,"date":"2020-04-06T15:10:15","date_gmt":"2020-04-06T13:10:15","guid":{"rendered":"\/?page_id=44471"},"modified":"2020-04-06T15:10:15","modified_gmt":"2020-04-06T13:10:15","slug":"publicaciones-y-contracultura-en-valencia","status":"publish","type":"page","link":"https:\/\/ivam.es\/es\/publicaciones-y-contracultura-en-valencia\/","title":{"rendered":"Publicaciones y contracultura en Val\u00e8ncia"},"content":{"rendered":"<p><a href=\"\/wp-content\/uploads\/page\/auto-draft\/FALLA-KING-KONG.jpg\"><img loading=\"lazy\" decoding=\"async\" class=\"alignnone wp-image-44472 size-full\" style=\"width: 100%; height: auto;\" src=\"\/wp-content\/uploads\/page\/auto-draft\/FALLA-KING-KONG.jpg\" alt=\"\" width=\"685\" height=\"960\" srcset=\"https:\/\/ivam.es\/wp-content\/uploads\/page\/auto-draft\/FALLA-KING-KONG.jpg 685w, https:\/\/ivam.es\/wp-content\/uploads\/page\/auto-draft\/FALLA-KING-KONG-214x300.jpg 214w, https:\/\/ivam.es\/wp-content\/uploads\/page\/auto-draft\/FALLA-KING-KONG-280x392.jpg 280w, https:\/\/ivam.es\/wp-content\/uploads\/page\/auto-draft\/FALLA-KING-KONG-467x654.jpg 467w, https:\/\/ivam.es\/wp-content\/uploads\/page\/auto-draft\/FALLA-KING-KONG-231x324.jpg 231w, https:\/\/ivam.es\/wp-content\/uploads\/page\/auto-draft\/FALLA-KING-KONG-500x701.jpg 500w\" sizes=\"auto, (max-width: 685px) 100vw, 685px\" \/><\/a><\/p>\n<h4 class=\"text-left\">Publicaciones y contracultura en Val\u00e8ncia<\/h4>\n<p>&nbsp;<\/p>\n<p style=\"text-align: justify;\">Durante los periodos m\u00e1s convulsos de nuestra modernidad -aquellos en los que acabaron saltando por los aires todas las convenciones morales y sociales- las publicaciones al margen de la industria editorial jugaron un papel determinante en la expansi\u00f3n v\u00edrica de las ideas y de los postulados m\u00e1s radicales. As\u00ed ocurri\u00f3 durante las primeras d\u00e9cadas del siglo XX con la irrupci\u00f3n de las publicaciones de los grup\u00fasculos de vanguardia, y as\u00ed se propag\u00f3 tambi\u00e9n la rebeli\u00f3n juvenil contracultural a partir de finales de los a\u00f1os sesenta. En Espa\u00f1a, y m\u00e1s en concreto en Val\u00e8ncia, el impacto de esta contestaci\u00f3n generacional llegar\u00eda con un peque\u00f1o retraso, y se solapar\u00eda con los importantes cambios sociales y pol\u00edticos que se produjeron en el marco de la lucha contra un franquismo agonizante. En nuestra ciudad, Val\u00e8ncia, el esp\u00edritu de la rebeli\u00f3n pol\u00edtica y contracultural anid\u00f3 muy temprano en una modesta publicaci\u00f3n de bolsillo dedicada al espect\u00e1culo, Cartelera Turia. Creada en 1964, por sus p\u00e1ginas se desplegaron a trav\u00e9s de los a\u00f1os art\u00edculos dedicados al teatro, la m\u00fasica y el cine underground europeo, as\u00ed textos que abordaban la revoluci\u00f3n sexual o la agitaci\u00f3n del movimiento estudiantil, por poner unos pocos ejemplos. Sus portadas, siempre a cargo de artistas, dise\u00f1adores e ilustradores valencianos contestatarios como Equipo Cr\u00f3nica, Miguel Calatayud o Rafa Gassent \u2013entre sus decenas de colaboradores- fueron durante d\u00e9cadas el mejor escaparate de la revuelta cultural de toda una generaci\u00f3n en nuestra ciudad.<\/p>\n<p style=\"text-align: justify;\">El tebeo contracultural de influjo americano y europeo arraig\u00f3 con fuerza en Val\u00e8ncia durante los a\u00f1os setenta, y tuvo la peculiaridad de fusionarse con recursos y tem\u00e1ticas procedentes de la tradici\u00f3n libertaria y sat\u00edrica vern\u00e1cula como las aucas o els llibrets de falla de tiempos de la Rep\u00fablica y, no menos importante, con productos de la cultura de kiosco como la novela polic\u00edaca. Destacables de esta \u00e9poca son algunos tebeos y fanzines autoeditados como El Gat pelat, A Valenciaa, El polvor\u00f3n polvoriento o Els tebeus del Cingle. Este tipo de historieta, que ven\u00eda a subvertir los esquemas morales arraigados en el tebeo franquista, encontrar\u00e1 de nuevo acomodo durante los a\u00f1os noventa en fanzines \u00e1cratas como Kaos, No control, Empalmar de Troya o Masakre, fanzines que mezclaban, en composiciones collage herederas de las baratas ediciones dad\u00e1, historietas con art\u00edculos sobre conciertos de m\u00fasica punk, el movimiento okupa, la liberaci\u00f3n sexual, la antipsiquiatr\u00eda o el consumo de drogas.<\/p>\n<p style=\"text-align: justify;\">De todo ello y mucho m\u00e1s, habla la exposici\u00f3n en el IVAM Contracultura. Resistencia, Utop\u00eda y Provocaci\u00f3n en Val\u00e8ncia.<\/p>\n<p style=\"text-align: justify;\"><strong>Joan Ramon Escriv\u00e0<\/strong><br \/>\n<strong>Conservador<\/strong><\/p>\n","protected":false},"excerpt":{"rendered":"<p>Publicaciones y contracultura en Val\u00e8ncia &nbsp; Durante los periodos m\u00e1s convulsos de nuestra modernidad -aquellos en los que acabaron saltando por los aires todas las convenciones morales y sociales- las publicaciones al margen de la industria editorial jugaron un papel determinante en la expansi\u00f3n v\u00edrica de las ideas y de los postulados m\u00e1s radicales. As\u00ed [&hellip;]<\/p>\n","protected":false},"author":3,"featured_media":0,"parent":0,"menu_order":35,"comment_status":"closed","ping_status":"closed","template":"","meta":{"footnotes":""},"class_list":["post-44471","page","type-page","status-publish","hentry"],"yoast_head":"<!-- This site is optimized with the Yoast SEO plugin v26.0 - https:\/\/yoast.com\/wordpress\/plugins\/seo\/ -->\n<title>Publicaciones y contracultura en Val\u00e8ncia - IVAM<\/title>\n<meta name=\"robots\" content=\"index, follow, max-snippet:-1, max-image-preview:large, max-video-preview:-1\" \/>\n<link rel=\"canonical\" href=\"https:\/\/ivam.es\/es\/publicaciones-y-contracultura-en-valencia\/\" \/>\n<meta property=\"og:locale\" content=\"es_ES\" \/>\n<meta property=\"og:type\" content=\"article\" \/>\n<meta property=\"og:title\" content=\"Publicaciones y contracultura en Val\u00e8ncia - IVAM\" \/>\n<meta property=\"og:description\" content=\"Publicaciones y contracultura en Val\u00e8ncia &nbsp; Durante los periodos m\u00e1s convulsos de nuestra modernidad -aquellos en los que acabaron saltando por los aires todas las convenciones morales y sociales- las publicaciones al margen de la industria editorial jugaron un papel determinante en la expansi\u00f3n v\u00edrica de las ideas y de los postulados m\u00e1s radicales. As\u00ed [&hellip;]\" \/>\n<meta property=\"og:url\" content=\"https:\/\/ivam.es\/es\/publicaciones-y-contracultura-en-valencia\/\" \/>\n<meta property=\"og:site_name\" content=\"IVAM\" \/>\n<meta name=\"twitter:card\" content=\"summary_large_image\" \/>\n<meta name=\"twitter:label1\" content=\"Tiempo de lectura\" \/>\n\t<meta name=\"twitter:data1\" content=\"2 minutos\" \/>\n<script type=\"application\/ld+json\" class=\"yoast-schema-graph\">{\"@context\":\"https:\/\/schema.org\",\"@graph\":[{\"@type\":\"WebPage\",\"@id\":\"https:\/\/ivam.es\/es\/publicaciones-y-contracultura-en-valencia\/\",\"url\":\"https:\/\/ivam.es\/es\/publicaciones-y-contracultura-en-valencia\/\",\"name\":\"Publicaciones y contracultura en Val\u00e8ncia - IVAM\",\"isPartOf\":{\"@id\":\"https:\/\/ivam.es\/es\/#website\"},\"datePublished\":\"2020-04-06T13:10:15+00:00\",\"breadcrumb\":{\"@id\":\"https:\/\/ivam.es\/es\/publicaciones-y-contracultura-en-valencia\/#breadcrumb\"},\"inLanguage\":\"es\",\"potentialAction\":[{\"@type\":\"ReadAction\",\"target\":[\"https:\/\/ivam.es\/es\/publicaciones-y-contracultura-en-valencia\/\"]}]},{\"@type\":\"BreadcrumbList\",\"@id\":\"https:\/\/ivam.es\/es\/publicaciones-y-contracultura-en-valencia\/#breadcrumb\",\"itemListElement\":[{\"@type\":\"ListItem\",\"position\":1,\"name\":\"Home\",\"item\":\"https:\/\/ivam.es\/es\/\"},{\"@type\":\"ListItem\",\"position\":2,\"name\":\"Publicaciones y contracultura en Val\u00e8ncia\"}]},{\"@type\":\"WebSite\",\"@id\":\"https:\/\/ivam.es\/es\/#website\",\"url\":\"https:\/\/ivam.es\/es\/\",\"name\":\"IVAM\",\"description\":\"Institut Valenci\u00e0 d&#039;Art Modern\",\"publisher\":{\"@id\":\"https:\/\/ivam.es\/es\/#organization\"},\"potentialAction\":[{\"@type\":\"SearchAction\",\"target\":{\"@type\":\"EntryPoint\",\"urlTemplate\":\"https:\/\/ivam.es\/es\/?s={search_term_string}\"},\"query-input\":{\"@type\":\"PropertyValueSpecification\",\"valueRequired\":true,\"valueName\":\"search_term_string\"}}],\"inLanguage\":\"es\"},{\"@type\":\"Organization\",\"@id\":\"https:\/\/ivam.es\/es\/#organization\",\"name\":\"IVAM\",\"url\":\"https:\/\/ivam.es\/es\/\",\"logo\":{\"@type\":\"ImageObject\",\"inLanguage\":\"es\",\"@id\":\"https:\/\/ivam.es\/es\/#\/schema\/logo\/image\/\",\"url\":\"https:\/\/ivam.es\/wp-content\/uploads\/logo-ok-512.png\",\"contentUrl\":\"https:\/\/ivam.es\/wp-content\/uploads\/logo-ok-512.png\",\"width\":512,\"height\":512,\"caption\":\"IVAM\"},\"image\":{\"@id\":\"https:\/\/ivam.es\/es\/#\/schema\/logo\/image\/\"}}]}<\/script>\n<!-- \/ Yoast SEO plugin. -->","yoast_head_json":{"title":"Publicaciones y contracultura en Val\u00e8ncia - IVAM","robots":{"index":"index","follow":"follow","max-snippet":"max-snippet:-1","max-image-preview":"max-image-preview:large","max-video-preview":"max-video-preview:-1"},"canonical":"https:\/\/ivam.es\/es\/publicaciones-y-contracultura-en-valencia\/","og_locale":"es_ES","og_type":"article","og_title":"Publicaciones y contracultura en Val\u00e8ncia - IVAM","og_description":"Publicaciones y contracultura en Val\u00e8ncia &nbsp; Durante los periodos m\u00e1s convulsos de nuestra modernidad -aquellos en los que acabaron saltando por los aires todas las convenciones morales y sociales- las publicaciones al margen de la industria editorial jugaron un papel determinante en la expansi\u00f3n v\u00edrica de las ideas y de los postulados m\u00e1s radicales. As\u00ed [&hellip;]","og_url":"https:\/\/ivam.es\/es\/publicaciones-y-contracultura-en-valencia\/","og_site_name":"IVAM","twitter_card":"summary_large_image","twitter_misc":{"Tiempo de lectura":"2 minutos"},"schema":{"@context":"https:\/\/schema.org","@graph":[{"@type":"WebPage","@id":"https:\/\/ivam.es\/es\/publicaciones-y-contracultura-en-valencia\/","url":"https:\/\/ivam.es\/es\/publicaciones-y-contracultura-en-valencia\/","name":"Publicaciones y contracultura en Val\u00e8ncia - IVAM","isPartOf":{"@id":"https:\/\/ivam.es\/es\/#website"},"datePublished":"2020-04-06T13:10:15+00:00","breadcrumb":{"@id":"https:\/\/ivam.es\/es\/publicaciones-y-contracultura-en-valencia\/#breadcrumb"},"inLanguage":"es","potentialAction":[{"@type":"ReadAction","target":["https:\/\/ivam.es\/es\/publicaciones-y-contracultura-en-valencia\/"]}]},{"@type":"BreadcrumbList","@id":"https:\/\/ivam.es\/es\/publicaciones-y-contracultura-en-valencia\/#breadcrumb","itemListElement":[{"@type":"ListItem","position":1,"name":"Home","item":"https:\/\/ivam.es\/es\/"},{"@type":"ListItem","position":2,"name":"Publicaciones y contracultura en Val\u00e8ncia"}]},{"@type":"WebSite","@id":"https:\/\/ivam.es\/es\/#website","url":"https:\/\/ivam.es\/es\/","name":"IVAM","description":"Institut Valenci\u00e0 d&#039;Art Modern","publisher":{"@id":"https:\/\/ivam.es\/es\/#organization"},"potentialAction":[{"@type":"SearchAction","target":{"@type":"EntryPoint","urlTemplate":"https:\/\/ivam.es\/es\/?s={search_term_string}"},"query-input":{"@type":"PropertyValueSpecification","valueRequired":true,"valueName":"search_term_string"}}],"inLanguage":"es"},{"@type":"Organization","@id":"https:\/\/ivam.es\/es\/#organization","name":"IVAM","url":"https:\/\/ivam.es\/es\/","logo":{"@type":"ImageObject","inLanguage":"es","@id":"https:\/\/ivam.es\/es\/#\/schema\/logo\/image\/","url":"https:\/\/ivam.es\/wp-content\/uploads\/logo-ok-512.png","contentUrl":"https:\/\/ivam.es\/wp-content\/uploads\/logo-ok-512.png","width":512,"height":512,"caption":"IVAM"},"image":{"@id":"https:\/\/ivam.es\/es\/#\/schema\/logo\/image\/"}}]}},"_links":{"self":[{"href":"https:\/\/ivam.es\/es\/wp-json\/wp\/v2\/pages\/44471","targetHints":{"allow":["GET"]}}],"collection":[{"href":"https:\/\/ivam.es\/es\/wp-json\/wp\/v2\/pages"}],"about":[{"href":"https:\/\/ivam.es\/es\/wp-json\/wp\/v2\/types\/page"}],"author":[{"embeddable":true,"href":"https:\/\/ivam.es\/es\/wp-json\/wp\/v2\/users\/3"}],"replies":[{"embeddable":true,"href":"https:\/\/ivam.es\/es\/wp-json\/wp\/v2\/comments?post=44471"}],"version-history":[{"count":3,"href":"https:\/\/ivam.es\/es\/wp-json\/wp\/v2\/pages\/44471\/revisions"}],"predecessor-version":[{"id":44512,"href":"https:\/\/ivam.es\/es\/wp-json\/wp\/v2\/pages\/44471\/revisions\/44512"}],"wp:attachment":[{"href":"https:\/\/ivam.es\/es\/wp-json\/wp\/v2\/media?parent=44471"}],"curies":[{"name":"wp","href":"https:\/\/api.w.org\/{rel}","templated":true}]}}