{"id":117036,"date":"2026-07-15T08:06:18","date_gmt":"2026-07-15T06:06:18","guid":{"rendered":"https:\/\/ivam.es\/accessibilitat\/"},"modified":"2026-09-03T07:34:04","modified_gmt":"2026-09-03T05:34:04","slug":"accesibilidad-web","status":"publish","type":"page","link":"https:\/\/ivam.es\/es\/accesibilidad-web\/","title":{"rendered":"Accesibilidad web"},"content":{"rendered":"<p data-path-to-node=\"1\">El Institut Valenci\u00e0 d&#8217;Art Modern (IVAM) se ha comprometido a hacer accesible su sitio web ivam.es de conformidad con el Real Decreto 1112\/2018, de 7 de septiembre, sobre accesibilidad de los sitios web y aplicaciones para dispositivos m\u00f3viles del sector p\u00fablico.<\/p>\n<p data-path-to-node=\"2\">La presente declaraci\u00f3n de accesibilidad se aplica al sitio web oficial <a class=\"ng-star-inserted\" href=\"https:\/\/ivam.es\/es\/\" target=\"_blank\" rel=\"noopener\" data-hveid=\"0\" data-ved=\"0CAAQ_4QMahcKEwiB6byY8OWVAxUAAAAAHQAAAAAQRw\">https:\/\/ivam.es<\/a> y a sus diferentes secciones corporativas, de programaci\u00f3n, exposiciones y fondos documentales.<\/p>\n<h2 class=\"text-left\">Situaci\u00f3n de cumplimiento<\/h2>\n<p data-path-to-node=\"4\">Este sitio web es <b data-path-to-node=\"4\" data-index-in-node=\"18\">parcialmente conforme<\/b> con el Real Decreto 1112\/2018 debido a la falta de conformidad de los aspectos que se indican a continuaci\u00f3n.<\/p>\n<h2 class=\"text-left\">Contenido no accesible<\/h2>\n<p data-path-to-node=\"7\">El contenido que se recoge a continuaci\u00f3n no es accesible por los siguientes motivos:<\/p>\n<h3 class=\"text-left\">Falta de conformidad con el Real Decreto 1112\/2018<\/h3>\n<p data-path-to-node=\"9\">Se han solventado la pr\u00e1ctica totalidad de incidencias cr\u00edticas y autom\u00e1ticas de la plataforma; no obstante, pueden persistir de forma puntual los siguientes aspectos en proceso de revisi\u00f3n continua:<\/p>\n<ul data-path-to-node=\"10\">\n<li>\n<p data-path-to-node=\"10,0,0\"><b data-path-to-node=\"10,0,0\" data-index-in-node=\"0\">Multimedia y v\u00eddeo:<\/b> Existen errores relacionados con los v\u00eddeos, subt\u00edtulos y audiodescripciones y su acceso para todos los usuarios [requisitos n\u00famero 9.1.2.2, 9.1.2.3 y 9.1.2.5 de la UNE-EN 301549:2022].<\/p>\n<\/li>\n<li>\n<p data-path-to-node=\"10,1,0\"><b data-path-to-node=\"10,1,0\" data-index-in-node=\"0\">Estructura y relaciones:<\/b> En alguna p\u00e1gina la informaci\u00f3n, estructura y relaciones no est\u00e1n determinadas por software o no tienen alternativa como texto [requisito n\u00famero 9.1.3.1 de la UNE-EN 301549:2022].<\/p>\n<\/li>\n<li>\n<p data-path-to-node=\"10,2,0\"><b data-path-to-node=\"10,2,0\" data-index-in-node=\"0\">Contenido no textual:<\/b> Algunas im\u00e1genes no est\u00e1n etiquetadas o tienen una alternativa textual gen\u00e9rica [requisito n\u00famero 9.1.1.1 de la norma UNE-EN 301549:2022].<\/p>\n<\/li>\n<li>\n<p data-path-to-node=\"10,3,0\"><b data-path-to-node=\"10,3,0\" data-index-in-node=\"0\">Contraste m\u00ednimo:<\/b> En alguna p\u00e1gina la relaci\u00f3n de contraste en texto podr\u00eda no ser de al menos 4.5:1 [requisito n\u00famero 9.1.4.3 de la norma UNE-EN 301549:2022].<\/p>\n<\/li>\n<li>\n<p data-path-to-node=\"10,4,0\"><b data-path-to-node=\"10,4,0\" data-index-in-node=\"0\">Componentes interactivos:<\/b> En alguna p\u00e1gina los componentes de interfaz de usuario como elementos de formulario, enlaces y componentes generados por script no siguen la estructura recomendada por las pautas de accesibilidad [requisito n\u00famero 9.4.1.2 de la norma UNE-EN 301549:2022].<\/p>\n<\/li>\n<li>\n<p data-path-to-node=\"10,5,0\"><b data-path-to-node=\"10,5,0\" data-index-in-node=\"0\">Etiquetado sem\u00e1ntico:<\/b> Existen errores en el uso de un etiquetado sem\u00e1ntico que refleje la informaci\u00f3n y las relaciones del contenido [requisitos n\u00famero 9.1.3.1 y 9.4.1.2 de UNE-EN 301549:2022].<\/p>\n<\/li>\n<li>\n<p data-path-to-node=\"10,6,0\"><b data-path-to-node=\"10,6,0\" data-index-in-node=\"0\">Formularios:<\/b> Existen formularios donde no se proporcionan etiquetas o instrucciones de forma adecuada [requisito n\u00famero 9.3.3.2 de UNE-EN 301549:2022].<\/p>\n<\/li>\n<li>\n<p data-path-to-node=\"10,7,0\"><b data-path-to-node=\"10,7,0\" data-index-in-node=\"0\">Edici\u00f3n manual:<\/b> Podr\u00edan existir fal<span class=\"citation-370 citation-end-370\">los puntuales de edici\u00f3n en alguna p\u00e1gina web.<\/span><\/p>\n<\/li>\n<li>\n<p data-path-to-node=\"10,8,0\"><span class=\"citation-369 citation-end-369\">Existen documentos descargables en PDF con im\u00e1genes mal etiquetadas [requisito n\u00famero 1.1.1 de UNE-EN 301549:2022].<\/span><\/p>\n<\/li>\n<li>\n<p data-path-to-node=\"10,9,0\"><span class=\"citation-368 citation-end-368\">Existen documentos descargables en PDF que no tienen un lenguaje de marc<\/span>ado correcto [requisito n\u00famero 4.1.1 de UNE-EN 301549:2022].<\/p>\n<\/li>\n<li>\n<p data-path-to-node=\"10,10,0\">En los documentos descargables en PDF existen enlaces mal etiquetados [requisitos n\u00famero 1.3.1, 2.4.4, 3.1.3 y 4.1.2 de UNE-EN 301549:2022].<\/p>\n<\/li>\n<li>\n<p data-path-to-node=\"10,11,0\">En los documentos descargables en PDF pueden existir textos que no cumplen el nivel de contraste m\u00ednimo [requisito n\u00famero 1.4.3 de UNE-EN 301549:2022].<\/p>\n<\/li>\n<li>\n<p data-path-to-node=\"10,12,0\">En los documentos descargables en PDF puede existir un orden del foco que no es correcto [requisito n\u00famero 2.4.3 de UNE-EN 301549:2022].<\/p>\n<\/li>\n<\/ul>\n<p>&nbsp;<\/p>\n<h3 class=\"text-left\">Carga desproporcionada<\/h3>\n<p data-path-to-node=\"12\">No aplica.<\/p>\n<h3 class=\"text-left\">El contenido no entra dentro del \u00e1mbito de la legislaci\u00f3n aplicable<\/h3>\n<p data-path-to-node=\"14\">Existen archivos ofim\u00e1ticos en PDF u otros formatos publicados con anterioridad al 20 de septiembre de 2018 que no cumplen en su totalidad todos los requisitos de accesibilidad. Asimismo, pueden encontrarse en esta situaci\u00f3n contenidos puntuales elaborados por terceros ajenos al organismo.<\/p>\n<h2 class=\"text-left\">Preparaci\u00f3n de la presente declaraci\u00f3n de accesibilidad<\/h2>\n<ul data-path-to-node=\"17\">\n<li>\n<p data-path-to-node=\"17,0,0\"><b data-path-to-node=\"17,0,0\" data-index-in-node=\"0\">Fecha de preparaci\u00f3n:<\/b> 14 de julio de 2026.<\/p>\n<\/li>\n<li>\n<p data-path-to-node=\"17,1,0\"><b data-path-to-node=\"17,1,0\" data-index-in-node=\"0\">M\u00e9todo empleado:<\/b> Autoevaluaci\u00f3n y auditor\u00edas t\u00e9cnicas continuas llevadas a cabo mediante herramientas especializadas de an\u00e1lisis de accesibilidad (WAVE Web Accessibility Evaluation Tool, Axe DevTools, pa11y-ci, IBM Equal Access Accessibility Checker y Unlighthouse).<\/p>\n<\/li>\n<li>\n<p data-path-to-node=\"17,2,0\"><b data-path-to-node=\"17,2,0\" data-index-in-node=\"0\">\u00daltima revisi\u00f3n de la declaraci\u00f3n:<\/b> Julio de 2026.<\/p>\n<\/li>\n<\/ul>\n<p>&nbsp;<\/p>\n<h2 class=\"text-left\">Observaciones y datos de contacto<\/h2>\n<p data-path-to-node=\"20\">Puede realizar comunicaciones sobre requisitos de accesibilidad (art\u00edculo 10.2.a) del Real Decreto 1112\/2018) como, por ejemplo:<\/p>\n<ul data-path-to-node=\"21\">\n<li>\n<p data-path-to-node=\"21,0,0\">Informar sobre cualquier posible incumplimiento por parte de este sitio web.<\/p>\n<\/li>\n<li>\n<p data-path-to-node=\"21,1,0\">Transmitir dificultades de acceso al contenido.<\/p>\n<\/li>\n<li>\n<p data-path-to-node=\"21,2,0\">Formular cualquier otra consulta o sugerencia de mejora relativa a la accesibilidad del sitio web.<\/p>\n<\/li>\n<\/ul>\n<p data-path-to-node=\"22\">A trav\u00e9s de las siguientes v\u00edas:<\/p>\n<ul data-path-to-node=\"23\">\n<li>\n<p data-path-to-node=\"23,0,0\"><b data-path-to-node=\"23,0,0\" data-index-in-node=\"0\">Correo electr\u00f3nico:<\/b> ivam@ivam.es<\/p>\n<\/li>\n<\/ul>\n<p data-path-to-node=\"24\">De acuerdo con el art\u00edculo 10.2.b del Real Decreto 1112\/2018, tambi\u00e9n puedes presentar:<\/p>\n<ul data-path-to-node=\"25\">\n<li>\n<p data-path-to-node=\"25,0,0\">Una queja relativa al cumplimiento de los requisitos del RD 1112\/2018.<\/p>\n<\/li>\n<li>\n<p data-path-to-node=\"25,1,0\">Una solicitud de informaci\u00f3n accesible relativa a:<\/p>\n<ul data-path-to-node=\"25,1,1\">\n<li>\n<p data-path-to-node=\"25,1,1,0,0\">Contenidos que est\u00e1n excluidos del \u00e1mbito de aplicaci\u00f3n del RD 1112\/2018 seg\u00fan lo establecido por el <span class=\"citation-367 citation-end-367\">art\u00edculo 3, apartado 4.<\/span><\/p>\n<\/li>\n<li>\n<p data-path-to-node=\"25,1,1,1,0\"><span class=\"citation-366 citation-end-366\">Contenidos que est\u00e1n exentos del cumplimiento de los requisitos de accesibilidad por imponer una carga desproporcionada.<\/span><\/p>\n<\/li>\n<\/ul>\n<\/li>\n<\/ul>\n<p data-path-to-node=\"26\"><span class=\"citation-365 citation-end-365\">En la Solicitud de informaci\u00f3n accesible, se deben concretar con toda clarid<\/span>ad los hechos, razones y petici\u00f3n que permitan constatar que se trata de una solicitud razonable y leg\u00edtima.<\/p>\n<p data-path-to-node=\"27\">Las solicitudes y quejas deben dirigirse al departamento responsable d<span class=\"citation-364 citation-end-364\">e la gesti\u00f3n y mantenimiento web del IVAM.<\/span><\/p>\n<h2 class=\"text-left\">Procedimiento de aplicaci\u00f3n<\/h2>\n<p data-path-to-node=\"30\"><span class=\"citation-362\">A trav\u00e9s de este procedimiento podr\u00e1 iniciar una reclamaci\u00f3n para conocer y oponerse<\/span><span class=\"citation-360 citation-361 citation-362 citation-end-362\"> a los motivos de la desestimaci\u00f3n de una solicitud de informaci\u00f3n accesible <\/span><span class=\"citation-360 citation-361 citation-end-361\">o queja, instar la adopci\u00f3n de las medidas oportunas en el caso de no estar de acuerdo con la decisi\u00f3n adoptada, o exponer las razones por las que se considera que la respuesta no <\/span><span class=\"citation-360 citation-end-360\">cumple con los requisitos exigi<\/span>dos.<\/p>\n<h2 class=\"text-left\">Contenido de mejora y medidas adoptadas<\/h2>\n<p data-path-to-node=\"33\">El IVAM lleva a cabo revisiones t\u00e9cnicas peri\u00f3dicas tanto de las plantillas de desarrollo como de los contenidos publicados para asegurar el cumplimiento de los requerimientos de accesibilidad de la Norma UNE-EN 301549. Entre las medi<span class=\"citation-358 citation-359 citation-end-359\">das adoptadas en la arquitectura del sitio web destacan:<\/span><\/p>\n<ul data-path-to-node=\"34\">\n<li>\n<p data-path-to-node=\"34,0,0\"><span class=\"citation-356 citation-357 citation-end-357\">Inclusi\u00f3n de textos alternativos (alt) en im\u00e1genes din\u00e1micas mediante sistemas de rescate basados en los t\u00edtulos de las entradas.<\/span><\/p>\n<\/li>\n<li>\n<p data-path-to-node=\"34,1,0\"><span class=\"citation-354 citation-355 citation-end-355\">Estructuraci\u00f3n sem\u00e1nt<\/span><span class=\"citation-354 citation-end-354\">ica rigurosa de la jerarqu\u00eda de encabezados (h1-h3).<\/span><\/p>\n<\/li>\n<li>\n<p data-path-to-node=\"34,2,0\"><span class=\"citation-353 citation-end-353\">Asociaci\u00f3n expl\u00edcita de etiquetas (&lt;label&gt;) en formularios y despliegue de clases optimizadas para l<\/span>ectores de pantalla (.screen-reader-text).<\/p>\n<\/li>\n<li>\n<p data-path-to-node=\"34,3,0\">Uso de puntos de referencia sem\u00e1nticos (&lt;nav&gt;, role=\u00bbsearch\u00bb) y atributos aria-label diferenciados para una navegaci\u00f3n clara en men\u00fas y componentes interactivos.<\/p>\n<\/li>\n<li>\n<p data-path-to-node=\"34,4,0\">Optimizaci\u00f3n de la paleta crom\u00e1tica para garantizar los ratios de contraste exigidos (m\u00ednimo 4.5:1).<\/p>\n<\/li>\n<\/ul>\n","protected":false},"excerpt":{"rendered":"<p>El Institut Valenci\u00e0 d&#8217;Art Modern (IVAM) se ha comprometido a hacer accesible su sitio web ivam.es de conformidad con el Real Decreto 1112\/2018, de 7 de septiembre, sobre accesibilidad de los sitios web y aplicaciones para dispositivos m\u00f3viles del sector p\u00fablico. La presente declaraci\u00f3n de accesibilidad se aplica al sitio web oficial https:\/\/ivam.es y a [&hellip;]<\/p>\n","protected":false},"author":296,"featured_media":0,"parent":0,"menu_order":0,"comment_status":"closed","ping_status":"closed","template":"","meta":{"footnotes":""},"class_list":["post-117036","page","type-page","status-publish","hentry"],"yoast_head":"<!-- This site is optimized with the Yoast SEO plugin v28.0 - https:\/\/yoast.com\/product\/yoast-seo-wordpress\/ -->\n<title>Accesibilidad web - IVAM<\/title>\n<meta name=\"robots\" content=\"index, follow, max-snippet:-1, max-image-preview:large, max-video-preview:-1\" \/>\n<link rel=\"canonical\" href=\"https:\/\/ivam.es\/es\/accesibilidad-web\/\" \/>\n<meta property=\"og:locale\" content=\"es_ES\" \/>\n<meta property=\"og:type\" content=\"article\" \/>\n<meta property=\"og:title\" content=\"Accesibilidad web - IVAM\" \/>\n<meta property=\"og:description\" content=\"El Institut Valenci\u00e0 d&#8217;Art Modern (IVAM) se ha comprometido a hacer accesible su sitio web ivam.es de conformidad con el Real Decreto 1112\/2018, de 7 de septiembre, sobre accesibilidad de los sitios web y aplicaciones para dispositivos m\u00f3viles del sector p\u00fablico. La presente declaraci\u00f3n de accesibilidad se aplica al sitio web oficial https:\/\/ivam.es y a [&hellip;]\" \/>\n<meta property=\"og:url\" content=\"https:\/\/ivam.es\/es\/accesibilidad-web\/\" \/>\n<meta property=\"og:site_name\" content=\"IVAM\" \/>\n<meta property=\"article:modified_time\" content=\"2026-09-03T05:34:04+00:00\" \/>\n<meta name=\"twitter:card\" content=\"summary_large_image\" \/>\n<meta name=\"twitter:label1\" content=\"Tiempo de lectura\" \/>\n\t<meta name=\"twitter:data1\" content=\"6 minutos\" \/>\n<script type=\"application\/ld+json\" class=\"yoast-schema-graph\">{\"@context\":\"https:\\\/\\\/schema.org\",\"@graph\":[{\"@type\":\"WebPage\",\"@id\":\"https:\\\/\\\/ivam.es\\\/es\\\/accesibilidad-web\\\/\",\"url\":\"https:\\\/\\\/ivam.es\\\/es\\\/accesibilidad-web\\\/\",\"name\":\"Accesibilidad web - IVAM\",\"isPartOf\":{\"@id\":\"https:\\\/\\\/ivam.es\\\/es\\\/#website\"},\"datePublished\":\"2026-07-15T06:06:18+00:00\",\"dateModified\":\"2026-09-03T05:34:04+00:00\",\"breadcrumb\":{\"@id\":\"https:\\\/\\\/ivam.es\\\/es\\\/accesibilidad-web\\\/#breadcrumb\"},\"inLanguage\":\"es\",\"potentialAction\":[{\"@type\":\"ReadAction\",\"target\":[\"https:\\\/\\\/ivam.es\\\/es\\\/accesibilidad-web\\\/\"]}]},{\"@type\":\"BreadcrumbList\",\"@id\":\"https:\\\/\\\/ivam.es\\\/es\\\/accesibilidad-web\\\/#breadcrumb\",\"itemListElement\":[{\"@type\":\"ListItem\",\"position\":1,\"name\":\"Home\",\"item\":\"https:\\\/\\\/ivam.es\\\/es\\\/\"},{\"@type\":\"ListItem\",\"position\":2,\"name\":\"Accesibilidad web\"}]},{\"@type\":\"WebSite\",\"@id\":\"https:\\\/\\\/ivam.es\\\/es\\\/#website\",\"url\":\"https:\\\/\\\/ivam.es\\\/es\\\/\",\"name\":\"IVAM\",\"description\":\"Institut Valenci\u00e0 d&#039;Art Modern\",\"publisher\":{\"@id\":\"https:\\\/\\\/ivam.es\\\/es\\\/#organization\"},\"potentialAction\":[{\"@type\":\"SearchAction\",\"target\":{\"@type\":\"EntryPoint\",\"urlTemplate\":\"https:\\\/\\\/ivam.es\\\/es\\\/?s={search_term_string}\"},\"query-input\":{\"@type\":\"PropertyValueSpecification\",\"valueRequired\":true,\"valueName\":\"search_term_string\"}}],\"inLanguage\":\"es\"},{\"@type\":\"Organization\",\"@id\":\"https:\\\/\\\/ivam.es\\\/es\\\/#organization\",\"name\":\"IVAM\",\"url\":\"https:\\\/\\\/ivam.es\\\/es\\\/\",\"logo\":{\"@type\":\"ImageObject\",\"inLanguage\":\"es\",\"@id\":\"https:\\\/\\\/ivam.es\\\/es\\\/#\\\/schema\\\/logo\\\/image\\\/\",\"url\":\"https:\\\/\\\/ivam.es\\\/wp-content\\\/uploads\\\/logo-ok-512.png\",\"contentUrl\":\"https:\\\/\\\/ivam.es\\\/wp-content\\\/uploads\\\/logo-ok-512.png\",\"width\":512,\"height\":512,\"caption\":\"IVAM\"},\"image\":{\"@id\":\"https:\\\/\\\/ivam.es\\\/es\\\/#\\\/schema\\\/logo\\\/image\\\/\"}}]}<\/script>\n<!-- \/ Yoast SEO plugin. -->","yoast_head_json":{"title":"Accesibilidad web - IVAM","robots":{"index":"index","follow":"follow","max-snippet":"max-snippet:-1","max-image-preview":"max-image-preview:large","max-video-preview":"max-video-preview:-1"},"canonical":"https:\/\/ivam.es\/es\/accesibilidad-web\/","og_locale":"es_ES","og_type":"article","og_title":"Accesibilidad web - IVAM","og_description":"El Institut Valenci\u00e0 d&#8217;Art Modern (IVAM) se ha comprometido a hacer accesible su sitio web ivam.es de conformidad con el Real Decreto 1112\/2018, de 7 de septiembre, sobre accesibilidad de los sitios web y aplicaciones para dispositivos m\u00f3viles del sector p\u00fablico. La presente declaraci\u00f3n de accesibilidad se aplica al sitio web oficial https:\/\/ivam.es y a [&hellip;]","og_url":"https:\/\/ivam.es\/es\/accesibilidad-web\/","og_site_name":"IVAM","article_modified_time":"2026-09-03T05:34:04+00:00","twitter_card":"summary_large_image","twitter_misc":{"Tiempo de lectura":"6 minutos"},"schema":{"@context":"https:\/\/schema.org","@graph":[{"@type":"WebPage","@id":"https:\/\/ivam.es\/es\/accesibilidad-web\/","url":"https:\/\/ivam.es\/es\/accesibilidad-web\/","name":"Accesibilidad web - IVAM","isPartOf":{"@id":"https:\/\/ivam.es\/es\/#website"},"datePublished":"2026-07-15T06:06:18+00:00","dateModified":"2026-09-03T05:34:04+00:00","breadcrumb":{"@id":"https:\/\/ivam.es\/es\/accesibilidad-web\/#breadcrumb"},"inLanguage":"es","potentialAction":[{"@type":"ReadAction","target":["https:\/\/ivam.es\/es\/accesibilidad-web\/"]}]},{"@type":"BreadcrumbList","@id":"https:\/\/ivam.es\/es\/accesibilidad-web\/#breadcrumb","itemListElement":[{"@type":"ListItem","position":1,"name":"Home","item":"https:\/\/ivam.es\/es\/"},{"@type":"ListItem","position":2,"name":"Accesibilidad web"}]},{"@type":"WebSite","@id":"https:\/\/ivam.es\/es\/#website","url":"https:\/\/ivam.es\/es\/","name":"IVAM","description":"Institut Valenci\u00e0 d&#039;Art Modern","publisher":{"@id":"https:\/\/ivam.es\/es\/#organization"},"potentialAction":[{"@type":"SearchAction","target":{"@type":"EntryPoint","urlTemplate":"https:\/\/ivam.es\/es\/?s={search_term_string}"},"query-input":{"@type":"PropertyValueSpecification","valueRequired":true,"valueName":"search_term_string"}}],"inLanguage":"es"},{"@type":"Organization","@id":"https:\/\/ivam.es\/es\/#organization","name":"IVAM","url":"https:\/\/ivam.es\/es\/","logo":{"@type":"ImageObject","inLanguage":"es","@id":"https:\/\/ivam.es\/es\/#\/schema\/logo\/image\/","url":"https:\/\/ivam.es\/wp-content\/uploads\/logo-ok-512.png","contentUrl":"https:\/\/ivam.es\/wp-content\/uploads\/logo-ok-512.png","width":512,"height":512,"caption":"IVAM"},"image":{"@id":"https:\/\/ivam.es\/es\/#\/schema\/logo\/image\/"}}]}},"_links":{"self":[{"href":"https:\/\/ivam.es\/es\/wp-json\/wp\/v2\/pages\/117036","targetHints":{"allow":["GET"]}}],"collection":[{"href":"https:\/\/ivam.es\/es\/wp-json\/wp\/v2\/pages"}],"about":[{"href":"https:\/\/ivam.es\/es\/wp-json\/wp\/v2\/types\/page"}],"author":[{"embeddable":true,"href":"https:\/\/ivam.es\/es\/wp-json\/wp\/v2\/users\/296"}],"replies":[{"embeddable":true,"href":"https:\/\/ivam.es\/es\/wp-json\/wp\/v2\/comments?post=117036"}],"version-history":[{"count":10,"href":"https:\/\/ivam.es\/es\/wp-json\/wp\/v2\/pages\/117036\/revisions"}],"predecessor-version":[{"id":117794,"href":"https:\/\/ivam.es\/es\/wp-json\/wp\/v2\/pages\/117036\/revisions\/117794"}],"wp:attachment":[{"href":"https:\/\/ivam.es\/es\/wp-json\/wp\/v2\/media?parent=117036"}],"curies":[{"name":"wp","href":"https:\/\/api.w.org\/{rel}","templated":true}]}}