{"id":73039,"date":"2022-11-08T17:09:58","date_gmt":"2022-11-08T15:09:58","guid":{"rendered":"https:\/\/ivam.es\/?post_type=pac&#038;p=73039"},"modified":"2022-11-15T11:04:09","modified_gmt":"2022-11-15T09:04:09","slug":"blanda-y-peluda","status":"publish","type":"pac","link":"https:\/\/ivam.es\/es\/pac\/blanda-y-peluda\/","title":{"rendered":"Blanda y Peluda"},"content":{"rendered":"\n<h3 class=\"text-left\">Intercambios en el espacio muse\u00edstico<\/h3>\n\n\n\n<figure class=\"wp-block-embed is-type-video is-provider-youtube wp-block-embed-youtube wp-embed-aspect-16-9 wp-has-aspect-ratio\"><div class=\"wp-block-embed__wrapper\">\n<iframe loading=\"lazy\" title=\"REGISTRO BANDA Y PELUDA IVAM 2\" width=\"640\" height=\"360\" src=\"https:\/\/www.youtube.com\/embed\/yuzxmJnTf14?feature=oembed\" frameborder=\"0\" allow=\"accelerometer; autoplay; clipboard-write; encrypted-media; gyroscope; picture-in-picture; web-share\" referrerpolicy=\"strict-origin-when-cross-origin\" allowfullscreen><\/iframe>\n<\/div><\/figure>\n\n\n\n<p><em>Blanda y peluda: intercambios en el espacio muse\u00edstico <\/em>fue una jornada,&nbsp;enmarcada en el Programa d&#8217;Art i Context, que invit\u00f3 a repensar, desde la&nbsp;arquitectura y el dise\u00f1o, la idea de museo y sus espacios en la segunda&nbsp;d\u00e9cada del siglo XXI, sus usos, din\u00e1micas y po\u00e9ticas. La actividad, que tuvo lugar el 28 de septiembre de 2022, tom\u00f3 como inspiraci\u00f3n la referencia que&nbsp;Salvador Dal\u00ed hace en su libro <em>Los cornudos del viejo arte moderno <\/em>(1956) a una conversaci\u00f3n (real o ficticia, \u00bfacaso importa?) que mantuvo con Le&nbsp;Corbusier en torno a su premonitoria visi\u00f3n posmoderna sobre el hecho&nbsp;arquitect\u00f3nico. La jornada invita a poner en cuesti\u00f3n los dispositivos que&nbsp;conforman la realidad hegem\u00f3nica de la instituci\u00f3n que nos acoge y as\u00ed formar&nbsp;parte del proceso y desarrollo de las propuestas de las artistas del Programa&nbsp;en relaci\u00f3n con su exposici\u00f3n final, que tendr\u00e1 lugar en el IVAM. El intercambio&nbsp;de ideas fue mediado por Marina Povedano Revilla con la participaci\u00f3n de&nbsp;Miguel Leiro, TAKK y Pablo Bolumar.<\/p>\n\n\n\n<p><strong>Marina Povedano Revilla <\/strong>(Castell\u00f3n de la Plana, 1989) es graduada en&nbsp;Filosof\u00eda (Universitat de Barcelona) y Arquitectura (Universitat Polit\u00e8cnica de&nbsp;Catalunya), y Master of Science en Critical, Curatorial and Conceptual&nbsp;Practices por GSAPP- Columbia University de Nueva York. Es comisaria y profesora de Teor\u00eda de la Arquitectura en la ETSAB-UPC. Fue asistente de&nbsp;curador\u00eda en el Gugenheim Museum de Nueva York, particip\u00f3 como investigadora curatorial para el Pabell\u00f3n Mexicano de la Bienal de Venecia&nbsp; 2018, y actualmente es curadora en MiAS Architects, donde ha comisariado su&nbsp;reciente exposici\u00f3n en el Centre Pompidou de Par\u00eds.&nbsp;&nbsp;<\/p>\n\n\n\n<p><a href=\"https:\/\/cargocollective.com\/marinapovedano\">https:\/\/cargocollective.com\/marinapovedano<\/a><\/p>\n\n\n\n<p><strong>Miguel Leiro <\/strong>(Santiago de Compostela, 1994) es dise\u00f1ador de producto y comisario. Graduado en Dise\u00f1o Industrial por el Pratt Institute (Nueva York) y&nbsp;Premio de Roma de la Real Academia de Espa\u00f1a en Roma (2017), Leiro reside actualmente en Madrid, donde desarrolla su pr\u00e1ctica. Su trabajo busca&nbsp;comprender los l\u00edmites del proceso de dise\u00f1o y su efecto en los objetos que&nbsp;nos rodean. En 2020 fund\u00f3 Office of Design, una gestora cultural dedicada al&nbsp;avance de la pr\u00e1ctica y producci\u00f3n cultural del dise\u00f1o. Desde Office of Design lidera plataformas como MAYRIT Bienal, una bienal de dise\u00f1o y arquitectura&nbsp;especializada en dise\u00f1o joven y experimental.&nbsp;<\/p>\n\n\n\n<p><a href=\"https:\/\/migueleiro.com\">https:\/\/migueleiro.com<\/a><\/p>\n\n\n\n<p><a href=\"https:\/\/officeofdesign.net\/\">https:\/\/officeofdesign.net\/<\/a><\/p>\n\n\n\n<p><strong>TAKK <\/strong>es un espacio de producci\u00f3n arquitect\u00f3nica fundado por Mireia&nbsp;Luz\u00e1rraga (Madrid, 1981) y Alejandro Mui\u00f1o (Barcelona, 1983) que trabaja en&nbsp;la intersecci\u00f3n entre arquitectura, pol\u00edtica, naturaleza y g\u00e9nero. Sus proyectos,&nbsp;en muchas ocasiones ef\u00edmeros, invitan al pensamiento cr\u00edtico tanto por los&nbsp;materiales o t\u00e9cnicas utilizados como por la incorporaci\u00f3n de retos que la&nbsp;sociedad puede plantear. As\u00ed, en algunos de sus proyectos se pueden observar la incorporaci\u00f3n de la tecnolog\u00eda o cuestiones como la relaci\u00f3n entre especies&nbsp;o el cambio clim\u00e1tico. Desde su fundaci\u00f3n en 2010, han desarrollado proyectos para empresas e instituciones como Vitra, FRAC Centre-Val de Loire, CA2M o&nbsp;Swatch.&nbsp;&nbsp;<\/p>\n\n\n\n<p><a href=\"http:\/\/www.takk-architecture.com\">www.takk-architecture.com&nbsp;<\/a><\/p>\n\n\n\n<p><strong>Pablo Bolumar <\/strong>(Valencia, 1996) es un dise\u00f1ador industrial especializado en iluminaci\u00f3n oscura e instalaciones site-specific. Estudi\u00f3 Ingenier\u00eda del Dise\u00f1o Industrial en la Universitat Polit\u00e8cnica de Val\u00e8ncia, Dise\u00f1o de Producto en la&nbsp;Middlesex University de Londres y el Master de Geo-Design en la Design&nbsp;Academy de Eindhoven. Su trabajo se centra en la transformaci\u00f3n de&nbsp;materiales en piezas de arte funcional a trav\u00e9s del ensamblaje y procesos de&nbsp;peque\u00f1a escala. Su investigaci\u00f3n actual se centra en las ecolog\u00edas materiales y procesos globales como la contaminaci\u00f3n lum\u00ednica.&nbsp;<\/p>\n\n\n\n<p><a href=\"https:\/\/pablobolumar.com\">https:\/\/pablobolumar.com<\/a><\/p>\n\n\n\n<figure class=\"wp-block-video\"><\/figure>\n","protected":false},"featured_media":72958,"template":"","tag_pac":[399,395],"places":[],"cat_pac":[398],"class_list":["post-73039","pac","type-pac","status-publish","has-post-thumbnail","hentry","tag_pac-invitado","tag_pac-palabra","cat_pac-durante"],"yoast_head":"<!-- This site is optimized with the Yoast SEO plugin v26.0 - https:\/\/yoast.com\/wordpress\/plugins\/seo\/ -->\n<title>Blanda y Peluda - IVAM<\/title>\n<meta name=\"robots\" content=\"noindex, follow\" \/>\n<meta property=\"og:locale\" content=\"es_ES\" \/>\n<meta property=\"og:type\" content=\"article\" \/>\n<meta property=\"og:title\" content=\"Blanda y Peluda - IVAM\" \/>\n<meta property=\"og:description\" content=\"Intercambios en el espacio muse\u00edstico Blanda y peluda: intercambios en el espacio muse\u00edstico fue una jornada,&nbsp;enmarcada en el Programa d&#8217;Art i Context, que invit\u00f3 a repensar, desde la&nbsp;arquitectura y el dise\u00f1o, la idea de museo y sus espacios en la segunda&nbsp;d\u00e9cada del siglo XXI, sus usos, din\u00e1micas y po\u00e9ticas. La actividad, que tuvo lugar el [&hellip;]\" \/>\n<meta property=\"og:url\" content=\"https:\/\/ivam.es\/es\/pac\/blanda-y-peluda\/\" \/>\n<meta property=\"og:site_name\" content=\"IVAM\" \/>\n<meta property=\"article:modified_time\" content=\"2022-11-15T09:04:09+00:00\" \/>\n<meta property=\"og:image\" content=\"https:\/\/ivam.es\/wp-content\/uploads\/pac\/planeta-random-laboratorio-de-ficciones-jugadas\/Durante-scaled.jpg\" \/>\n\t<meta property=\"og:image:width\" content=\"2560\" \/>\n\t<meta property=\"og:image:height\" content=\"2560\" \/>\n\t<meta property=\"og:image:type\" content=\"image\/jpeg\" \/>\n<meta name=\"twitter:card\" content=\"summary_large_image\" \/>\n<meta name=\"twitter:label1\" content=\"Tiempo de lectura\" \/>\n\t<meta name=\"twitter:data1\" content=\"3 minutos\" \/>\n<script type=\"application\/ld+json\" class=\"yoast-schema-graph\">{\"@context\":\"https:\/\/schema.org\",\"@graph\":[{\"@type\":\"WebPage\",\"@id\":\"https:\/\/ivam.es\/es\/pac\/blanda-y-peluda\/\",\"url\":\"https:\/\/ivam.es\/es\/pac\/blanda-y-peluda\/\",\"name\":\"Blanda y Peluda - IVAM\",\"isPartOf\":{\"@id\":\"https:\/\/ivam.es\/es\/#website\"},\"primaryImageOfPage\":{\"@id\":\"https:\/\/ivam.es\/es\/pac\/blanda-y-peluda\/#primaryimage\"},\"image\":{\"@id\":\"https:\/\/ivam.es\/es\/pac\/blanda-y-peluda\/#primaryimage\"},\"thumbnailUrl\":\"https:\/\/ivam.es\/wp-content\/uploads\/pac\/planeta-random-laboratorio-de-ficciones-jugadas\/Durante-scaled.jpg\",\"datePublished\":\"2022-11-08T15:09:58+00:00\",\"dateModified\":\"2022-11-15T09:04:09+00:00\",\"breadcrumb\":{\"@id\":\"https:\/\/ivam.es\/es\/pac\/blanda-y-peluda\/#breadcrumb\"},\"inLanguage\":\"es\",\"potentialAction\":[{\"@type\":\"ReadAction\",\"target\":[\"https:\/\/ivam.es\/es\/pac\/blanda-y-peluda\/\"]}]},{\"@type\":\"ImageObject\",\"inLanguage\":\"es\",\"@id\":\"https:\/\/ivam.es\/es\/pac\/blanda-y-peluda\/#primaryimage\",\"url\":\"https:\/\/ivam.es\/wp-content\/uploads\/pac\/planeta-random-laboratorio-de-ficciones-jugadas\/Durante-scaled.jpg\",\"contentUrl\":\"https:\/\/ivam.es\/wp-content\/uploads\/pac\/planeta-random-laboratorio-de-ficciones-jugadas\/Durante-scaled.jpg\",\"width\":2560,\"height\":2560},{\"@type\":\"BreadcrumbList\",\"@id\":\"https:\/\/ivam.es\/es\/pac\/blanda-y-peluda\/#breadcrumb\",\"itemListElement\":[{\"@type\":\"ListItem\",\"position\":1,\"name\":\"Home\",\"item\":\"https:\/\/ivam.es\/es\/\"},{\"@type\":\"ListItem\",\"position\":2,\"name\":\"Blanda y Peluda\"}]},{\"@type\":\"WebSite\",\"@id\":\"https:\/\/ivam.es\/es\/#website\",\"url\":\"https:\/\/ivam.es\/es\/\",\"name\":\"IVAM\",\"description\":\"Institut Valenci\u00e0 d&#039;Art Modern\",\"publisher\":{\"@id\":\"https:\/\/ivam.es\/es\/#organization\"},\"potentialAction\":[{\"@type\":\"SearchAction\",\"target\":{\"@type\":\"EntryPoint\",\"urlTemplate\":\"https:\/\/ivam.es\/es\/?s={search_term_string}\"},\"query-input\":{\"@type\":\"PropertyValueSpecification\",\"valueRequired\":true,\"valueName\":\"search_term_string\"}}],\"inLanguage\":\"es\"},{\"@type\":\"Organization\",\"@id\":\"https:\/\/ivam.es\/es\/#organization\",\"name\":\"IVAM\",\"url\":\"https:\/\/ivam.es\/es\/\",\"logo\":{\"@type\":\"ImageObject\",\"inLanguage\":\"es\",\"@id\":\"https:\/\/ivam.es\/es\/#\/schema\/logo\/image\/\",\"url\":\"https:\/\/ivam.es\/wp-content\/uploads\/logo-ok-512.png\",\"contentUrl\":\"https:\/\/ivam.es\/wp-content\/uploads\/logo-ok-512.png\",\"width\":512,\"height\":512,\"caption\":\"IVAM\"},\"image\":{\"@id\":\"https:\/\/ivam.es\/es\/#\/schema\/logo\/image\/\"}}]}<\/script>\n<!-- \/ Yoast SEO plugin. -->","yoast_head_json":{"title":"Blanda y Peluda - IVAM","robots":{"index":"noindex","follow":"follow"},"og_locale":"es_ES","og_type":"article","og_title":"Blanda y Peluda - IVAM","og_description":"Intercambios en el espacio muse\u00edstico Blanda y peluda: intercambios en el espacio muse\u00edstico fue una jornada,&nbsp;enmarcada en el Programa d&#8217;Art i Context, que invit\u00f3 a repensar, desde la&nbsp;arquitectura y el dise\u00f1o, la idea de museo y sus espacios en la segunda&nbsp;d\u00e9cada del siglo XXI, sus usos, din\u00e1micas y po\u00e9ticas. La actividad, que tuvo lugar el [&hellip;]","og_url":"https:\/\/ivam.es\/es\/pac\/blanda-y-peluda\/","og_site_name":"IVAM","article_modified_time":"2022-11-15T09:04:09+00:00","og_image":[{"width":2560,"height":2560,"url":"https:\/\/ivam.es\/wp-content\/uploads\/pac\/planeta-random-laboratorio-de-ficciones-jugadas\/Durante-scaled.jpg","type":"image\/jpeg"}],"twitter_card":"summary_large_image","twitter_misc":{"Tiempo de lectura":"3 minutos"},"schema":{"@context":"https:\/\/schema.org","@graph":[{"@type":"WebPage","@id":"https:\/\/ivam.es\/es\/pac\/blanda-y-peluda\/","url":"https:\/\/ivam.es\/es\/pac\/blanda-y-peluda\/","name":"Blanda y Peluda - IVAM","isPartOf":{"@id":"https:\/\/ivam.es\/es\/#website"},"primaryImageOfPage":{"@id":"https:\/\/ivam.es\/es\/pac\/blanda-y-peluda\/#primaryimage"},"image":{"@id":"https:\/\/ivam.es\/es\/pac\/blanda-y-peluda\/#primaryimage"},"thumbnailUrl":"https:\/\/ivam.es\/wp-content\/uploads\/pac\/planeta-random-laboratorio-de-ficciones-jugadas\/Durante-scaled.jpg","datePublished":"2022-11-08T15:09:58+00:00","dateModified":"2022-11-15T09:04:09+00:00","breadcrumb":{"@id":"https:\/\/ivam.es\/es\/pac\/blanda-y-peluda\/#breadcrumb"},"inLanguage":"es","potentialAction":[{"@type":"ReadAction","target":["https:\/\/ivam.es\/es\/pac\/blanda-y-peluda\/"]}]},{"@type":"ImageObject","inLanguage":"es","@id":"https:\/\/ivam.es\/es\/pac\/blanda-y-peluda\/#primaryimage","url":"https:\/\/ivam.es\/wp-content\/uploads\/pac\/planeta-random-laboratorio-de-ficciones-jugadas\/Durante-scaled.jpg","contentUrl":"https:\/\/ivam.es\/wp-content\/uploads\/pac\/planeta-random-laboratorio-de-ficciones-jugadas\/Durante-scaled.jpg","width":2560,"height":2560},{"@type":"BreadcrumbList","@id":"https:\/\/ivam.es\/es\/pac\/blanda-y-peluda\/#breadcrumb","itemListElement":[{"@type":"ListItem","position":1,"name":"Home","item":"https:\/\/ivam.es\/es\/"},{"@type":"ListItem","position":2,"name":"Blanda y Peluda"}]},{"@type":"WebSite","@id":"https:\/\/ivam.es\/es\/#website","url":"https:\/\/ivam.es\/es\/","name":"IVAM","description":"Institut Valenci\u00e0 d&#039;Art Modern","publisher":{"@id":"https:\/\/ivam.es\/es\/#organization"},"potentialAction":[{"@type":"SearchAction","target":{"@type":"EntryPoint","urlTemplate":"https:\/\/ivam.es\/es\/?s={search_term_string}"},"query-input":{"@type":"PropertyValueSpecification","valueRequired":true,"valueName":"search_term_string"}}],"inLanguage":"es"},{"@type":"Organization","@id":"https:\/\/ivam.es\/es\/#organization","name":"IVAM","url":"https:\/\/ivam.es\/es\/","logo":{"@type":"ImageObject","inLanguage":"es","@id":"https:\/\/ivam.es\/es\/#\/schema\/logo\/image\/","url":"https:\/\/ivam.es\/wp-content\/uploads\/logo-ok-512.png","contentUrl":"https:\/\/ivam.es\/wp-content\/uploads\/logo-ok-512.png","width":512,"height":512,"caption":"IVAM"},"image":{"@id":"https:\/\/ivam.es\/es\/#\/schema\/logo\/image\/"}}]}},"_links":{"self":[{"href":"https:\/\/ivam.es\/es\/wp-json\/wp\/v2\/pac\/73039","targetHints":{"allow":["GET"]}}],"collection":[{"href":"https:\/\/ivam.es\/es\/wp-json\/wp\/v2\/pac"}],"about":[{"href":"https:\/\/ivam.es\/es\/wp-json\/wp\/v2\/types\/pac"}],"wp:featuredmedia":[{"embeddable":true,"href":"https:\/\/ivam.es\/es\/wp-json\/wp\/v2\/media\/72958"}],"wp:attachment":[{"href":"https:\/\/ivam.es\/es\/wp-json\/wp\/v2\/media?parent=73039"}],"wp:term":[{"taxonomy":"tag_pac","embeddable":true,"href":"https:\/\/ivam.es\/es\/wp-json\/wp\/v2\/tag_pac?post=73039"},{"taxonomy":"places","embeddable":true,"href":"https:\/\/ivam.es\/es\/wp-json\/wp\/v2\/places?post=73039"},{"taxonomy":"cat_pac","embeddable":true,"href":"https:\/\/ivam.es\/es\/wp-json\/wp\/v2\/cat_pac?post=73039"}],"curies":[{"name":"wp","href":"https:\/\/api.w.org\/{rel}","templated":true}]}}