{"id":73000,"date":"2022-11-08T16:34:40","date_gmt":"2022-11-08T14:34:40","guid":{"rendered":"https:\/\/ivam.es\/?post_type=pac&#038;p=73000"},"modified":"2023-05-04T13:30:38","modified_gmt":"2023-05-04T11:30:38","slug":"planeta-ruido-laboratorio-de-ficciones-sonoras","status":"publish","type":"pac","link":"https:\/\/ivam.es\/es\/pac\/planeta-ruido-laboratorio-de-ficciones-sonoras\/","title":{"rendered":"PLANETA RUIDO: Laboratorio de ficciones sonoras"},"content":{"rendered":"\n<h3 class=\"text-left\">Un taller de Elena Sanmart\u00edn, Alejandro Oca\u00f1a y Patricia Ferragud<\/h3>\n\n\n\n<p><em>PLANETA RUIDO: Laboratorio de ficciones sonoras <\/em>es una propuesta enmarcada en&nbsp;la l\u00ednea de educaci\u00f3n y mediaci\u00f3n del Programa d\u2019Art i Context que tuvo lugar del 11 al 15 de julio de 2022 y en la que participaron 15 j\u00f3venes de 13 a 16 a\u00f1os.&nbsp;&nbsp;<\/p>\n\n\n\n<p>A partir del sonido, entendido como uno de los aspectos clave y transversal de las investigaciones de las artistas del Programa d\u2019Art i Context, trabajamos la escucha&nbsp;activa y la experimentaci\u00f3n sonora con el objetivo de construir un relato colaborativo y&nbsp;recorrido sonoro que active y piense el trabajo de las artistas del programa; tratando&nbsp;de imaginar y acompa\u00f1ar la futura exposici\u00f3n y generando un registro del contexto&nbsp;pr\u00f3ximo de las personas participantes.&nbsp;<\/p>\n\n\n\n<p>Durante una semana y mediante diferentes actividades, conversaciones y din\u00e1micas,\u00a0nos ayudamos de micr\u00f3fonos de condensador y el ASMR para escuchar aquello que\u00a0no se escucha, del aplauso para experimentar sonidos colectivos desde nuestros\u00a0cuerpos individuales, de la grabaci\u00f3n de campo y micr\u00f3fonos de contacto como\u00a0herramientas que nos permitieron registrar y archivar el espacio, y de la comunicaci\u00f3n\u00a0interespecie y los sonidos especulativos para generar realidades imaginadas. Todo ello se recoge en una serie de audios que conforman el paisaje sonoro de lo que la futura\u00a0exposici\u00f3n podr\u00eda (o no) ser.\u00a0<br>1. <a href=\"https:\/\/ivam.es\/wp-content\/uploads\/00_intro.m4v\">Intro<\/a><br>2. <a href=\"https:\/\/ivam.es\/wp-content\/uploads\/01_asmr.m4v\">ASMR<\/a><br>3. <a href=\"https:\/\/ivam.es\/wp-content\/uploads\/02_espacio.m4v\">Espacio<\/a><br>4. <a href=\"https:\/\/ivam.es\/wp-content\/uploads\/03_contacto.m4v\">Contacto<\/a><br>5. <a href=\"https:\/\/ivam.es\/wp-content\/uploads\/04_aplauso.m4v\">Aplauso<\/a><br>6. <a href=\"https:\/\/ivam.es\/wp-content\/uploads\/05_fluxus.m4v\">Fluxus<\/a><br>7. <a href=\"https:\/\/ivam.es\/wp-content\/uploads\/06_aislado.m4v\">Aislado<\/a><br>8. <a href=\"https:\/\/ivam.es\/wp-content\/uploads\/07_cancio\u0301n.m4v\">Canci\u00f3n<\/a><\/p>\n\n\n\n<p><em>PLANETA RUIDO: Laboratorio de ficciones sonoras <\/em>fue impartido por Elena&nbsp;Sanmart\u00edn, Patricia Ferragud y Alejandro Oca\u00f1a.<\/p>\n\n\n\n<p><strong>Alejandro Oca\u00f1a <\/strong>es un artista y educador residente en Valencia. Sus proyectos se&nbsp;fundamentan en los eventos colectivos y en las fiestas, as\u00ed como en otras situaciones&nbsp;relacionadas con el ocio. Desarrolla una producci\u00f3n cuyo objetivo principal es la&nbsp;participaci\u00f3n de los dem\u00e1s y el empleo del humor, dando lugar a una sucesi\u00f3n de acciones grupales que intentan ser consideradas como \u201ctonter\u00edas\u201d y\/o \u201cchorradas\u201d.&nbsp; Alejandro Oca\u00f1a es graduado en Bellas Artes por la Universidad Polit\u00e9cnica de&nbsp;Valencia y ha realizado el M\u00e1ster PERMEA: Educaci\u00f3n y Mediaci\u00f3n a trav\u00e9s del Arte&nbsp;por el Consorci de Museus de la Comunitat Valenciana y la Universidad de Valencia.&nbsp;<\/p>\n\n\n\n<p><strong>Patricia Ferragud Noguer\u00f3n <\/strong>es licenciada en Arquitectura por la ETSA de Val\u00e8ncia,&nbsp;Matr\u00edcula de Honor del M\u00e1ster Ciudad y Urbanismo de la UOC y estudios de piano por el Conservatorio Profesional de M\u00fasica de Val\u00e8ncia. En los \u00faltimos a\u00f1os se ha&nbsp;especializado en la investigaci\u00f3n, el an\u00e1lisis y la planificaci\u00f3n estrat\u00e9gica del sector&nbsp;cultural y creativo, formando parte del equipo de Culturalink dentro del \u00e1rea Sociedad\u2013 Cultura\u2013Ciudad. Compagina su inter\u00e9s por la investigaci\u00f3n cultural y urbana con la creaci\u00f3n art\u00edstica y la producci\u00f3n musical como integrante de diversas bandas de&nbsp;m\u00fasica como La Plata, Luz Verdadera o Ediacara, habiendo actuado, desde el a\u00f1o&nbsp; 2016, en multitud de salas y festivales en Espa\u00f1a, Alemania y Argentina, y cuyas composiciones forman parte de la banda sonora de series de televisi\u00f3n como Fari\u00f1a (2018) o La Ruta (2022). Asimismo, se dedica a la mediaci\u00f3n y agitaci\u00f3n cultural a&nbsp;trav\u00e9s de diversas iniciativas y proyectos colaborativos como el sello discogr\u00e1fico&nbsp;Dominio o la organizaci\u00f3n, desde el a\u00f1o 2018, de eventos ligados a la m\u00fasica&nbsp;experimental y la <em>performance<\/em>.&nbsp;<\/p>\n\n\n\n<figure class=\"wp-block-gallery has-nested-images columns-default is-cropped wp-block-gallery-1 is-layout-flex wp-block-gallery-is-layout-flex\">\n<figure class=\"wp-block-image size-large\"><a href=\"https:\/\/ivam.es\/wp-content\/uploads\/pac\/planeta-ruido-laboratorio-de-ficciones-sonoras\/2d53b8f4-422c-4e8d-b8cc-3bce8b447c9d.jpg\"><img loading=\"lazy\" decoding=\"async\" width=\"1024\" height=\"768\" data-id=\"73023\" src=\"https:\/\/ivam.es\/wp-content\/uploads\/pac\/planeta-ruido-laboratorio-de-ficciones-sonoras\/2d53b8f4-422c-4e8d-b8cc-3bce8b447c9d-1024x768.jpg\" alt=\"\" class=\"wp-image-73023\" srcset=\"https:\/\/ivam.es\/wp-content\/uploads\/pac\/planeta-ruido-laboratorio-de-ficciones-sonoras\/2d53b8f4-422c-4e8d-b8cc-3bce8b447c9d-1024x768.jpg 1024w, https:\/\/ivam.es\/wp-content\/uploads\/pac\/planeta-ruido-laboratorio-de-ficciones-sonoras\/2d53b8f4-422c-4e8d-b8cc-3bce8b447c9d-300x225.jpg 300w, https:\/\/ivam.es\/wp-content\/uploads\/pac\/planeta-ruido-laboratorio-de-ficciones-sonoras\/2d53b8f4-422c-4e8d-b8cc-3bce8b447c9d-768x576.jpg 768w, https:\/\/ivam.es\/wp-content\/uploads\/pac\/planeta-ruido-laboratorio-de-ficciones-sonoras\/2d53b8f4-422c-4e8d-b8cc-3bce8b447c9d-1536x1152.jpg 1536w, https:\/\/ivam.es\/wp-content\/uploads\/pac\/planeta-ruido-laboratorio-de-ficciones-sonoras\/2d53b8f4-422c-4e8d-b8cc-3bce8b447c9d-280x210.jpg 280w, https:\/\/ivam.es\/wp-content\/uploads\/pac\/planeta-ruido-laboratorio-de-ficciones-sonoras\/2d53b8f4-422c-4e8d-b8cc-3bce8b447c9d-467x350.jpg 467w, https:\/\/ivam.es\/wp-content\/uploads\/pac\/planeta-ruido-laboratorio-de-ficciones-sonoras\/2d53b8f4-422c-4e8d-b8cc-3bce8b447c9d-231x173.jpg 231w, https:\/\/ivam.es\/wp-content\/uploads\/pac\/planeta-ruido-laboratorio-de-ficciones-sonoras\/2d53b8f4-422c-4e8d-b8cc-3bce8b447c9d-500x375.jpg 500w, https:\/\/ivam.es\/wp-content\/uploads\/pac\/planeta-ruido-laboratorio-de-ficciones-sonoras\/2d53b8f4-422c-4e8d-b8cc-3bce8b447c9d.jpg 2048w\" sizes=\"auto, (max-width: 1024px) 100vw, 1024px\" \/><\/a><\/figure>\n\n\n\n<figure class=\"wp-block-image size-large\"><a href=\"https:\/\/ivam.es\/wp-content\/uploads\/pac\/planeta-ruido-laboratorio-de-ficciones-sonoras\/DSCF9328-scaled.jpg\"><img loading=\"lazy\" decoding=\"async\" width=\"1024\" height=\"683\" data-id=\"73026\" src=\"https:\/\/ivam.es\/wp-content\/uploads\/pac\/planeta-ruido-laboratorio-de-ficciones-sonoras\/DSCF9328-1024x683.jpg\" alt=\"\" class=\"wp-image-73026\" srcset=\"https:\/\/ivam.es\/wp-content\/uploads\/pac\/planeta-ruido-laboratorio-de-ficciones-sonoras\/DSCF9328-1024x683.jpg 1024w, https:\/\/ivam.es\/wp-content\/uploads\/pac\/planeta-ruido-laboratorio-de-ficciones-sonoras\/DSCF9328-300x200.jpg 300w, https:\/\/ivam.es\/wp-content\/uploads\/pac\/planeta-ruido-laboratorio-de-ficciones-sonoras\/DSCF9328-768x512.jpg 768w, https:\/\/ivam.es\/wp-content\/uploads\/pac\/planeta-ruido-laboratorio-de-ficciones-sonoras\/DSCF9328-1536x1024.jpg 1536w, https:\/\/ivam.es\/wp-content\/uploads\/pac\/planeta-ruido-laboratorio-de-ficciones-sonoras\/DSCF9328-2048x1365.jpg 2048w, https:\/\/ivam.es\/wp-content\/uploads\/pac\/planeta-ruido-laboratorio-de-ficciones-sonoras\/DSCF9328-280x187.jpg 280w, https:\/\/ivam.es\/wp-content\/uploads\/pac\/planeta-ruido-laboratorio-de-ficciones-sonoras\/DSCF9328-467x311.jpg 467w, https:\/\/ivam.es\/wp-content\/uploads\/pac\/planeta-ruido-laboratorio-de-ficciones-sonoras\/DSCF9328-231x154.jpg 231w, https:\/\/ivam.es\/wp-content\/uploads\/pac\/planeta-ruido-laboratorio-de-ficciones-sonoras\/DSCF9328-500x333.jpg 500w\" sizes=\"auto, (max-width: 1024px) 100vw, 1024px\" \/><\/a><\/figure>\n\n\n\n<figure class=\"wp-block-image size-large\"><a href=\"https:\/\/ivam.es\/wp-content\/uploads\/pac\/planeta-ruido-laboratorio-de-ficciones-sonoras\/DSCF9341-scaled.jpg\"><img loading=\"lazy\" decoding=\"async\" width=\"1024\" height=\"683\" data-id=\"73028\" src=\"https:\/\/ivam.es\/wp-content\/uploads\/pac\/planeta-ruido-laboratorio-de-ficciones-sonoras\/DSCF9341-1024x683.jpg\" alt=\"\" class=\"wp-image-73028\" srcset=\"https:\/\/ivam.es\/wp-content\/uploads\/pac\/planeta-ruido-laboratorio-de-ficciones-sonoras\/DSCF9341-1024x683.jpg 1024w, https:\/\/ivam.es\/wp-content\/uploads\/pac\/planeta-ruido-laboratorio-de-ficciones-sonoras\/DSCF9341-300x200.jpg 300w, https:\/\/ivam.es\/wp-content\/uploads\/pac\/planeta-ruido-laboratorio-de-ficciones-sonoras\/DSCF9341-768x512.jpg 768w, https:\/\/ivam.es\/wp-content\/uploads\/pac\/planeta-ruido-laboratorio-de-ficciones-sonoras\/DSCF9341-1536x1024.jpg 1536w, https:\/\/ivam.es\/wp-content\/uploads\/pac\/planeta-ruido-laboratorio-de-ficciones-sonoras\/DSCF9341-2048x1365.jpg 2048w, https:\/\/ivam.es\/wp-content\/uploads\/pac\/planeta-ruido-laboratorio-de-ficciones-sonoras\/DSCF9341-280x187.jpg 280w, https:\/\/ivam.es\/wp-content\/uploads\/pac\/planeta-ruido-laboratorio-de-ficciones-sonoras\/DSCF9341-467x311.jpg 467w, https:\/\/ivam.es\/wp-content\/uploads\/pac\/planeta-ruido-laboratorio-de-ficciones-sonoras\/DSCF9341-231x154.jpg 231w, https:\/\/ivam.es\/wp-content\/uploads\/pac\/planeta-ruido-laboratorio-de-ficciones-sonoras\/DSCF9341-500x333.jpg 500w\" sizes=\"auto, (max-width: 1024px) 100vw, 1024px\" \/><\/a><\/figure>\n\n\n\n<figure class=\"wp-block-image size-large\"><a href=\"https:\/\/ivam.es\/wp-content\/uploads\/pac\/planeta-ruido-laboratorio-de-ficciones-sonoras\/DSCF9370-scaled.jpg\"><img loading=\"lazy\" decoding=\"async\" width=\"1024\" height=\"683\" data-id=\"73032\" src=\"https:\/\/ivam.es\/wp-content\/uploads\/pac\/planeta-ruido-laboratorio-de-ficciones-sonoras\/DSCF9370-1024x683.jpg\" alt=\"\" class=\"wp-image-73032\" srcset=\"https:\/\/ivam.es\/wp-content\/uploads\/pac\/planeta-ruido-laboratorio-de-ficciones-sonoras\/DSCF9370-1024x683.jpg 1024w, https:\/\/ivam.es\/wp-content\/uploads\/pac\/planeta-ruido-laboratorio-de-ficciones-sonoras\/DSCF9370-300x200.jpg 300w, https:\/\/ivam.es\/wp-content\/uploads\/pac\/planeta-ruido-laboratorio-de-ficciones-sonoras\/DSCF9370-768x512.jpg 768w, https:\/\/ivam.es\/wp-content\/uploads\/pac\/planeta-ruido-laboratorio-de-ficciones-sonoras\/DSCF9370-1536x1024.jpg 1536w, https:\/\/ivam.es\/wp-content\/uploads\/pac\/planeta-ruido-laboratorio-de-ficciones-sonoras\/DSCF9370-2048x1365.jpg 2048w, https:\/\/ivam.es\/wp-content\/uploads\/pac\/planeta-ruido-laboratorio-de-ficciones-sonoras\/DSCF9370-280x187.jpg 280w, https:\/\/ivam.es\/wp-content\/uploads\/pac\/planeta-ruido-laboratorio-de-ficciones-sonoras\/DSCF9370-467x311.jpg 467w, https:\/\/ivam.es\/wp-content\/uploads\/pac\/planeta-ruido-laboratorio-de-ficciones-sonoras\/DSCF9370-231x154.jpg 231w, https:\/\/ivam.es\/wp-content\/uploads\/pac\/planeta-ruido-laboratorio-de-ficciones-sonoras\/DSCF9370-500x333.jpg 500w\" sizes=\"auto, (max-width: 1024px) 100vw, 1024px\" \/><\/a><\/figure>\n\n\n\n<figure class=\"wp-block-image size-large\"><a href=\"https:\/\/ivam.es\/wp-content\/uploads\/pac\/planeta-ruido-laboratorio-de-ficciones-sonoras\/IMG_1903-scaled.jpg\"><img loading=\"lazy\" decoding=\"async\" width=\"768\" height=\"1024\" data-id=\"73035\" src=\"https:\/\/ivam.es\/wp-content\/uploads\/pac\/planeta-ruido-laboratorio-de-ficciones-sonoras\/IMG_1903-768x1024.jpg\" alt=\"\" class=\"wp-image-73035\" srcset=\"https:\/\/ivam.es\/wp-content\/uploads\/pac\/planeta-ruido-laboratorio-de-ficciones-sonoras\/IMG_1903-768x1024.jpg 768w, https:\/\/ivam.es\/wp-content\/uploads\/pac\/planeta-ruido-laboratorio-de-ficciones-sonoras\/IMG_1903-225x300.jpg 225w, https:\/\/ivam.es\/wp-content\/uploads\/pac\/planeta-ruido-laboratorio-de-ficciones-sonoras\/IMG_1903-1152x1536.jpg 1152w, https:\/\/ivam.es\/wp-content\/uploads\/pac\/planeta-ruido-laboratorio-de-ficciones-sonoras\/IMG_1903-1536x2048.jpg 1536w, https:\/\/ivam.es\/wp-content\/uploads\/pac\/planeta-ruido-laboratorio-de-ficciones-sonoras\/IMG_1903-280x373.jpg 280w, https:\/\/ivam.es\/wp-content\/uploads\/pac\/planeta-ruido-laboratorio-de-ficciones-sonoras\/IMG_1903-467x623.jpg 467w, https:\/\/ivam.es\/wp-content\/uploads\/pac\/planeta-ruido-laboratorio-de-ficciones-sonoras\/IMG_1903-465x620.jpg 465w, https:\/\/ivam.es\/wp-content\/uploads\/pac\/planeta-ruido-laboratorio-de-ficciones-sonoras\/IMG_1903-231x308.jpg 231w, https:\/\/ivam.es\/wp-content\/uploads\/pac\/planeta-ruido-laboratorio-de-ficciones-sonoras\/IMG_1903-500x667.jpg 500w, https:\/\/ivam.es\/wp-content\/uploads\/pac\/planeta-ruido-laboratorio-de-ficciones-sonoras\/IMG_1903-scaled.jpg 1920w\" sizes=\"auto, (max-width: 768px) 100vw, 768px\" \/><\/a><\/figure>\n<\/figure>\n","protected":false},"featured_media":72958,"template":"","tag_pac":[557,556,575],"places":[],"cat_pac":[398],"class_list":["post-73000","pac","type-pac","status-publish","has-post-thumbnail","hentry","tag_pac-educacion","tag_pac-mediacion","tag_pac-sonido","cat_pac-durante"],"yoast_head":"<!-- This site is optimized with the Yoast SEO plugin v26.0 - https:\/\/yoast.com\/wordpress\/plugins\/seo\/ -->\n<title>PLANETA RUIDO: Laboratorio de ficciones sonoras - IVAM<\/title>\n<meta name=\"robots\" content=\"noindex, follow\" \/>\n<meta property=\"og:locale\" content=\"es_ES\" \/>\n<meta property=\"og:type\" content=\"article\" \/>\n<meta property=\"og:title\" content=\"PLANETA RUIDO: Laboratorio de ficciones sonoras - IVAM\" \/>\n<meta property=\"og:description\" content=\"Un taller de Elena Sanmart\u00edn, Alejandro Oca\u00f1a y Patricia Ferragud PLANETA RUIDO: Laboratorio de ficciones sonoras es una propuesta enmarcada en&nbsp;la l\u00ednea de educaci\u00f3n y mediaci\u00f3n del Programa d\u2019Art i Context que tuvo lugar del 11 al 15 de julio de 2022 y en la que participaron 15 j\u00f3venes de 13 a 16 a\u00f1os.&nbsp;&nbsp; A [&hellip;]\" \/>\n<meta property=\"og:url\" content=\"https:\/\/ivam.es\/es\/pac\/planeta-ruido-laboratorio-de-ficciones-sonoras\/\" \/>\n<meta property=\"og:site_name\" content=\"IVAM\" \/>\n<meta property=\"article:modified_time\" content=\"2023-05-04T11:30:38+00:00\" \/>\n<meta property=\"og:image\" content=\"https:\/\/ivam.es\/wp-content\/uploads\/pac\/planeta-random-laboratorio-de-ficciones-jugadas\/Durante-scaled.jpg\" \/>\n\t<meta property=\"og:image:width\" content=\"2560\" \/>\n\t<meta property=\"og:image:height\" content=\"2560\" \/>\n\t<meta property=\"og:image:type\" content=\"image\/jpeg\" \/>\n<meta name=\"twitter:card\" content=\"summary_large_image\" \/>\n<meta name=\"twitter:label1\" content=\"Tiempo de lectura\" \/>\n\t<meta name=\"twitter:data1\" content=\"3 minutos\" \/>\n<script type=\"application\/ld+json\" class=\"yoast-schema-graph\">{\"@context\":\"https:\/\/schema.org\",\"@graph\":[{\"@type\":\"WebPage\",\"@id\":\"https:\/\/ivam.es\/es\/pac\/planeta-ruido-laboratorio-de-ficciones-sonoras\/\",\"url\":\"https:\/\/ivam.es\/es\/pac\/planeta-ruido-laboratorio-de-ficciones-sonoras\/\",\"name\":\"PLANETA RUIDO: Laboratorio de ficciones sonoras - IVAM\",\"isPartOf\":{\"@id\":\"https:\/\/ivam.es\/es\/#website\"},\"primaryImageOfPage\":{\"@id\":\"https:\/\/ivam.es\/es\/pac\/planeta-ruido-laboratorio-de-ficciones-sonoras\/#primaryimage\"},\"image\":{\"@id\":\"https:\/\/ivam.es\/es\/pac\/planeta-ruido-laboratorio-de-ficciones-sonoras\/#primaryimage\"},\"thumbnailUrl\":\"https:\/\/ivam.es\/wp-content\/uploads\/pac\/planeta-random-laboratorio-de-ficciones-jugadas\/Durante-scaled.jpg\",\"datePublished\":\"2022-11-08T14:34:40+00:00\",\"dateModified\":\"2023-05-04T11:30:38+00:00\",\"breadcrumb\":{\"@id\":\"https:\/\/ivam.es\/es\/pac\/planeta-ruido-laboratorio-de-ficciones-sonoras\/#breadcrumb\"},\"inLanguage\":\"es\",\"potentialAction\":[{\"@type\":\"ReadAction\",\"target\":[\"https:\/\/ivam.es\/es\/pac\/planeta-ruido-laboratorio-de-ficciones-sonoras\/\"]}]},{\"@type\":\"ImageObject\",\"inLanguage\":\"es\",\"@id\":\"https:\/\/ivam.es\/es\/pac\/planeta-ruido-laboratorio-de-ficciones-sonoras\/#primaryimage\",\"url\":\"https:\/\/ivam.es\/wp-content\/uploads\/pac\/planeta-random-laboratorio-de-ficciones-jugadas\/Durante-scaled.jpg\",\"contentUrl\":\"https:\/\/ivam.es\/wp-content\/uploads\/pac\/planeta-random-laboratorio-de-ficciones-jugadas\/Durante-scaled.jpg\",\"width\":2560,\"height\":2560},{\"@type\":\"BreadcrumbList\",\"@id\":\"https:\/\/ivam.es\/es\/pac\/planeta-ruido-laboratorio-de-ficciones-sonoras\/#breadcrumb\",\"itemListElement\":[{\"@type\":\"ListItem\",\"position\":1,\"name\":\"Home\",\"item\":\"https:\/\/ivam.es\/es\/\"},{\"@type\":\"ListItem\",\"position\":2,\"name\":\"PLANETA RUIDO: Laboratorio de ficciones sonoras\"}]},{\"@type\":\"WebSite\",\"@id\":\"https:\/\/ivam.es\/es\/#website\",\"url\":\"https:\/\/ivam.es\/es\/\",\"name\":\"IVAM\",\"description\":\"Institut Valenci\u00e0 d&#039;Art Modern\",\"publisher\":{\"@id\":\"https:\/\/ivam.es\/es\/#organization\"},\"potentialAction\":[{\"@type\":\"SearchAction\",\"target\":{\"@type\":\"EntryPoint\",\"urlTemplate\":\"https:\/\/ivam.es\/es\/?s={search_term_string}\"},\"query-input\":{\"@type\":\"PropertyValueSpecification\",\"valueRequired\":true,\"valueName\":\"search_term_string\"}}],\"inLanguage\":\"es\"},{\"@type\":\"Organization\",\"@id\":\"https:\/\/ivam.es\/es\/#organization\",\"name\":\"IVAM\",\"url\":\"https:\/\/ivam.es\/es\/\",\"logo\":{\"@type\":\"ImageObject\",\"inLanguage\":\"es\",\"@id\":\"https:\/\/ivam.es\/es\/#\/schema\/logo\/image\/\",\"url\":\"https:\/\/ivam.es\/wp-content\/uploads\/logo-ok-512.png\",\"contentUrl\":\"https:\/\/ivam.es\/wp-content\/uploads\/logo-ok-512.png\",\"width\":512,\"height\":512,\"caption\":\"IVAM\"},\"image\":{\"@id\":\"https:\/\/ivam.es\/es\/#\/schema\/logo\/image\/\"}}]}<\/script>\n<!-- \/ Yoast SEO plugin. -->","yoast_head_json":{"title":"PLANETA RUIDO: Laboratorio de ficciones sonoras - IVAM","robots":{"index":"noindex","follow":"follow"},"og_locale":"es_ES","og_type":"article","og_title":"PLANETA RUIDO: Laboratorio de ficciones sonoras - IVAM","og_description":"Un taller de Elena Sanmart\u00edn, Alejandro Oca\u00f1a y Patricia Ferragud PLANETA RUIDO: Laboratorio de ficciones sonoras es una propuesta enmarcada en&nbsp;la l\u00ednea de educaci\u00f3n y mediaci\u00f3n del Programa d\u2019Art i Context que tuvo lugar del 11 al 15 de julio de 2022 y en la que participaron 15 j\u00f3venes de 13 a 16 a\u00f1os.&nbsp;&nbsp; A [&hellip;]","og_url":"https:\/\/ivam.es\/es\/pac\/planeta-ruido-laboratorio-de-ficciones-sonoras\/","og_site_name":"IVAM","article_modified_time":"2023-05-04T11:30:38+00:00","og_image":[{"width":2560,"height":2560,"url":"https:\/\/ivam.es\/wp-content\/uploads\/pac\/planeta-random-laboratorio-de-ficciones-jugadas\/Durante-scaled.jpg","type":"image\/jpeg"}],"twitter_card":"summary_large_image","twitter_misc":{"Tiempo de lectura":"3 minutos"},"schema":{"@context":"https:\/\/schema.org","@graph":[{"@type":"WebPage","@id":"https:\/\/ivam.es\/es\/pac\/planeta-ruido-laboratorio-de-ficciones-sonoras\/","url":"https:\/\/ivam.es\/es\/pac\/planeta-ruido-laboratorio-de-ficciones-sonoras\/","name":"PLANETA RUIDO: Laboratorio de ficciones sonoras - IVAM","isPartOf":{"@id":"https:\/\/ivam.es\/es\/#website"},"primaryImageOfPage":{"@id":"https:\/\/ivam.es\/es\/pac\/planeta-ruido-laboratorio-de-ficciones-sonoras\/#primaryimage"},"image":{"@id":"https:\/\/ivam.es\/es\/pac\/planeta-ruido-laboratorio-de-ficciones-sonoras\/#primaryimage"},"thumbnailUrl":"https:\/\/ivam.es\/wp-content\/uploads\/pac\/planeta-random-laboratorio-de-ficciones-jugadas\/Durante-scaled.jpg","datePublished":"2022-11-08T14:34:40+00:00","dateModified":"2023-05-04T11:30:38+00:00","breadcrumb":{"@id":"https:\/\/ivam.es\/es\/pac\/planeta-ruido-laboratorio-de-ficciones-sonoras\/#breadcrumb"},"inLanguage":"es","potentialAction":[{"@type":"ReadAction","target":["https:\/\/ivam.es\/es\/pac\/planeta-ruido-laboratorio-de-ficciones-sonoras\/"]}]},{"@type":"ImageObject","inLanguage":"es","@id":"https:\/\/ivam.es\/es\/pac\/planeta-ruido-laboratorio-de-ficciones-sonoras\/#primaryimage","url":"https:\/\/ivam.es\/wp-content\/uploads\/pac\/planeta-random-laboratorio-de-ficciones-jugadas\/Durante-scaled.jpg","contentUrl":"https:\/\/ivam.es\/wp-content\/uploads\/pac\/planeta-random-laboratorio-de-ficciones-jugadas\/Durante-scaled.jpg","width":2560,"height":2560},{"@type":"BreadcrumbList","@id":"https:\/\/ivam.es\/es\/pac\/planeta-ruido-laboratorio-de-ficciones-sonoras\/#breadcrumb","itemListElement":[{"@type":"ListItem","position":1,"name":"Home","item":"https:\/\/ivam.es\/es\/"},{"@type":"ListItem","position":2,"name":"PLANETA RUIDO: Laboratorio de ficciones sonoras"}]},{"@type":"WebSite","@id":"https:\/\/ivam.es\/es\/#website","url":"https:\/\/ivam.es\/es\/","name":"IVAM","description":"Institut Valenci\u00e0 d&#039;Art Modern","publisher":{"@id":"https:\/\/ivam.es\/es\/#organization"},"potentialAction":[{"@type":"SearchAction","target":{"@type":"EntryPoint","urlTemplate":"https:\/\/ivam.es\/es\/?s={search_term_string}"},"query-input":{"@type":"PropertyValueSpecification","valueRequired":true,"valueName":"search_term_string"}}],"inLanguage":"es"},{"@type":"Organization","@id":"https:\/\/ivam.es\/es\/#organization","name":"IVAM","url":"https:\/\/ivam.es\/es\/","logo":{"@type":"ImageObject","inLanguage":"es","@id":"https:\/\/ivam.es\/es\/#\/schema\/logo\/image\/","url":"https:\/\/ivam.es\/wp-content\/uploads\/logo-ok-512.png","contentUrl":"https:\/\/ivam.es\/wp-content\/uploads\/logo-ok-512.png","width":512,"height":512,"caption":"IVAM"},"image":{"@id":"https:\/\/ivam.es\/es\/#\/schema\/logo\/image\/"}}]}},"_links":{"self":[{"href":"https:\/\/ivam.es\/es\/wp-json\/wp\/v2\/pac\/73000","targetHints":{"allow":["GET"]}}],"collection":[{"href":"https:\/\/ivam.es\/es\/wp-json\/wp\/v2\/pac"}],"about":[{"href":"https:\/\/ivam.es\/es\/wp-json\/wp\/v2\/types\/pac"}],"wp:featuredmedia":[{"embeddable":true,"href":"https:\/\/ivam.es\/es\/wp-json\/wp\/v2\/media\/72958"}],"wp:attachment":[{"href":"https:\/\/ivam.es\/es\/wp-json\/wp\/v2\/media?parent=73000"}],"wp:term":[{"taxonomy":"tag_pac","embeddable":true,"href":"https:\/\/ivam.es\/es\/wp-json\/wp\/v2\/tag_pac?post=73000"},{"taxonomy":"places","embeddable":true,"href":"https:\/\/ivam.es\/es\/wp-json\/wp\/v2\/places?post=73000"},{"taxonomy":"cat_pac","embeddable":true,"href":"https:\/\/ivam.es\/es\/wp-json\/wp\/v2\/cat_pac?post=73000"}],"curies":[{"name":"wp","href":"https:\/\/api.w.org\/{rel}","templated":true}]}}