{"version":"1.0","provider_name":"IVAM","provider_url":"https:\/\/ivam.es\/es\/","title":"Exposiciones | Radical geographics. Rogelio L\u00f3pez Cuenca - IVAM","type":"rich","width":600,"height":338,"html":"<blockquote class=\"wp-embedded-content\" data-secret=\"nr2hl4IiF2\"><a href=\"https:\/\/ivam.es\/es\/multimedia\/exposiciones-radical-geographics-rogelio-lopez-cuenca\/\">Exposiciones | Radical geographics. Rogelio L\u00f3pez Cuenca<\/a><\/blockquote><iframe sandbox=\"allow-scripts\" security=\"restricted\" src=\"https:\/\/ivam.es\/es\/multimedia\/exposiciones-radical-geographics-rogelio-lopez-cuenca\/embed\/#?secret=nr2hl4IiF2\" width=\"600\" height=\"338\" title=\"\u00abExposiciones | Radical geographics. Rogelio L\u00f3pez Cuenca\u00bb \u2014 IVAM\" data-secret=\"nr2hl4IiF2\" frameborder=\"0\" marginwidth=\"0\" marginheight=\"0\" scrolling=\"no\" class=\"wp-embedded-content\"><\/iframe><script>\n\/*! This file is auto-generated *\/\n!function(d,l){\"use strict\";l.querySelector&&d.addEventListener&&\"undefined\"!=typeof URL&&(d.wp=d.wp||{},d.wp.receiveEmbedMessage||(d.wp.receiveEmbedMessage=function(e){var t=e.data;if((t||t.secret||t.message||t.value)&&!\/[^a-zA-Z0-9]\/.test(t.secret)){for(var s,r,n,a=l.querySelectorAll('iframe[data-secret=\"'+t.secret+'\"]'),o=l.querySelectorAll('blockquote[data-secret=\"'+t.secret+'\"]'),c=new RegExp(\"^https?:$\",\"i\"),i=0;i<o.length;i++)o[i].style.display=\"none\";for(i=0;i<a.length;i++)s=a[i],e.source===s.contentWindow&&(s.removeAttribute(\"style\"),\"height\"===t.message?(1e3<(r=parseInt(t.value,10))?r=1e3:~~r<200&&(r=200),s.height=r):\"link\"===t.message&&(r=new URL(s.getAttribute(\"src\")),n=new URL(t.value),c.test(n.protocol))&&n.host===r.host&&l.activeElement===s&&(d.top.location.href=t.value))}},d.addEventListener(\"message\",d.wp.receiveEmbedMessage,!1),l.addEventListener(\"DOMContentLoaded\",function(){for(var e,t,s=l.querySelectorAll(\"iframe.wp-embedded-content\"),r=0;r<s.length;r++)(t=(e=s[r]).getAttribute(\"data-secret\"))||(t=Math.random().toString(36).substring(2,12),e.src+=\"#?secret=\"+t,e.setAttribute(\"data-secret\",t)),e.contentWindow.postMessage({message:\"ready\",secret:t},\"*\")},!1)))}(window,document);\n\/\/# sourceURL=https:\/\/ivam.es\/wp-includes\/js\/wp-embed.min.js\n<\/script>\n","description":"El artista malague\u00f1o nos explica algunas de las claves de esta exposici\u00f3n que re\u00fane una serie de proyectos desarrollados por \u00e9l desde los 90 hasta la actualidad. El m\u00e1s reciente, a\u00fan en proceso, pretende elaborar un \u00abcontramapa\u00bb de la ciudad de Valencia."}