{"version":"1.0","provider_name":"IVAM","provider_url":"https:\/\/ivam.es\/es\/","title":"La Colecci\u00f3n de Arte de Telef\u00f3nica - IVAM","type":"rich","width":600,"height":338,"html":"<blockquote class=\"wp-embedded-content\" data-secret=\"QBgOESOtsE\"><a href=\"https:\/\/ivam.es\/es\/exposiciones\/la-coleccion-de-arte-de-telefonica\/\">La Colecci\u00f3n de Arte de Telef\u00f3nica<\/a><\/blockquote><iframe sandbox=\"allow-scripts\" security=\"restricted\" src=\"https:\/\/ivam.es\/es\/exposiciones\/la-coleccion-de-arte-de-telefonica\/embed\/#?secret=QBgOESOtsE\" width=\"600\" height=\"338\" title=\"\u00abLa Colecci\u00f3n de Arte de Telef\u00f3nica\u00bb \u2014 IVAM\" data-secret=\"QBgOESOtsE\" frameborder=\"0\" marginwidth=\"0\" marginheight=\"0\" scrolling=\"no\" class=\"wp-embedded-content\"><\/iframe><script>\n\/*! This file is auto-generated *\/\n!function(d,l){\"use strict\";l.querySelector&&d.addEventListener&&\"undefined\"!=typeof URL&&(d.wp=d.wp||{},d.wp.receiveEmbedMessage||(d.wp.receiveEmbedMessage=function(e){var t=e.data;if((t||t.secret||t.message||t.value)&&!\/[^a-zA-Z0-9]\/.test(t.secret)){for(var s,r,n,a=l.querySelectorAll('iframe[data-secret=\"'+t.secret+'\"]'),o=l.querySelectorAll('blockquote[data-secret=\"'+t.secret+'\"]'),c=new RegExp(\"^https?:$\",\"i\"),i=0;i<o.length;i++)o[i].style.display=\"none\";for(i=0;i<a.length;i++)s=a[i],e.source===s.contentWindow&&(s.removeAttribute(\"style\"),\"height\"===t.message?(1e3<(r=parseInt(t.value,10))?r=1e3:~~r<200&&(r=200),s.height=r):\"link\"===t.message&&(r=new URL(s.getAttribute(\"src\")),n=new URL(t.value),c.test(n.protocol))&&n.host===r.host&&l.activeElement===s&&(d.top.location.href=t.value))}},d.addEventListener(\"message\",d.wp.receiveEmbedMessage,!1),l.addEventListener(\"DOMContentLoaded\",function(){for(var e,t,s=l.querySelectorAll(\"iframe.wp-embedded-content\"),r=0;r<s.length;r++)(t=(e=s[r]).getAttribute(\"data-secret\"))||(t=Math.random().toString(36).substring(2,12),e.src+=\"#?secret=\"+t,e.setAttribute(\"data-secret\",t)),e.contentWindow.postMessage({message:\"ready\",secret:t},\"*\")},!1)))}(window,document);\n\/\/# sourceURL=https:\/\/ivam.es\/wp-includes\/js\/wp-embed.min.js\n<\/script>\n","description":"Algo m\u00e1s de un a\u00f1o y medio despu\u00e9s de inaugurarse el IVAM (18 de febrero de 1989), tiene lugar la primera exposici\u00f3n de una colecci\u00f3n de arte privada. La Colecci\u00f3n Telef\u00f3nica es un buen ejemplo de aquellas corporaciones que, a lo largo del \u00faltimo tercio del siglo XX, activaron un movimiento de participaci\u00f3n en la [&hellip;]"}