{"version":"1.0","provider_name":"IVAM","provider_url":"https:\/\/ivam.es\/es\/","title":"Isidoro Valc\u00e1rcel Medina. El movimiento de la idea - IVAM","type":"rich","width":600,"height":338,"html":"<blockquote class=\"wp-embedded-content\" data-secret=\"Fk53iukyNL\"><a href=\"https:\/\/ivam.es\/es\/exposiciones\/isidoro-valcarcel-medina-el-movimiento-de-la-idea\/\">Isidoro Valc\u00e1rcel Medina. El movimiento de la idea<\/a><\/blockquote><iframe sandbox=\"allow-scripts\" security=\"restricted\" src=\"https:\/\/ivam.es\/es\/exposiciones\/isidoro-valcarcel-medina-el-movimiento-de-la-idea\/embed\/#?secret=Fk53iukyNL\" width=\"600\" height=\"338\" title=\"\u00abIsidoro Valc\u00e1rcel Medina. El movimiento de la idea\u00bb \u2014 IVAM\" data-secret=\"Fk53iukyNL\" frameborder=\"0\" marginwidth=\"0\" marginheight=\"0\" scrolling=\"no\" class=\"wp-embedded-content\"><\/iframe><script>\n\/*! This file is auto-generated *\/\n!function(d,l){\"use strict\";l.querySelector&&d.addEventListener&&\"undefined\"!=typeof URL&&(d.wp=d.wp||{},d.wp.receiveEmbedMessage||(d.wp.receiveEmbedMessage=function(e){var t=e.data;if((t||t.secret||t.message||t.value)&&!\/[^a-zA-Z0-9]\/.test(t.secret)){for(var s,r,n,a=l.querySelectorAll('iframe[data-secret=\"'+t.secret+'\"]'),o=l.querySelectorAll('blockquote[data-secret=\"'+t.secret+'\"]'),c=new RegExp(\"^https?:$\",\"i\"),i=0;i<o.length;i++)o[i].style.display=\"none\";for(i=0;i<a.length;i++)s=a[i],e.source===s.contentWindow&&(s.removeAttribute(\"style\"),\"height\"===t.message?(1e3<(r=parseInt(t.value,10))?r=1e3:~~r<200&&(r=200),s.height=r):\"link\"===t.message&&(r=new URL(s.getAttribute(\"src\")),n=new URL(t.value),c.test(n.protocol))&&n.host===r.host&&l.activeElement===s&&(d.top.location.href=t.value))}},d.addEventListener(\"message\",d.wp.receiveEmbedMessage,!1),l.addEventListener(\"DOMContentLoaded\",function(){for(var e,t,s=l.querySelectorAll(\"iframe.wp-embedded-content\"),r=0;r<s.length;r++)(t=(e=s[r]).getAttribute(\"data-secret\"))||(t=Math.random().toString(36).substring(2,12),e.src+=\"#?secret=\"+t,e.setAttribute(\"data-secret\",t)),e.contentWindow.postMessage({message:\"ready\",secret:t},\"*\")},!1)))}(window,document);\n\/\/# sourceURL=https:\/\/ivam.es\/wp-includes\/js\/wp-embed.min.js\n<\/script>\n","description":"Isidoro Valc\u00e1rcel Medina (Murcia, 1937) es un referente del arte conceptual en Espa\u00f1a. \u00a0 Ha merecido los m\u00e1s alto galardones concedidos por su labor art\u00edstica, como el Premio Nacional de Artes Pl\u00e1sticas en 2007 o el Premio Vel\u00e1zquez en 2015. La exposici\u00f3n presentada por el IVAM en su Galer\u00eda 3 ofrece la oportunidad de explorar [&hellip;]","thumbnail_url":"https:\/\/ivam.es\/wp-content\/uploads\/newsletter\/invitacion-la-eclosion-de-la-abstraccion\/BSFundacio_ESPmin2.jpg","thumbnail_width":1113,"thumbnail_height":434}