{"version":"1.0","provider_name":"IVAM","provider_url":"https:\/\/ivam.es\/es\/","title":"20 dise\u00f1adores valencianos. Dise\u00f1o industrial y gr\u00e1fico - IVAM","type":"rich","width":600,"height":338,"html":"<blockquote class=\"wp-embedded-content\" data-secret=\"8JPHVvNSlP\"><a href=\"https:\/\/ivam.es\/es\/exposiciones\/20-disenadores-valencianos-diseno-industrial-y-grafico\/\">20 dise\u00f1adores valencianos. Dise\u00f1o industrial y gr\u00e1fico<\/a><\/blockquote><iframe sandbox=\"allow-scripts\" security=\"restricted\" src=\"https:\/\/ivam.es\/es\/exposiciones\/20-disenadores-valencianos-diseno-industrial-y-grafico\/embed\/#?secret=8JPHVvNSlP\" width=\"600\" height=\"338\" title=\"\u00ab20 dise\u00f1adores valencianos. Dise\u00f1o industrial y gr\u00e1fico\u00bb \u2014 IVAM\" data-secret=\"8JPHVvNSlP\" frameborder=\"0\" marginwidth=\"0\" marginheight=\"0\" scrolling=\"no\" class=\"wp-embedded-content\"><\/iframe><script>\n\/*! This file is auto-generated *\/\n!function(d,l){\"use strict\";l.querySelector&&d.addEventListener&&\"undefined\"!=typeof URL&&(d.wp=d.wp||{},d.wp.receiveEmbedMessage||(d.wp.receiveEmbedMessage=function(e){var t=e.data;if((t||t.secret||t.message||t.value)&&!\/[^a-zA-Z0-9]\/.test(t.secret)){for(var s,r,n,a=l.querySelectorAll('iframe[data-secret=\"'+t.secret+'\"]'),o=l.querySelectorAll('blockquote[data-secret=\"'+t.secret+'\"]'),c=new RegExp(\"^https?:$\",\"i\"),i=0;i<o.length;i++)o[i].style.display=\"none\";for(i=0;i<a.length;i++)s=a[i],e.source===s.contentWindow&&(s.removeAttribute(\"style\"),\"height\"===t.message?(1e3<(r=parseInt(t.value,10))?r=1e3:~~r<200&&(r=200),s.height=r):\"link\"===t.message&&(r=new URL(s.getAttribute(\"src\")),n=new URL(t.value),c.test(n.protocol))&&n.host===r.host&&l.activeElement===s&&(d.top.location.href=t.value))}},d.addEventListener(\"message\",d.wp.receiveEmbedMessage,!1),l.addEventListener(\"DOMContentLoaded\",function(){for(var e,t,s=l.querySelectorAll(\"iframe.wp-embedded-content\"),r=0;r<s.length;r++)(t=(e=s[r]).getAttribute(\"data-secret\"))||(t=Math.random().toString(36).substring(2,12),e.src+=\"#?secret=\"+t,e.setAttribute(\"data-secret\",t)),e.contentWindow.postMessage({message:\"ready\",secret:t},\"*\")},!1)))}(window,document);\n\/\/# sourceURL=https:\/\/ivam.es\/wp-includes\/js\/wp-embed.min.js\n<\/script>\n","description":"El dise\u00f1o valenciano ha cobrado relevancia en los \u00faltimos a\u00f1os, de modo mucho m\u00e1s evidente desde mediados de la d\u00e9cada de 1980. La exposici\u00f3n que reflexiona acerca de este mundo creativo pretende dejar constancia de la vitalidad de este tipo de manifestaciones art\u00edsticas. La muestra presenta trabajos de veinte profesionales del dise\u00f1o industrial y gr\u00e1fico, [&hellip;]"}