{"version":"1.0","provider_name":"IVAM","provider_url":"https:\/\/ivam.es\/es\/","title":"Signamos la Colecci\u00f3n del IVAM - IVAM","type":"rich","width":600,"height":338,"html":"<blockquote class=\"wp-embedded-content\" data-secret=\"NCijMMQ4pX\"><a href=\"https:\/\/ivam.es\/es\/educacion\/signamos-la-coleccion-del-ivam-2\/\">Signamos la Colecci\u00f3n del IVAM<\/a><\/blockquote><iframe sandbox=\"allow-scripts\" security=\"restricted\" src=\"https:\/\/ivam.es\/es\/educacion\/signamos-la-coleccion-del-ivam-2\/embed\/#?secret=NCijMMQ4pX\" width=\"600\" height=\"338\" title=\"\u00abSignamos la Colecci\u00f3n del IVAM\u00bb \u2014 IVAM\" data-secret=\"NCijMMQ4pX\" frameborder=\"0\" marginwidth=\"0\" marginheight=\"0\" scrolling=\"no\" class=\"wp-embedded-content\"><\/iframe><script>\n\/*! This file is auto-generated *\/\n!function(d,l){\"use strict\";l.querySelector&&d.addEventListener&&\"undefined\"!=typeof URL&&(d.wp=d.wp||{},d.wp.receiveEmbedMessage||(d.wp.receiveEmbedMessage=function(e){var t=e.data;if((t||t.secret||t.message||t.value)&&!\/[^a-zA-Z0-9]\/.test(t.secret)){for(var s,r,n,a=l.querySelectorAll('iframe[data-secret=\"'+t.secret+'\"]'),o=l.querySelectorAll('blockquote[data-secret=\"'+t.secret+'\"]'),c=new RegExp(\"^https?:$\",\"i\"),i=0;i<o.length;i++)o[i].style.display=\"none\";for(i=0;i<a.length;i++)s=a[i],e.source===s.contentWindow&&(s.removeAttribute(\"style\"),\"height\"===t.message?(1e3<(r=parseInt(t.value,10))?r=1e3:~~r<200&&(r=200),s.height=r):\"link\"===t.message&&(r=new URL(s.getAttribute(\"src\")),n=new URL(t.value),c.test(n.protocol))&&n.host===r.host&&l.activeElement===s&&(d.top.location.href=t.value))}},d.addEventListener(\"message\",d.wp.receiveEmbedMessage,!1),l.addEventListener(\"DOMContentLoaded\",function(){for(var e,t,s=l.querySelectorAll(\"iframe.wp-embedded-content\"),r=0;r<s.length;r++)(t=(e=s[r]).getAttribute(\"data-secret\"))||(t=Math.random().toString(36).substring(2,12),e.src+=\"#?secret=\"+t,e.setAttribute(\"data-secret\",t)),e.contentWindow.postMessage({message:\"ready\",secret:t},\"*\")},!1)))}(window,document);\n\/\/# sourceURL=https:\/\/ivam.es\/wp-includes\/js\/wp-embed.min.js\n<\/script>\n","description":"Bajo el firme prop\u00f3sito de llegar a todos los p\u00fablicos y extender la v\u00eda de accesibilidad del IVAM, presentamos el proyecto\u00a0Signamos la Colecci\u00f3n del IVAM. C\u00e1psulas audiovisuales de las obras maestras del museo para personas sordas. Creado en colaboraci\u00f3n con la\u00a0Federaci\u00f3n de Personas Sordas de la Comunitat Valenciana\u00a0(FESORD C.V.), la pretensi\u00f3n del proyecto es\u00a0acercar el [&hellip;]"}